{"id":3861,"date":"2020-10-22T08:30:54","date_gmt":"2020-10-22T08:30:54","guid":{"rendered":"http:\/\/ppg-foerderverein.de\/?page_id=3861"},"modified":"2022-10-31T10:47:02","modified_gmt":"2022-10-31T10:47:02","slug":"2020-bis-heute","status":"publish","type":"page","link":"http:\/\/ppg-foerderverein.de\/?page_id=3861","title":{"rendered":"2020 &#8211; 2022"},"content":{"rendered":"\r\n<div class=\"wp-block-group\">\r\n<div class=\"wp-block-group__inner-container is-layout-flow wp-block-group-is-layout-flow\">\r\n<h2><span style=\"color: #0000ff;\">2022<\/span><\/h2>\r\n<p>Auch das Schuljahr 2022 wird durch Corona beeinflusst. Veranstaltungen k\u00f6nnen im Herbst\/Winter leider nicht stattfinden, aber zumindest der Pr\u00e4senzunterricht in der Schule ist durchgehend m\u00f6glich. Auch die Mensa ist ge\u00f6ffnet.<\/p>\r\n<p>Ab Fr\u00fchjahr 2022 werden die Vorgaben gelockert. So k\u00f6nnen wieder Klassenfahrten, Probentage, Abschlussball und das Sommerfest stattfinden.\u00a0\u00a0<\/p>\r\n<p><a href=\"http:\/\/ppg-foerderverein.de\/wp-content\/uploads\/2022\/07\/Sommerfest_2022_6-scaled.jpg\"><img loading=\"lazy\" decoding=\"async\" class=\"alignnone size-medium wp-image-4151\" src=\"http:\/\/ppg-foerderverein.de\/wp-content\/uploads\/2022\/07\/Sommerfest_2022_6-300x200.jpg\" alt=\"\" width=\"300\" height=\"200\" srcset=\"http:\/\/ppg-foerderverein.de\/wp-content\/uploads\/2022\/07\/Sommerfest_2022_6-300x200.jpg 300w, http:\/\/ppg-foerderverein.de\/wp-content\/uploads\/2022\/07\/Sommerfest_2022_6-1024x683.jpg 1024w, http:\/\/ppg-foerderverein.de\/wp-content\/uploads\/2022\/07\/Sommerfest_2022_6-768x512.jpg 768w, http:\/\/ppg-foerderverein.de\/wp-content\/uploads\/2022\/07\/Sommerfest_2022_6-1536x1024.jpg 1536w, http:\/\/ppg-foerderverein.de\/wp-content\/uploads\/2022\/07\/Sommerfest_2022_6-2048x1365.jpg 2048w, http:\/\/ppg-foerderverein.de\/wp-content\/uploads\/2022\/07\/Sommerfest_2022_6-624x416.jpg 624w\" sizes=\"auto, (max-width: 300px) 100vw, 300px\" \/><\/a><a href=\"http:\/\/ppg-foerderverein.de\/wp-content\/uploads\/2022\/07\/Sommerfest_2022_7-scaled.jpg\"> \u00a0\u00a0 <img loading=\"lazy\" decoding=\"async\" class=\"alignnone size-medium wp-image-4152\" src=\"http:\/\/ppg-foerderverein.de\/wp-content\/uploads\/2022\/07\/Sommerfest_2022_7-300x200.jpg\" alt=\"\" width=\"300\" height=\"200\" srcset=\"http:\/\/ppg-foerderverein.de\/wp-content\/uploads\/2022\/07\/Sommerfest_2022_7-300x200.jpg 300w, http:\/\/ppg-foerderverein.de\/wp-content\/uploads\/2022\/07\/Sommerfest_2022_7-1024x683.jpg 1024w, http:\/\/ppg-foerderverein.de\/wp-content\/uploads\/2022\/07\/Sommerfest_2022_7-768x512.jpg 768w, http:\/\/ppg-foerderverein.de\/wp-content\/uploads\/2022\/07\/Sommerfest_2022_7-1536x1024.jpg 1536w, http:\/\/ppg-foerderverein.de\/wp-content\/uploads\/2022\/07\/Sommerfest_2022_7-2048x1365.jpg 2048w, http:\/\/ppg-foerderverein.de\/wp-content\/uploads\/2022\/07\/Sommerfest_2022_7-624x416.jpg 624w\" sizes=\"auto, (max-width: 300px) 100vw, 300px\" \/> \u00a0 <\/a><a href=\"http:\/\/ppg-foerderverein.de\/wp-content\/uploads\/2022\/07\/Sommerfest_2022_8-scaled.jpg\"><img loading=\"lazy\" decoding=\"async\" class=\"alignnone size-medium wp-image-4153\" src=\"http:\/\/ppg-foerderverein.de\/wp-content\/uploads\/2022\/07\/Sommerfest_2022_8-300x200.jpg\" alt=\"\" width=\"300\" height=\"200\" srcset=\"http:\/\/ppg-foerderverein.de\/wp-content\/uploads\/2022\/07\/Sommerfest_2022_8-300x200.jpg 300w, http:\/\/ppg-foerderverein.de\/wp-content\/uploads\/2022\/07\/Sommerfest_2022_8-1024x683.jpg 1024w, http:\/\/ppg-foerderverein.de\/wp-content\/uploads\/2022\/07\/Sommerfest_2022_8-768x512.jpg 768w, http:\/\/ppg-foerderverein.de\/wp-content\/uploads\/2022\/07\/Sommerfest_2022_8-1536x1024.jpg 1536w, http:\/\/ppg-foerderverein.de\/wp-content\/uploads\/2022\/07\/Sommerfest_2022_8-2048x1365.jpg 2048w, http:\/\/ppg-foerderverein.de\/wp-content\/uploads\/2022\/07\/Sommerfest_2022_8-624x416.jpg 624w\" sizes=\"auto, (max-width: 300px) 100vw, 300px\" \/><\/a><a href=\"http:\/\/ppg-foerderverein.de\/wp-content\/uploads\/2022\/07\/Sommerfest_2022_7-scaled.jpg\"> \u00a0 <\/a><a href=\"http:\/\/ppg-foerderverein.de\/wp-content\/uploads\/2022\/07\/Sommerfest_2022_9-scaled.jpg\"><img loading=\"lazy\" decoding=\"async\" class=\"alignnone size-medium wp-image-4154\" src=\"http:\/\/ppg-foerderverein.de\/wp-content\/uploads\/2022\/07\/Sommerfest_2022_9-300x200.jpg\" alt=\"\" width=\"300\" height=\"200\" srcset=\"http:\/\/ppg-foerderverein.de\/wp-content\/uploads\/2022\/07\/Sommerfest_2022_9-300x200.jpg 300w, http:\/\/ppg-foerderverein.de\/wp-content\/uploads\/2022\/07\/Sommerfest_2022_9-1024x683.jpg 1024w, http:\/\/ppg-foerderverein.de\/wp-content\/uploads\/2022\/07\/Sommerfest_2022_9-768x512.jpg 768w, http:\/\/ppg-foerderverein.de\/wp-content\/uploads\/2022\/07\/Sommerfest_2022_9-1536x1024.jpg 1536w, http:\/\/ppg-foerderverein.de\/wp-content\/uploads\/2022\/07\/Sommerfest_2022_9-2048x1365.jpg 2048w, http:\/\/ppg-foerderverein.de\/wp-content\/uploads\/2022\/07\/Sommerfest_2022_9-624x416.jpg 624w\" sizes=\"auto, (max-width: 300px) 100vw, 300px\" \/><\/a><a href=\"http:\/\/ppg-foerderverein.de\/wp-content\/uploads\/2022\/07\/Sommerfest_2022_7-scaled.jpg\"> \u00a0\u00a0 <\/a><a href=\"http:\/\/ppg-foerderverein.de\/wp-content\/uploads\/2022\/07\/Sommerfest_2022_4-scaled.jpg\"><img loading=\"lazy\" decoding=\"async\" class=\"alignnone size-medium wp-image-4149\" src=\"http:\/\/ppg-foerderverein.de\/wp-content\/uploads\/2022\/07\/Sommerfest_2022_4-300x200.jpg\" alt=\"\" width=\"300\" height=\"200\" srcset=\"http:\/\/ppg-foerderverein.de\/wp-content\/uploads\/2022\/07\/Sommerfest_2022_4-300x200.jpg 300w, http:\/\/ppg-foerderverein.de\/wp-content\/uploads\/2022\/07\/Sommerfest_2022_4-1024x683.jpg 1024w, http:\/\/ppg-foerderverein.de\/wp-content\/uploads\/2022\/07\/Sommerfest_2022_4-768x512.jpg 768w, http:\/\/ppg-foerderverein.de\/wp-content\/uploads\/2022\/07\/Sommerfest_2022_4-1536x1024.jpg 1536w, http:\/\/ppg-foerderverein.de\/wp-content\/uploads\/2022\/07\/Sommerfest_2022_4-2048x1365.jpg 2048w, http:\/\/ppg-foerderverein.de\/wp-content\/uploads\/2022\/07\/Sommerfest_2022_4-624x416.jpg 624w\" sizes=\"auto, (max-width: 300px) 100vw, 300px\" \/><\/a><a href=\"http:\/\/ppg-foerderverein.de\/wp-content\/uploads\/2022\/07\/Sommerfest_2022_7-scaled.jpg\"> \u00a0\u00a0 <\/a><a href=\"http:\/\/ppg-foerderverein.de\/wp-content\/uploads\/2022\/07\/Sommerfest_2022_3-scaled.jpg\"><img loading=\"lazy\" decoding=\"async\" class=\"alignnone size-medium wp-image-4148\" src=\"http:\/\/ppg-foerderverein.de\/wp-content\/uploads\/2022\/07\/Sommerfest_2022_3-300x200.jpg\" alt=\"\" width=\"300\" height=\"200\" srcset=\"http:\/\/ppg-foerderverein.de\/wp-content\/uploads\/2022\/07\/Sommerfest_2022_3-300x200.jpg 300w, http:\/\/ppg-foerderverein.de\/wp-content\/uploads\/2022\/07\/Sommerfest_2022_3-1024x683.jpg 1024w, http:\/\/ppg-foerderverein.de\/wp-content\/uploads\/2022\/07\/Sommerfest_2022_3-768x512.jpg 768w, http:\/\/ppg-foerderverein.de\/wp-content\/uploads\/2022\/07\/Sommerfest_2022_3-1536x1024.jpg 1536w, http:\/\/ppg-foerderverein.de\/wp-content\/uploads\/2022\/07\/Sommerfest_2022_3-2048x1365.jpg 2048w, http:\/\/ppg-foerderverein.de\/wp-content\/uploads\/2022\/07\/Sommerfest_2022_3-624x416.jpg 624w\" sizes=\"auto, (max-width: 300px) 100vw, 300px\" \/><\/a><a href=\"http:\/\/ppg-foerderverein.de\/wp-content\/uploads\/2022\/07\/Sommerfest_2022_7-scaled.jpg\"> \u00a0 <\/a><a href=\"http:\/\/ppg-foerderverein.de\/wp-content\/uploads\/2022\/07\/Sommerfest_2022_2-scaled.jpg\"><img loading=\"lazy\" decoding=\"async\" class=\"alignnone size-medium wp-image-4147\" src=\"http:\/\/ppg-foerderverein.de\/wp-content\/uploads\/2022\/07\/Sommerfest_2022_2-300x200.jpg\" alt=\"\" width=\"300\" height=\"200\" srcset=\"http:\/\/ppg-foerderverein.de\/wp-content\/uploads\/2022\/07\/Sommerfest_2022_2-300x200.jpg 300w, http:\/\/ppg-foerderverein.de\/wp-content\/uploads\/2022\/07\/Sommerfest_2022_2-1024x683.jpg 1024w, http:\/\/ppg-foerderverein.de\/wp-content\/uploads\/2022\/07\/Sommerfest_2022_2-768x512.jpg 768w, http:\/\/ppg-foerderverein.de\/wp-content\/uploads\/2022\/07\/Sommerfest_2022_2-1536x1024.jpg 1536w, http:\/\/ppg-foerderverein.de\/wp-content\/uploads\/2022\/07\/Sommerfest_2022_2-2048x1365.jpg 2048w, http:\/\/ppg-foerderverein.de\/wp-content\/uploads\/2022\/07\/Sommerfest_2022_2-624x416.jpg 624w\" sizes=\"auto, (max-width: 300px) 100vw, 300px\" \/><\/a><a href=\"http:\/\/ppg-foerderverein.de\/wp-content\/uploads\/2022\/07\/Sommerfest_2022_7-scaled.jpg\"> \u00a0 <\/a><a href=\"http:\/\/ppg-foerderverein.de\/wp-content\/uploads\/2022\/07\/Sommerfest_2022_1-scaled.jpg\"><img loading=\"lazy\" decoding=\"async\" class=\"alignnone size-medium wp-image-4146\" src=\"http:\/\/ppg-foerderverein.de\/wp-content\/uploads\/2022\/07\/Sommerfest_2022_1-300x200.jpg\" alt=\"\" width=\"300\" height=\"200\" srcset=\"http:\/\/ppg-foerderverein.de\/wp-content\/uploads\/2022\/07\/Sommerfest_2022_1-300x200.jpg 300w, http:\/\/ppg-foerderverein.de\/wp-content\/uploads\/2022\/07\/Sommerfest_2022_1-1024x683.jpg 1024w, http:\/\/ppg-foerderverein.de\/wp-content\/uploads\/2022\/07\/Sommerfest_2022_1-768x512.jpg 768w, http:\/\/ppg-foerderverein.de\/wp-content\/uploads\/2022\/07\/Sommerfest_2022_1-1536x1024.jpg 1536w, http:\/\/ppg-foerderverein.de\/wp-content\/uploads\/2022\/07\/Sommerfest_2022_1-2048x1365.jpg 2048w, http:\/\/ppg-foerderverein.de\/wp-content\/uploads\/2022\/07\/Sommerfest_2022_1-624x416.jpg 624w\" sizes=\"auto, (max-width: 300px) 100vw, 300px\" \/><\/a><a href=\"http:\/\/ppg-foerderverein.de\/wp-content\/uploads\/2022\/07\/Sommerfest_2022_7-scaled.jpg\"> \u00a0 <\/a><a href=\"http:\/\/ppg-foerderverein.de\/wp-content\/uploads\/2022\/07\/Sommerfest_2022_5-scaled.jpg\"><img loading=\"lazy\" decoding=\"async\" class=\"alignnone size-medium wp-image-4150\" src=\"http:\/\/ppg-foerderverein.de\/wp-content\/uploads\/2022\/07\/Sommerfest_2022_5-300x200.jpg\" alt=\"\" width=\"300\" height=\"200\" srcset=\"http:\/\/ppg-foerderverein.de\/wp-content\/uploads\/2022\/07\/Sommerfest_2022_5-300x200.jpg 300w, http:\/\/ppg-foerderverein.de\/wp-content\/uploads\/2022\/07\/Sommerfest_2022_5-1024x683.jpg 1024w, http:\/\/ppg-foerderverein.de\/wp-content\/uploads\/2022\/07\/Sommerfest_2022_5-768x512.jpg 768w, http:\/\/ppg-foerderverein.de\/wp-content\/uploads\/2022\/07\/Sommerfest_2022_5-1536x1024.jpg 1536w, http:\/\/ppg-foerderverein.de\/wp-content\/uploads\/2022\/07\/Sommerfest_2022_5-2048x1365.jpg 2048w, http:\/\/ppg-foerderverein.de\/wp-content\/uploads\/2022\/07\/Sommerfest_2022_5-624x416.jpg 624w\" sizes=\"auto, (max-width: 300px) 100vw, 300px\" \/><\/a><\/p>\r\n<p>Am 13.07.2022 findet das 50j\u00e4hrige Schuljubil\u00e4um auf dem Gel\u00e4nde des JGG statt.<\/p>\r\n<p><a href=\"http:\/\/ppg-foerderverein.de\/wp-content\/uploads\/2022\/10\/Festakt_220713_1-scaled.jpg\"><img loading=\"lazy\" decoding=\"async\" class=\"alignnone size-medium wp-image-4158\" src=\"http:\/\/ppg-foerderverein.de\/wp-content\/uploads\/2022\/10\/Festakt_220713_1-300x200.jpg\" alt=\"\" width=\"300\" height=\"200\" srcset=\"http:\/\/ppg-foerderverein.de\/wp-content\/uploads\/2022\/10\/Festakt_220713_1-300x200.jpg 300w, http:\/\/ppg-foerderverein.de\/wp-content\/uploads\/2022\/10\/Festakt_220713_1-1024x683.jpg 1024w, http:\/\/ppg-foerderverein.de\/wp-content\/uploads\/2022\/10\/Festakt_220713_1-768x512.jpg 768w, http:\/\/ppg-foerderverein.de\/wp-content\/uploads\/2022\/10\/Festakt_220713_1-1536x1024.jpg 1536w, http:\/\/ppg-foerderverein.de\/wp-content\/uploads\/2022\/10\/Festakt_220713_1-2048x1365.jpg 2048w, http:\/\/ppg-foerderverein.de\/wp-content\/uploads\/2022\/10\/Festakt_220713_1-624x416.jpg 624w\" sizes=\"auto, (max-width: 300px) 100vw, 300px\" \/><\/a> <a href=\"http:\/\/ppg-foerderverein.de\/wp-content\/uploads\/2022\/10\/Festakt_220713_4-scaled.jpg\"><img loading=\"lazy\" decoding=\"async\" class=\"alignnone size-medium wp-image-4161\" src=\"http:\/\/ppg-foerderverein.de\/wp-content\/uploads\/2022\/10\/Festakt_220713_4-300x200.jpg\" alt=\"\" width=\"300\" height=\"200\" srcset=\"http:\/\/ppg-foerderverein.de\/wp-content\/uploads\/2022\/10\/Festakt_220713_4-300x200.jpg 300w, http:\/\/ppg-foerderverein.de\/wp-content\/uploads\/2022\/10\/Festakt_220713_4-1024x683.jpg 1024w, http:\/\/ppg-foerderverein.de\/wp-content\/uploads\/2022\/10\/Festakt_220713_4-768x512.jpg 768w, http:\/\/ppg-foerderverein.de\/wp-content\/uploads\/2022\/10\/Festakt_220713_4-1536x1024.jpg 1536w, http:\/\/ppg-foerderverein.de\/wp-content\/uploads\/2022\/10\/Festakt_220713_4-2048x1365.jpg 2048w, http:\/\/ppg-foerderverein.de\/wp-content\/uploads\/2022\/10\/Festakt_220713_4-624x416.jpg 624w\" sizes=\"auto, (max-width: 300px) 100vw, 300px\" \/><\/a> <a href=\"http:\/\/ppg-foerderverein.de\/wp-content\/uploads\/2022\/10\/Festakt_220713_2-scaled.jpg\"><img loading=\"lazy\" decoding=\"async\" class=\"alignnone size-medium wp-image-4159\" src=\"http:\/\/ppg-foerderverein.de\/wp-content\/uploads\/2022\/10\/Festakt_220713_2-300x200.jpg\" alt=\"\" width=\"300\" height=\"200\" srcset=\"http:\/\/ppg-foerderverein.de\/wp-content\/uploads\/2022\/10\/Festakt_220713_2-300x200.jpg 300w, http:\/\/ppg-foerderverein.de\/wp-content\/uploads\/2022\/10\/Festakt_220713_2-1024x683.jpg 1024w, http:\/\/ppg-foerderverein.de\/wp-content\/uploads\/2022\/10\/Festakt_220713_2-768x512.jpg 768w, http:\/\/ppg-foerderverein.de\/wp-content\/uploads\/2022\/10\/Festakt_220713_2-1536x1024.jpg 1536w, http:\/\/ppg-foerderverein.de\/wp-content\/uploads\/2022\/10\/Festakt_220713_2-2048x1365.jpg 2048w, http:\/\/ppg-foerderverein.de\/wp-content\/uploads\/2022\/10\/Festakt_220713_2-624x416.jpg 624w\" sizes=\"auto, (max-width: 300px) 100vw, 300px\" \/><\/a> <a href=\"http:\/\/ppg-foerderverein.de\/wp-content\/uploads\/2022\/10\/Festakt_220713_3-scaled.jpg\"><img loading=\"lazy\" decoding=\"async\" class=\"alignnone size-medium wp-image-4160\" src=\"http:\/\/ppg-foerderverein.de\/wp-content\/uploads\/2022\/10\/Festakt_220713_3-300x200.jpg\" alt=\"\" width=\"300\" height=\"200\" srcset=\"http:\/\/ppg-foerderverein.de\/wp-content\/uploads\/2022\/10\/Festakt_220713_3-300x200.jpg 300w, http:\/\/ppg-foerderverein.de\/wp-content\/uploads\/2022\/10\/Festakt_220713_3-1024x683.jpg 1024w, http:\/\/ppg-foerderverein.de\/wp-content\/uploads\/2022\/10\/Festakt_220713_3-768x512.jpg 768w, http:\/\/ppg-foerderverein.de\/wp-content\/uploads\/2022\/10\/Festakt_220713_3-1536x1024.jpg 1536w, http:\/\/ppg-foerderverein.de\/wp-content\/uploads\/2022\/10\/Festakt_220713_3-2048x1365.jpg 2048w, http:\/\/ppg-foerderverein.de\/wp-content\/uploads\/2022\/10\/Festakt_220713_3-624x416.jpg 624w\" sizes=\"auto, (max-width: 300px) 100vw, 300px\" \/> \u00a0<\/a><a href=\"http:\/\/ppg-foerderverein.de\/wp-content\/uploads\/2022\/10\/Festakt_220713_5-scaled.jpg\"><img loading=\"lazy\" decoding=\"async\" class=\"alignnone size-medium wp-image-4162\" src=\"http:\/\/ppg-foerderverein.de\/wp-content\/uploads\/2022\/10\/Festakt_220713_5-300x200.jpg\" alt=\"\" width=\"300\" height=\"200\" srcset=\"http:\/\/ppg-foerderverein.de\/wp-content\/uploads\/2022\/10\/Festakt_220713_5-300x200.jpg 300w, http:\/\/ppg-foerderverein.de\/wp-content\/uploads\/2022\/10\/Festakt_220713_5-1024x683.jpg 1024w, http:\/\/ppg-foerderverein.de\/wp-content\/uploads\/2022\/10\/Festakt_220713_5-768x512.jpg 768w, http:\/\/ppg-foerderverein.de\/wp-content\/uploads\/2022\/10\/Festakt_220713_5-1536x1024.jpg 1536w, http:\/\/ppg-foerderverein.de\/wp-content\/uploads\/2022\/10\/Festakt_220713_5-2048x1365.jpg 2048w, http:\/\/ppg-foerderverein.de\/wp-content\/uploads\/2022\/10\/Festakt_220713_5-624x416.jpg 624w\" sizes=\"auto, (max-width: 300px) 100vw, 300px\" \/><\/a><a href=\"http:\/\/ppg-foerderverein.de\/wp-content\/uploads\/2022\/10\/Festakt_220713_6-scaled.jpg\"> <img loading=\"lazy\" decoding=\"async\" class=\"alignnone size-medium wp-image-4163\" src=\"http:\/\/ppg-foerderverein.de\/wp-content\/uploads\/2022\/10\/Festakt_220713_6-300x200.jpg\" alt=\"\" width=\"300\" height=\"200\" srcset=\"http:\/\/ppg-foerderverein.de\/wp-content\/uploads\/2022\/10\/Festakt_220713_6-300x200.jpg 300w, http:\/\/ppg-foerderverein.de\/wp-content\/uploads\/2022\/10\/Festakt_220713_6-1024x683.jpg 1024w, http:\/\/ppg-foerderverein.de\/wp-content\/uploads\/2022\/10\/Festakt_220713_6-768x512.jpg 768w, http:\/\/ppg-foerderverein.de\/wp-content\/uploads\/2022\/10\/Festakt_220713_6-1536x1024.jpg 1536w, http:\/\/ppg-foerderverein.de\/wp-content\/uploads\/2022\/10\/Festakt_220713_6-2048x1365.jpg 2048w, http:\/\/ppg-foerderverein.de\/wp-content\/uploads\/2022\/10\/Festakt_220713_6-624x416.jpg 624w\" sizes=\"auto, (max-width: 300px) 100vw, 300px\" \/><\/a><a href=\"http:\/\/ppg-foerderverein.de\/wp-content\/uploads\/2022\/10\/Festakt_220713_8-scaled.jpg\"><img loading=\"lazy\" decoding=\"async\" class=\"alignnone size-medium wp-image-4165\" src=\"http:\/\/ppg-foerderverein.de\/wp-content\/uploads\/2022\/10\/Festakt_220713_8-300x200.jpg\" alt=\"\" width=\"300\" height=\"200\" srcset=\"http:\/\/ppg-foerderverein.de\/wp-content\/uploads\/2022\/10\/Festakt_220713_8-300x200.jpg 300w, http:\/\/ppg-foerderverein.de\/wp-content\/uploads\/2022\/10\/Festakt_220713_8-1024x683.jpg 1024w, http:\/\/ppg-foerderverein.de\/wp-content\/uploads\/2022\/10\/Festakt_220713_8-768x512.jpg 768w, http:\/\/ppg-foerderverein.de\/wp-content\/uploads\/2022\/10\/Festakt_220713_8-1536x1024.jpg 1536w, http:\/\/ppg-foerderverein.de\/wp-content\/uploads\/2022\/10\/Festakt_220713_8-2048x1365.jpg 2048w, http:\/\/ppg-foerderverein.de\/wp-content\/uploads\/2022\/10\/Festakt_220713_8-624x416.jpg 624w\" sizes=\"auto, (max-width: 300px) 100vw, 300px\" \/><\/a> <a href=\"http:\/\/ppg-foerderverein.de\/wp-content\/uploads\/2022\/10\/Festakt_220713_7-scaled.jpg\"><img loading=\"lazy\" decoding=\"async\" class=\"alignnone size-medium wp-image-4164\" src=\"http:\/\/ppg-foerderverein.de\/wp-content\/uploads\/2022\/10\/Festakt_220713_7-300x200.jpg\" alt=\"\" width=\"300\" height=\"200\" srcset=\"http:\/\/ppg-foerderverein.de\/wp-content\/uploads\/2022\/10\/Festakt_220713_7-300x200.jpg 300w, http:\/\/ppg-foerderverein.de\/wp-content\/uploads\/2022\/10\/Festakt_220713_7-1024x683.jpg 1024w, http:\/\/ppg-foerderverein.de\/wp-content\/uploads\/2022\/10\/Festakt_220713_7-768x512.jpg 768w, http:\/\/ppg-foerderverein.de\/wp-content\/uploads\/2022\/10\/Festakt_220713_7-1536x1024.jpg 1536w, http:\/\/ppg-foerderverein.de\/wp-content\/uploads\/2022\/10\/Festakt_220713_7-2048x1365.jpg 2048w, http:\/\/ppg-foerderverein.de\/wp-content\/uploads\/2022\/10\/Festakt_220713_7-624x416.jpg 624w\" sizes=\"auto, (max-width: 300px) 100vw, 300px\" \/><\/a><\/p>\r\n<h2><span style=\"color: #0000ff;\">2021<\/span><\/h2>\r\n<p>Auch 2021 wird durch Corona massiv beeinflusst. Der Unterricht findet Anfang des Jahres wieder komplett von zu Hause aus statt. Ab M\u00e4rz kann die Schule endlich wieder ge\u00f6ffnet werden, zumindest im Wechselunterricht. Masken tragen und regelm\u00e4\u00dfige Testungen sind an der Tagesordnung. <br \/>S\u00e4mtliche Veranstaltungen und Feste m\u00fcssen leider ausfallen.<\/p>\r\n<h2><span style=\"color: #0000ff;\">2020<\/span><\/h2>\r\n<p>Corona bedingt wird der Schulbetrieb am 17.03.2020 komplett eingestellt. Ab 20.04.2020 findet Pr\u00e4senzunterricht f\u00fcr die Kursstufen zur Abiturvorbereitung statt. Am 15.06.2020 beginnt der Pr\u00e4senzunterricht f\u00fcr alle Klassenstufen in kleinen Gruppen im rollierenden System. Das neue Schuljahr 2020\/21 startet mit Regelunterricht unter Pandemiebedingungen.<\/p>\r\n<p>Ab Mitte Dezember werden die Schulen f\u00fcr den Pr\u00e4senzunterricht geschlossen. Die Weihnachtsferien werden vorgezogen.<\/p>\r\n<p>S\u00e4mtliche Schulveranstaltungen fallen aus.\u00a0<\/p>\r\n<p>Vorstandssitzungen finden \u00fcberwiegend als Videokonferenzen statt.<\/p>\r\n<p><a href=\"http:\/\/ppg-foerderverein.de\/wp-content\/uploads\/2020\/11\/20201112_204619-scaled.jpg\"><img loading=\"lazy\" decoding=\"async\" class=\" wp-image-3948 aligncenter\" src=\"http:\/\/ppg-foerderverein.de\/wp-content\/uploads\/2020\/11\/20201112_204619-300x169.jpg\" alt=\"\" width=\"440\" height=\"248\" srcset=\"http:\/\/ppg-foerderverein.de\/wp-content\/uploads\/2020\/11\/20201112_204619-300x169.jpg 300w, http:\/\/ppg-foerderverein.de\/wp-content\/uploads\/2020\/11\/20201112_204619-1024x576.jpg 1024w, http:\/\/ppg-foerderverein.de\/wp-content\/uploads\/2020\/11\/20201112_204619-768x432.jpg 768w, http:\/\/ppg-foerderverein.de\/wp-content\/uploads\/2020\/11\/20201112_204619-1536x864.jpg 1536w, http:\/\/ppg-foerderverein.de\/wp-content\/uploads\/2020\/11\/20201112_204619-2048x1152.jpg 2048w, http:\/\/ppg-foerderverein.de\/wp-content\/uploads\/2020\/11\/20201112_204619-624x351.jpg 624w\" sizes=\"auto, (max-width: 440px) 100vw, 440px\" \/><\/a><\/p>\r\n<p>08.07.2020\u00a0\u00a0\u00a0\u00a0 Besichtigung des fertig gestellten, neuen Verwaltungsgeb\u00e4udes<\/p>\r\n<p>Das alte Fachklassen- und Verwaltungsgeb\u00e4ude (1976-2018) wurde in knapp 2 Jahren komplett entkernt, saniert und umgebaut. Im Juli 2020 erfolgt der Wiedereinzug der Verwaltung, die provisorisch im alten musischen Trakt untergebracht war sowie die Ausstattung der R\u00e4ume. Der Betrieb wird ab dem Schuljahr 2020\/21 aufgenommen. In den Sommerferien beginnt der Abriss der alten Geb\u00e4ude. Im Rahmen einer Sitzung am 08.07. konnte der Vorstand des F\u00f6rdervereins das neue Geb\u00e4ude und die Innenr\u00e4ume besichtigen.\u00a0<\/p>\r\n<p><a href=\"http:\/\/ppg-foerderverein.de\/wp-content\/uploads\/2021\/01\/20200725_104204-2-1-scaled.jpg\"><img loading=\"lazy\" decoding=\"async\" class=\"alignnone size-medium wp-image-4006\" src=\"http:\/\/ppg-foerderverein.de\/wp-content\/uploads\/2021\/01\/20200725_104204-2-1-300x169.jpg\" alt=\"\" width=\"300\" height=\"169\" srcset=\"http:\/\/ppg-foerderverein.de\/wp-content\/uploads\/2021\/01\/20200725_104204-2-1-300x169.jpg 300w, http:\/\/ppg-foerderverein.de\/wp-content\/uploads\/2021\/01\/20200725_104204-2-1-1024x576.jpg 1024w, http:\/\/ppg-foerderverein.de\/wp-content\/uploads\/2021\/01\/20200725_104204-2-1-768x432.jpg 768w, http:\/\/ppg-foerderverein.de\/wp-content\/uploads\/2021\/01\/20200725_104204-2-1-1536x864.jpg 1536w, http:\/\/ppg-foerderverein.de\/wp-content\/uploads\/2021\/01\/20200725_104204-2-1-2048x1152.jpg 2048w, http:\/\/ppg-foerderverein.de\/wp-content\/uploads\/2021\/01\/20200725_104204-2-1-624x351.jpg 624w\" sizes=\"auto, (max-width: 300px) 100vw, 300px\" \/><\/a> <a href=\"http:\/\/ppg-foerderverein.de\/wp-content\/uploads\/2021\/01\/20200725_102400-2-1-scaled.jpg\"><img loading=\"lazy\" decoding=\"async\" class=\"alignnone size-medium wp-image-4005\" src=\"http:\/\/ppg-foerderverein.de\/wp-content\/uploads\/2021\/01\/20200725_102400-2-1-300x169.jpg\" alt=\"\" width=\"300\" height=\"169\" srcset=\"http:\/\/ppg-foerderverein.de\/wp-content\/uploads\/2021\/01\/20200725_102400-2-1-300x169.jpg 300w, http:\/\/ppg-foerderverein.de\/wp-content\/uploads\/2021\/01\/20200725_102400-2-1-1024x576.jpg 1024w, http:\/\/ppg-foerderverein.de\/wp-content\/uploads\/2021\/01\/20200725_102400-2-1-768x432.jpg 768w, http:\/\/ppg-foerderverein.de\/wp-content\/uploads\/2021\/01\/20200725_102400-2-1-1536x864.jpg 1536w, http:\/\/ppg-foerderverein.de\/wp-content\/uploads\/2021\/01\/20200725_102400-2-1-2048x1152.jpg 2048w, http:\/\/ppg-foerderverein.de\/wp-content\/uploads\/2021\/01\/20200725_102400-2-1-624x351.jpg 624w\" sizes=\"auto, (max-width: 300px) 100vw, 300px\" \/><\/a> <a href=\"http:\/\/ppg-foerderverein.de\/wp-content\/uploads\/2021\/01\/20200708_193051-Kopie-2-1-scaled.jpg\"><img loading=\"lazy\" decoding=\"async\" class=\"alignnone size-medium wp-image-4004\" src=\"http:\/\/ppg-foerderverein.de\/wp-content\/uploads\/2021\/01\/20200708_193051-Kopie-2-1-300x169.jpg\" alt=\"\" width=\"300\" height=\"169\" srcset=\"http:\/\/ppg-foerderverein.de\/wp-content\/uploads\/2021\/01\/20200708_193051-Kopie-2-1-300x169.jpg 300w, http:\/\/ppg-foerderverein.de\/wp-content\/uploads\/2021\/01\/20200708_193051-Kopie-2-1-1024x576.jpg 1024w, http:\/\/ppg-foerderverein.de\/wp-content\/uploads\/2021\/01\/20200708_193051-Kopie-2-1-768x432.jpg 768w, http:\/\/ppg-foerderverein.de\/wp-content\/uploads\/2021\/01\/20200708_193051-Kopie-2-1-1536x864.jpg 1536w, http:\/\/ppg-foerderverein.de\/wp-content\/uploads\/2021\/01\/20200708_193051-Kopie-2-1-2048x1152.jpg 2048w, http:\/\/ppg-foerderverein.de\/wp-content\/uploads\/2021\/01\/20200708_193051-Kopie-2-1-624x351.jpg 624w\" sizes=\"auto, (max-width: 300px) 100vw, 300px\" \/><\/a> <a href=\"http:\/\/ppg-foerderverein.de\/wp-content\/uploads\/2021\/01\/20200708_192937-Kopie-2-scaled.jpg\"><img loading=\"lazy\" decoding=\"async\" class=\"alignnone size-medium wp-image-4003\" src=\"http:\/\/ppg-foerderverein.de\/wp-content\/uploads\/2021\/01\/20200708_192937-Kopie-2-300x169.jpg\" alt=\"\" width=\"300\" height=\"169\" srcset=\"http:\/\/ppg-foerderverein.de\/wp-content\/uploads\/2021\/01\/20200708_192937-Kopie-2-300x169.jpg 300w, http:\/\/ppg-foerderverein.de\/wp-content\/uploads\/2021\/01\/20200708_192937-Kopie-2-1024x576.jpg 1024w, http:\/\/ppg-foerderverein.de\/wp-content\/uploads\/2021\/01\/20200708_192937-Kopie-2-768x432.jpg 768w, http:\/\/ppg-foerderverein.de\/wp-content\/uploads\/2021\/01\/20200708_192937-Kopie-2-1536x864.jpg 1536w, http:\/\/ppg-foerderverein.de\/wp-content\/uploads\/2021\/01\/20200708_192937-Kopie-2-2048x1151.jpg 2048w, http:\/\/ppg-foerderverein.de\/wp-content\/uploads\/2021\/01\/20200708_192937-Kopie-2-624x351.jpg 624w\" sizes=\"auto, (max-width: 300px) 100vw, 300px\" \/><\/a> <a href=\"http:\/\/ppg-foerderverein.de\/wp-content\/uploads\/2021\/01\/20200708_192833x-2-1.jpg\"><img loading=\"lazy\" decoding=\"async\" class=\"alignnone size-medium wp-image-4002\" src=\"http:\/\/ppg-foerderverein.de\/wp-content\/uploads\/2021\/01\/20200708_192833x-2-1-300x169.jpg\" alt=\"\" width=\"300\" height=\"169\" srcset=\"http:\/\/ppg-foerderverein.de\/wp-content\/uploads\/2021\/01\/20200708_192833x-2-1-300x169.jpg 300w, http:\/\/ppg-foerderverein.de\/wp-content\/uploads\/2021\/01\/20200708_192833x-2-1-1024x576.jpg 1024w, http:\/\/ppg-foerderverein.de\/wp-content\/uploads\/2021\/01\/20200708_192833x-2-1-768x432.jpg 768w, http:\/\/ppg-foerderverein.de\/wp-content\/uploads\/2021\/01\/20200708_192833x-2-1-624x351.jpg 624w, http:\/\/ppg-foerderverein.de\/wp-content\/uploads\/2021\/01\/20200708_192833x-2-1.jpg 1173w\" sizes=\"auto, (max-width: 300px) 100vw, 300px\" \/><\/a> <a href=\"http:\/\/ppg-foerderverein.de\/wp-content\/uploads\/2021\/01\/20200708_192707-Kopie-2-1-scaled.jpg\"><img loading=\"lazy\" decoding=\"async\" class=\"alignnone size-medium wp-image-4000\" src=\"http:\/\/ppg-foerderverein.de\/wp-content\/uploads\/2021\/01\/20200708_192707-Kopie-2-1-300x169.jpg\" alt=\"\" width=\"300\" height=\"169\" srcset=\"http:\/\/ppg-foerderverein.de\/wp-content\/uploads\/2021\/01\/20200708_192707-Kopie-2-1-300x169.jpg 300w, http:\/\/ppg-foerderverein.de\/wp-content\/uploads\/2021\/01\/20200708_192707-Kopie-2-1-1024x576.jpg 1024w, http:\/\/ppg-foerderverein.de\/wp-content\/uploads\/2021\/01\/20200708_192707-Kopie-2-1-768x432.jpg 768w, http:\/\/ppg-foerderverein.de\/wp-content\/uploads\/2021\/01\/20200708_192707-Kopie-2-1-1536x864.jpg 1536w, http:\/\/ppg-foerderverein.de\/wp-content\/uploads\/2021\/01\/20200708_192707-Kopie-2-1-2048x1151.jpg 2048w, http:\/\/ppg-foerderverein.de\/wp-content\/uploads\/2021\/01\/20200708_192707-Kopie-2-1-624x351.jpg 624w\" sizes=\"auto, (max-width: 300px) 100vw, 300px\" \/><\/a> <a href=\"http:\/\/ppg-foerderverein.de\/wp-content\/uploads\/2021\/01\/20200708_195919-2-scaled.jpg\"><img loading=\"lazy\" decoding=\"async\" class=\"alignnone size-medium wp-image-3981\" src=\"http:\/\/ppg-foerderverein.de\/wp-content\/uploads\/2021\/01\/20200708_195919-2-300x169.jpg\" alt=\"\" width=\"300\" height=\"169\" srcset=\"http:\/\/ppg-foerderverein.de\/wp-content\/uploads\/2021\/01\/20200708_195919-2-300x169.jpg 300w, http:\/\/ppg-foerderverein.de\/wp-content\/uploads\/2021\/01\/20200708_195919-2-1024x576.jpg 1024w, http:\/\/ppg-foerderverein.de\/wp-content\/uploads\/2021\/01\/20200708_195919-2-768x432.jpg 768w, http:\/\/ppg-foerderverein.de\/wp-content\/uploads\/2021\/01\/20200708_195919-2-1536x864.jpg 1536w, http:\/\/ppg-foerderverein.de\/wp-content\/uploads\/2021\/01\/20200708_195919-2-2048x1152.jpg 2048w, http:\/\/ppg-foerderverein.de\/wp-content\/uploads\/2021\/01\/20200708_195919-2-624x351.jpg 624w\" sizes=\"auto, (max-width: 300px) 100vw, 300px\" \/><\/a> <a href=\"http:\/\/ppg-foerderverein.de\/wp-content\/uploads\/2021\/01\/20200708_195451-2-scaled.jpg\"><img loading=\"lazy\" decoding=\"async\" class=\"alignnone size-medium wp-image-3980\" src=\"http:\/\/ppg-foerderverein.de\/wp-content\/uploads\/2021\/01\/20200708_195451-2-300x169.jpg\" alt=\"\" width=\"300\" height=\"169\" srcset=\"http:\/\/ppg-foerderverein.de\/wp-content\/uploads\/2021\/01\/20200708_195451-2-300x169.jpg 300w, http:\/\/ppg-foerderverein.de\/wp-content\/uploads\/2021\/01\/20200708_195451-2-1024x576.jpg 1024w, http:\/\/ppg-foerderverein.de\/wp-content\/uploads\/2021\/01\/20200708_195451-2-768x432.jpg 768w, http:\/\/ppg-foerderverein.de\/wp-content\/uploads\/2021\/01\/20200708_195451-2-1536x864.jpg 1536w, http:\/\/ppg-foerderverein.de\/wp-content\/uploads\/2021\/01\/20200708_195451-2-2048x1152.jpg 2048w, http:\/\/ppg-foerderverein.de\/wp-content\/uploads\/2021\/01\/20200708_195451-2-624x351.jpg 624w\" sizes=\"auto, (max-width: 300px) 100vw, 300px\" \/><\/a> <a href=\"http:\/\/ppg-foerderverein.de\/wp-content\/uploads\/2021\/01\/20200725_113603-2-scaled.jpg\"><img loading=\"lazy\" decoding=\"async\" class=\"alignnone size-medium wp-image-3976\" src=\"http:\/\/ppg-foerderverein.de\/wp-content\/uploads\/2021\/01\/20200725_113603-2-300x169.jpg\" alt=\"\" width=\"300\" height=\"169\" srcset=\"http:\/\/ppg-foerderverein.de\/wp-content\/uploads\/2021\/01\/20200725_113603-2-300x169.jpg 300w, http:\/\/ppg-foerderverein.de\/wp-content\/uploads\/2021\/01\/20200725_113603-2-1024x576.jpg 1024w, http:\/\/ppg-foerderverein.de\/wp-content\/uploads\/2021\/01\/20200725_113603-2-768x432.jpg 768w, http:\/\/ppg-foerderverein.de\/wp-content\/uploads\/2021\/01\/20200725_113603-2-1536x864.jpg 1536w, http:\/\/ppg-foerderverein.de\/wp-content\/uploads\/2021\/01\/20200725_113603-2-2048x1152.jpg 2048w, http:\/\/ppg-foerderverein.de\/wp-content\/uploads\/2021\/01\/20200725_113603-2-624x351.jpg 624w\" sizes=\"auto, (max-width: 300px) 100vw, 300px\" \/><\/a> <a href=\"http:\/\/ppg-foerderverein.de\/wp-content\/uploads\/2021\/01\/20200725_113540-2-scaled.jpg\"><img loading=\"lazy\" decoding=\"async\" class=\"alignnone size-medium wp-image-3975\" src=\"http:\/\/ppg-foerderverein.de\/wp-content\/uploads\/2021\/01\/20200725_113540-2-300x169.jpg\" alt=\"\" width=\"300\" height=\"169\" srcset=\"http:\/\/ppg-foerderverein.de\/wp-content\/uploads\/2021\/01\/20200725_113540-2-300x169.jpg 300w, http:\/\/ppg-foerderverein.de\/wp-content\/uploads\/2021\/01\/20200725_113540-2-1024x576.jpg 1024w, http:\/\/ppg-foerderverein.de\/wp-content\/uploads\/2021\/01\/20200725_113540-2-768x432.jpg 768w, http:\/\/ppg-foerderverein.de\/wp-content\/uploads\/2021\/01\/20200725_113540-2-1536x864.jpg 1536w, http:\/\/ppg-foerderverein.de\/wp-content\/uploads\/2021\/01\/20200725_113540-2-2048x1152.jpg 2048w, http:\/\/ppg-foerderverein.de\/wp-content\/uploads\/2021\/01\/20200725_113540-2-624x351.jpg 624w\" sizes=\"auto, (max-width: 300px) 100vw, 300px\" \/><\/a> <a href=\"http:\/\/ppg-foerderverein.de\/wp-content\/uploads\/2021\/01\/20200708_200215-Kopie-Kopie-scaled.jpg\"><img loading=\"lazy\" decoding=\"async\" class=\"alignnone size-medium wp-image-3974\" src=\"http:\/\/ppg-foerderverein.de\/wp-content\/uploads\/2021\/01\/20200708_200215-Kopie-Kopie-300x169.jpg\" alt=\"\" width=\"300\" height=\"169\" srcset=\"http:\/\/ppg-foerderverein.de\/wp-content\/uploads\/2021\/01\/20200708_200215-Kopie-Kopie-300x169.jpg 300w, http:\/\/ppg-foerderverein.de\/wp-content\/uploads\/2021\/01\/20200708_200215-Kopie-Kopie-1024x576.jpg 1024w, http:\/\/ppg-foerderverein.de\/wp-content\/uploads\/2021\/01\/20200708_200215-Kopie-Kopie-768x432.jpg 768w, http:\/\/ppg-foerderverein.de\/wp-content\/uploads\/2021\/01\/20200708_200215-Kopie-Kopie-1536x864.jpg 1536w, http:\/\/ppg-foerderverein.de\/wp-content\/uploads\/2021\/01\/20200708_200215-Kopie-Kopie-2048x1152.jpg 2048w, http:\/\/ppg-foerderverein.de\/wp-content\/uploads\/2021\/01\/20200708_200215-Kopie-Kopie-624x351.jpg 624w\" sizes=\"auto, (max-width: 300px) 100vw, 300px\" \/><\/a> <a href=\"http:\/\/ppg-foerderverein.de\/wp-content\/uploads\/2021\/01\/20200708_194844-Kopie-Kopie-scaled.jpg\"><img loading=\"lazy\" decoding=\"async\" class=\"alignnone size-medium wp-image-3973\" src=\"http:\/\/ppg-foerderverein.de\/wp-content\/uploads\/2021\/01\/20200708_194844-Kopie-Kopie-300x169.jpg\" alt=\"\" width=\"300\" height=\"169\" srcset=\"http:\/\/ppg-foerderverein.de\/wp-content\/uploads\/2021\/01\/20200708_194844-Kopie-Kopie-300x169.jpg 300w, http:\/\/ppg-foerderverein.de\/wp-content\/uploads\/2021\/01\/20200708_194844-Kopie-Kopie-1024x576.jpg 1024w, http:\/\/ppg-foerderverein.de\/wp-content\/uploads\/2021\/01\/20200708_194844-Kopie-Kopie-768x432.jpg 768w, http:\/\/ppg-foerderverein.de\/wp-content\/uploads\/2021\/01\/20200708_194844-Kopie-Kopie-1536x864.jpg 1536w, http:\/\/ppg-foerderverein.de\/wp-content\/uploads\/2021\/01\/20200708_194844-Kopie-Kopie-2048x1152.jpg 2048w, http:\/\/ppg-foerderverein.de\/wp-content\/uploads\/2021\/01\/20200708_194844-Kopie-Kopie-624x351.jpg 624w\" sizes=\"auto, (max-width: 300px) 100vw, 300px\" \/><\/a> <a href=\"http:\/\/ppg-foerderverein.de\/wp-content\/uploads\/2021\/01\/20200708_194217-Kopie-Kopie-scaled.jpg\"><img loading=\"lazy\" decoding=\"async\" class=\"alignnone size-medium wp-image-3972\" src=\"http:\/\/ppg-foerderverein.de\/wp-content\/uploads\/2021\/01\/20200708_194217-Kopie-Kopie-300x169.jpg\" alt=\"\" width=\"300\" height=\"169\" srcset=\"http:\/\/ppg-foerderverein.de\/wp-content\/uploads\/2021\/01\/20200708_194217-Kopie-Kopie-300x169.jpg 300w, http:\/\/ppg-foerderverein.de\/wp-content\/uploads\/2021\/01\/20200708_194217-Kopie-Kopie-1024x576.jpg 1024w, http:\/\/ppg-foerderverein.de\/wp-content\/uploads\/2021\/01\/20200708_194217-Kopie-Kopie-768x432.jpg 768w, http:\/\/ppg-foerderverein.de\/wp-content\/uploads\/2021\/01\/20200708_194217-Kopie-Kopie-1536x864.jpg 1536w, http:\/\/ppg-foerderverein.de\/wp-content\/uploads\/2021\/01\/20200708_194217-Kopie-Kopie-2048x1152.jpg 2048w, http:\/\/ppg-foerderverein.de\/wp-content\/uploads\/2021\/01\/20200708_194217-Kopie-Kopie-624x351.jpg 624w\" sizes=\"auto, (max-width: 300px) 100vw, 300px\" \/><\/a> <a href=\"http:\/\/ppg-foerderverein.de\/wp-content\/uploads\/2021\/01\/20200708_193511-Kopie-Kopie-scaled.jpg\"><img loading=\"lazy\" decoding=\"async\" class=\"alignnone size-medium wp-image-3971\" src=\"http:\/\/ppg-foerderverein.de\/wp-content\/uploads\/2021\/01\/20200708_193511-Kopie-Kopie-300x169.jpg\" alt=\"\" width=\"300\" height=\"169\" srcset=\"http:\/\/ppg-foerderverein.de\/wp-content\/uploads\/2021\/01\/20200708_193511-Kopie-Kopie-300x169.jpg 300w, http:\/\/ppg-foerderverein.de\/wp-content\/uploads\/2021\/01\/20200708_193511-Kopie-Kopie-1024x576.jpg 1024w, http:\/\/ppg-foerderverein.de\/wp-content\/uploads\/2021\/01\/20200708_193511-Kopie-Kopie-768x432.jpg 768w, http:\/\/ppg-foerderverein.de\/wp-content\/uploads\/2021\/01\/20200708_193511-Kopie-Kopie-1536x864.jpg 1536w, http:\/\/ppg-foerderverein.de\/wp-content\/uploads\/2021\/01\/20200708_193511-Kopie-Kopie-2048x1152.jpg 2048w, http:\/\/ppg-foerderverein.de\/wp-content\/uploads\/2021\/01\/20200708_193511-Kopie-Kopie-624x351.jpg 624w\" sizes=\"auto, (max-width: 300px) 100vw, 300px\" \/><\/a> <a href=\"http:\/\/ppg-foerderverein.de\/wp-content\/uploads\/2021\/01\/20200708_193429-Kopie-2-scaled.jpg\"><img loading=\"lazy\" decoding=\"async\" class=\"alignnone size-medium wp-image-3970\" src=\"http:\/\/ppg-foerderverein.de\/wp-content\/uploads\/2021\/01\/20200708_193429-Kopie-2-300x169.jpg\" alt=\"\" width=\"300\" height=\"169\" srcset=\"http:\/\/ppg-foerderverein.de\/wp-content\/uploads\/2021\/01\/20200708_193429-Kopie-2-300x169.jpg 300w, http:\/\/ppg-foerderverein.de\/wp-content\/uploads\/2021\/01\/20200708_193429-Kopie-2-1024x576.jpg 1024w, http:\/\/ppg-foerderverein.de\/wp-content\/uploads\/2021\/01\/20200708_193429-Kopie-2-768x432.jpg 768w, http:\/\/ppg-foerderverein.de\/wp-content\/uploads\/2021\/01\/20200708_193429-Kopie-2-1536x864.jpg 1536w, http:\/\/ppg-foerderverein.de\/wp-content\/uploads\/2021\/01\/20200708_193429-Kopie-2-2048x1152.jpg 2048w, http:\/\/ppg-foerderverein.de\/wp-content\/uploads\/2021\/01\/20200708_193429-Kopie-2-624x351.jpg 624w\" sizes=\"auto, (max-width: 300px) 100vw, 300px\" \/><\/a><\/p>\r\n<p><span style=\"color: #000000;\">25.07.2020\u00a0\u00a0\u00a0\u00a0 Aufgrund der anstehenden Geb\u00e4udeabrisse wird der Lagerraum des F\u00f6rdervereins in das Unterrichtsgeb\u00e4ude verlegt. <\/span><\/p>\r\n<p><a href=\"http:\/\/ppg-foerderverein.de\/wp-content\/uploads\/2020\/10\/x20200725_093746.jpg\"><img loading=\"lazy\" decoding=\"async\" class=\"alignnone size-medium wp-image-3822\" src=\"http:\/\/ppg-foerderverein.de\/wp-content\/uploads\/2020\/10\/x20200725_093746-300x169.jpg\" alt=\"\" width=\"300\" height=\"169\" srcset=\"http:\/\/ppg-foerderverein.de\/wp-content\/uploads\/2020\/10\/x20200725_093746-300x169.jpg 300w, http:\/\/ppg-foerderverein.de\/wp-content\/uploads\/2020\/10\/x20200725_093746-1024x576.jpg 1024w, http:\/\/ppg-foerderverein.de\/wp-content\/uploads\/2020\/10\/x20200725_093746-768x432.jpg 768w, http:\/\/ppg-foerderverein.de\/wp-content\/uploads\/2020\/10\/x20200725_093746-624x351.jpg 624w, http:\/\/ppg-foerderverein.de\/wp-content\/uploads\/2020\/10\/x20200725_093746.jpg 1210w\" sizes=\"auto, (max-width: 300px) 100vw, 300px\" \/><\/a> <a href=\"http:\/\/ppg-foerderverein.de\/wp-content\/uploads\/2020\/10\/x20200725_093829.jpg\"><img loading=\"lazy\" decoding=\"async\" class=\"alignnone size-medium wp-image-3823\" src=\"http:\/\/ppg-foerderverein.de\/wp-content\/uploads\/2020\/10\/x20200725_093829-300x169.jpg\" alt=\"\" width=\"300\" height=\"169\" srcset=\"http:\/\/ppg-foerderverein.de\/wp-content\/uploads\/2020\/10\/x20200725_093829-300x169.jpg 300w, http:\/\/ppg-foerderverein.de\/wp-content\/uploads\/2020\/10\/x20200725_093829-1024x576.jpg 1024w, http:\/\/ppg-foerderverein.de\/wp-content\/uploads\/2020\/10\/x20200725_093829-768x432.jpg 768w, http:\/\/ppg-foerderverein.de\/wp-content\/uploads\/2020\/10\/x20200725_093829-624x351.jpg 624w, http:\/\/ppg-foerderverein.de\/wp-content\/uploads\/2020\/10\/x20200725_093829.jpg 1210w\" sizes=\"auto, (max-width: 300px) 100vw, 300px\" \/><\/a> <a href=\"http:\/\/ppg-foerderverein.de\/wp-content\/uploads\/2020\/10\/x20200725_102930.jpg\"><img loading=\"lazy\" decoding=\"async\" class=\"alignnone size-medium wp-image-3824\" src=\"http:\/\/ppg-foerderverein.de\/wp-content\/uploads\/2020\/10\/x20200725_102930-300x169.jpg\" alt=\"\" width=\"300\" height=\"169\" srcset=\"http:\/\/ppg-foerderverein.de\/wp-content\/uploads\/2020\/10\/x20200725_102930-300x169.jpg 300w, http:\/\/ppg-foerderverein.de\/wp-content\/uploads\/2020\/10\/x20200725_102930-1024x576.jpg 1024w, http:\/\/ppg-foerderverein.de\/wp-content\/uploads\/2020\/10\/x20200725_102930-768x432.jpg 768w, http:\/\/ppg-foerderverein.de\/wp-content\/uploads\/2020\/10\/x20200725_102930-624x351.jpg 624w, http:\/\/ppg-foerderverein.de\/wp-content\/uploads\/2020\/10\/x20200725_102930.jpg 1210w\" sizes=\"auto, (max-width: 300px) 100vw, 300px\" \/><\/a> <a href=\"http:\/\/ppg-foerderverein.de\/wp-content\/uploads\/2020\/10\/x20200725_102956.jpg\"><img loading=\"lazy\" decoding=\"async\" class=\"alignnone size-medium wp-image-3825\" src=\"http:\/\/ppg-foerderverein.de\/wp-content\/uploads\/2020\/10\/x20200725_102956-300x169.jpg\" alt=\"\" width=\"300\" height=\"169\" srcset=\"http:\/\/ppg-foerderverein.de\/wp-content\/uploads\/2020\/10\/x20200725_102956-300x169.jpg 300w, http:\/\/ppg-foerderverein.de\/wp-content\/uploads\/2020\/10\/x20200725_102956-1024x576.jpg 1024w, http:\/\/ppg-foerderverein.de\/wp-content\/uploads\/2020\/10\/x20200725_102956-768x432.jpg 768w, http:\/\/ppg-foerderverein.de\/wp-content\/uploads\/2020\/10\/x20200725_102956-624x351.jpg 624w, http:\/\/ppg-foerderverein.de\/wp-content\/uploads\/2020\/10\/x20200725_102956.jpg 1210w\" sizes=\"auto, (max-width: 300px) 100vw, 300px\" \/><\/a> <a href=\"http:\/\/ppg-foerderverein.de\/wp-content\/uploads\/2020\/10\/x20200725_110603.jpg\"><img loading=\"lazy\" decoding=\"async\" class=\"alignnone size-medium wp-image-3826\" src=\"http:\/\/ppg-foerderverein.de\/wp-content\/uploads\/2020\/10\/x20200725_110603-300x169.jpg\" alt=\"\" width=\"300\" height=\"169\" srcset=\"http:\/\/ppg-foerderverein.de\/wp-content\/uploads\/2020\/10\/x20200725_110603-300x169.jpg 300w, http:\/\/ppg-foerderverein.de\/wp-content\/uploads\/2020\/10\/x20200725_110603-1024x576.jpg 1024w, http:\/\/ppg-foerderverein.de\/wp-content\/uploads\/2020\/10\/x20200725_110603-768x432.jpg 768w, http:\/\/ppg-foerderverein.de\/wp-content\/uploads\/2020\/10\/x20200725_110603-624x351.jpg 624w, http:\/\/ppg-foerderverein.de\/wp-content\/uploads\/2020\/10\/x20200725_110603.jpg 1210w\" sizes=\"auto, (max-width: 300px) 100vw, 300px\" \/><\/a> <a href=\"http:\/\/ppg-foerderverein.de\/wp-content\/uploads\/2020\/10\/x20200725_100751-3.jpg\"><img loading=\"lazy\" decoding=\"async\" class=\"alignnone size-medium wp-image-3827\" src=\"http:\/\/ppg-foerderverein.de\/wp-content\/uploads\/2020\/10\/x20200725_100751-3-300x168.jpg\" alt=\"\" width=\"300\" height=\"168\" srcset=\"http:\/\/ppg-foerderverein.de\/wp-content\/uploads\/2020\/10\/x20200725_100751-3-300x168.jpg 300w, http:\/\/ppg-foerderverein.de\/wp-content\/uploads\/2020\/10\/x20200725_100751-3-768x431.jpg 768w, http:\/\/ppg-foerderverein.de\/wp-content\/uploads\/2020\/10\/x20200725_100751-3-624x350.jpg 624w, http:\/\/ppg-foerderverein.de\/wp-content\/uploads\/2020\/10\/x20200725_100751-3.jpg 789w\" sizes=\"auto, (max-width: 300px) 100vw, 300px\" \/><\/a> <a href=\"http:\/\/ppg-foerderverein.de\/wp-content\/uploads\/2020\/10\/x20200725_100203.jpg\"><img loading=\"lazy\" decoding=\"async\" class=\"alignnone size-medium wp-image-3828\" src=\"http:\/\/ppg-foerderverein.de\/wp-content\/uploads\/2020\/10\/x20200725_100203-300x169.jpg\" alt=\"\" width=\"300\" height=\"169\" srcset=\"http:\/\/ppg-foerderverein.de\/wp-content\/uploads\/2020\/10\/x20200725_100203-300x169.jpg 300w, http:\/\/ppg-foerderverein.de\/wp-content\/uploads\/2020\/10\/x20200725_100203-1024x576.jpg 1024w, http:\/\/ppg-foerderverein.de\/wp-content\/uploads\/2020\/10\/x20200725_100203-768x432.jpg 768w, http:\/\/ppg-foerderverein.de\/wp-content\/uploads\/2020\/10\/x20200725_100203-624x351.jpg 624w, http:\/\/ppg-foerderverein.de\/wp-content\/uploads\/2020\/10\/x20200725_100203.jpg 1210w\" sizes=\"auto, (max-width: 300px) 100vw, 300px\" \/><\/a> <a href=\"http:\/\/ppg-foerderverein.de\/wp-content\/uploads\/2020\/10\/x20200725_100213.jpg\"><img loading=\"lazy\" decoding=\"async\" class=\"alignnone size-medium wp-image-3829\" src=\"http:\/\/ppg-foerderverein.de\/wp-content\/uploads\/2020\/10\/x20200725_100213-300x169.jpg\" alt=\"\" width=\"300\" height=\"169\" srcset=\"http:\/\/ppg-foerderverein.de\/wp-content\/uploads\/2020\/10\/x20200725_100213-300x169.jpg 300w, http:\/\/ppg-foerderverein.de\/wp-content\/uploads\/2020\/10\/x20200725_100213-1024x576.jpg 1024w, http:\/\/ppg-foerderverein.de\/wp-content\/uploads\/2020\/10\/x20200725_100213-768x432.jpg 768w, http:\/\/ppg-foerderverein.de\/wp-content\/uploads\/2020\/10\/x20200725_100213-624x351.jpg 624w, http:\/\/ppg-foerderverein.de\/wp-content\/uploads\/2020\/10\/x20200725_100213.jpg 1210w\" sizes=\"auto, (max-width: 300px) 100vw, 300px\" \/><\/a> <a href=\"http:\/\/ppg-foerderverein.de\/wp-content\/uploads\/2020\/10\/x20200725_110018-2.jpg\"><img loading=\"lazy\" decoding=\"async\" class=\"alignnone size-medium wp-image-3830\" src=\"http:\/\/ppg-foerderverein.de\/wp-content\/uploads\/2020\/10\/x20200725_110018-2-300x169.jpg\" alt=\"\" width=\"300\" height=\"169\" srcset=\"http:\/\/ppg-foerderverein.de\/wp-content\/uploads\/2020\/10\/x20200725_110018-2-300x169.jpg 300w, http:\/\/ppg-foerderverein.de\/wp-content\/uploads\/2020\/10\/x20200725_110018-2-624x351.jpg 624w, http:\/\/ppg-foerderverein.de\/wp-content\/uploads\/2020\/10\/x20200725_110018-2.jpg 680w\" sizes=\"auto, (max-width: 300px) 100vw, 300px\" \/><\/a><\/p>\r\n<p>27.07.2020\u00a0\u00a0\u00a0\u00a0 Bei der feierlichen Verabschiedung der Abiturienten des 40. Abiturjahrgangs im Autokino auf dem Maimarktgel\u00e4nde \u00fcberbringen Herr J\u00fcrgen Bartels (1. Vorsitzender) und Herr Dr. Ingo Leichert (2. Vorsitzender) Gru\u00dfworte des F\u00f6rdervereins.<\/p>\r\n<\/div>\r\n<\/div>\r\n\r\n\r\n\r\n<div class=\"wp-block-image\">\r\n<figure class=\"aligncenter size-large is-resized\"><img loading=\"lazy\" decoding=\"async\" class=\"wp-image-3868\" src=\"http:\/\/ppg-foerderverein.de\/wp-content\/uploads\/2020\/10\/IMG-20200729-WA0014.jpg\" alt=\"\" width=\"354\" height=\"472\" srcset=\"http:\/\/ppg-foerderverein.de\/wp-content\/uploads\/2020\/10\/IMG-20200729-WA0014.jpg 768w, http:\/\/ppg-foerderverein.de\/wp-content\/uploads\/2020\/10\/IMG-20200729-WA0014-225x300.jpg 225w, http:\/\/ppg-foerderverein.de\/wp-content\/uploads\/2020\/10\/IMG-20200729-WA0014-624x832.jpg 624w\" sizes=\"auto, (max-width: 354px) 100vw, 354px\" \/><\/figure>\r\n<\/div>\r\n\r\n\r\n\r\n<figure class=\"wp-block-gallery columns-3 is-cropped wp-block-gallery-1 is-layout-flex wp-block-gallery-is-layout-flex\">\r\n<ul class=\"blocks-gallery-grid\">\r\n<li class=\"blocks-gallery-item\">\r\n<figure><img loading=\"lazy\" decoding=\"async\" width=\"1024\" height=\"576\" class=\"wp-image-3878\" src=\"http:\/\/ppg-foerderverein.de\/wp-content\/uploads\/2020\/10\/20200727_183351-1024x576.jpg\" alt=\"\" data-id=\"3878\" data-full-url=\"http:\/\/ppg-foerderverein.de\/wp-content\/uploads\/2020\/10\/20200727_183351-scaled.jpg\" data-link=\"http:\/\/ppg-foerderverein.de\/?attachment_id=3878\" srcset=\"http:\/\/ppg-foerderverein.de\/wp-content\/uploads\/2020\/10\/20200727_183351-1024x576.jpg 1024w, http:\/\/ppg-foerderverein.de\/wp-content\/uploads\/2020\/10\/20200727_183351-300x169.jpg 300w, http:\/\/ppg-foerderverein.de\/wp-content\/uploads\/2020\/10\/20200727_183351-768x432.jpg 768w, http:\/\/ppg-foerderverein.de\/wp-content\/uploads\/2020\/10\/20200727_183351-1536x864.jpg 1536w, http:\/\/ppg-foerderverein.de\/wp-content\/uploads\/2020\/10\/20200727_183351-2048x1152.jpg 2048w, http:\/\/ppg-foerderverein.de\/wp-content\/uploads\/2020\/10\/20200727_183351-624x351.jpg 624w\" sizes=\"auto, (max-width: 1024px) 100vw, 1024px\" \/><\/figure>\r\n<\/li>\r\n<li class=\"blocks-gallery-item\">\r\n<figure><img loading=\"lazy\" decoding=\"async\" width=\"1024\" height=\"576\" class=\"wp-image-3886\" src=\"http:\/\/ppg-foerderverein.de\/wp-content\/uploads\/2020\/10\/20200727_181533-1-1024x576.jpg\" alt=\"\" data-id=\"3886\" data-full-url=\"http:\/\/ppg-foerderverein.de\/wp-content\/uploads\/2020\/10\/20200727_181533-1-scaled.jpg\" data-link=\"http:\/\/ppg-foerderverein.de\/?attachment_id=3886\" srcset=\"http:\/\/ppg-foerderverein.de\/wp-content\/uploads\/2020\/10\/20200727_181533-1-1024x576.jpg 1024w, http:\/\/ppg-foerderverein.de\/wp-content\/uploads\/2020\/10\/20200727_181533-1-300x169.jpg 300w, http:\/\/ppg-foerderverein.de\/wp-content\/uploads\/2020\/10\/20200727_181533-1-768x432.jpg 768w, http:\/\/ppg-foerderverein.de\/wp-content\/uploads\/2020\/10\/20200727_181533-1-1536x864.jpg 1536w, http:\/\/ppg-foerderverein.de\/wp-content\/uploads\/2020\/10\/20200727_181533-1-2048x1152.jpg 2048w, http:\/\/ppg-foerderverein.de\/wp-content\/uploads\/2020\/10\/20200727_181533-1-624x351.jpg 624w\" sizes=\"auto, (max-width: 1024px) 100vw, 1024px\" \/><\/figure>\r\n<\/li>\r\n<li class=\"blocks-gallery-item\">\r\n<figure><img loading=\"lazy\" decoding=\"async\" width=\"1024\" height=\"576\" class=\"wp-image-3884\" src=\"http:\/\/ppg-foerderverein.de\/wp-content\/uploads\/2020\/10\/20200727_205918-1024x576.jpg\" alt=\"\" data-id=\"3884\" data-full-url=\"http:\/\/ppg-foerderverein.de\/wp-content\/uploads\/2020\/10\/20200727_205918-scaled.jpg\" data-link=\"http:\/\/ppg-foerderverein.de\/?attachment_id=3884\" srcset=\"http:\/\/ppg-foerderverein.de\/wp-content\/uploads\/2020\/10\/20200727_205918-1024x576.jpg 1024w, http:\/\/ppg-foerderverein.de\/wp-content\/uploads\/2020\/10\/20200727_205918-300x169.jpg 300w, http:\/\/ppg-foerderverein.de\/wp-content\/uploads\/2020\/10\/20200727_205918-768x432.jpg 768w, http:\/\/ppg-foerderverein.de\/wp-content\/uploads\/2020\/10\/20200727_205918-1536x864.jpg 1536w, http:\/\/ppg-foerderverein.de\/wp-content\/uploads\/2020\/10\/20200727_205918-2048x1152.jpg 2048w, http:\/\/ppg-foerderverein.de\/wp-content\/uploads\/2020\/10\/20200727_205918-624x351.jpg 624w\" sizes=\"auto, (max-width: 1024px) 100vw, 1024px\" \/><\/figure>\r\n<\/li>\r\n<\/ul>\r\n<\/figure>\r\n\r\n<p>14.09.2020\u00a0\u00a0\u00a0\u00a0 Das komplett sanierte und umgebaute Verwaltungsgeb\u00e4ude wird mit Beginn des neuen Schuljahres in Betrieb genommen. Der F\u00f6rderverein erh\u00e4lt erstmals einen eigenen B\u00fcroraum.<\/p>\r\n\r\n<figure class=\"wp-block-gallery columns-2 is-cropped wp-block-gallery-2 is-layout-flex wp-block-gallery-is-layout-flex\">\r\n<ul class=\"blocks-gallery-grid\">\r\n<li class=\"blocks-gallery-item\">\r\n<figure><img loading=\"lazy\" decoding=\"async\" width=\"1024\" height=\"768\" class=\"wp-image-3797\" src=\"http:\/\/ppg-foerderverein.de\/wp-content\/uploads\/2020\/10\/IMG_5713-1024x768.jpg\" alt=\"\" data-id=\"3797\" data-full-url=\"http:\/\/ppg-foerderverein.de\/wp-content\/uploads\/2020\/10\/IMG_5713-scaled.jpg\" data-link=\"http:\/\/ppg-foerderverein.de\/?attachment_id=3797\" srcset=\"http:\/\/ppg-foerderverein.de\/wp-content\/uploads\/2020\/10\/IMG_5713-1024x768.jpg 1024w, http:\/\/ppg-foerderverein.de\/wp-content\/uploads\/2020\/10\/IMG_5713-300x225.jpg 300w, http:\/\/ppg-foerderverein.de\/wp-content\/uploads\/2020\/10\/IMG_5713-768x576.jpg 768w, http:\/\/ppg-foerderverein.de\/wp-content\/uploads\/2020\/10\/IMG_5713-1536x1152.jpg 1536w, http:\/\/ppg-foerderverein.de\/wp-content\/uploads\/2020\/10\/IMG_5713-2048x1536.jpg 2048w, http:\/\/ppg-foerderverein.de\/wp-content\/uploads\/2020\/10\/IMG_5713-624x468.jpg 624w\" sizes=\"auto, (max-width: 1024px) 100vw, 1024px\" \/>\r\n<figcaption class=\"blocks-gallery-item__caption\">Altes Fachklassen- und Verwaltungsgeb\u00e4ude (1976-2018)<\/figcaption>\r\n<\/figure>\r\n<\/li>\r\n<li class=\"blocks-gallery-item\">\r\n<figure><img loading=\"lazy\" decoding=\"async\" width=\"1024\" height=\"576\" class=\"wp-image-3792\" src=\"http:\/\/ppg-foerderverein.de\/wp-content\/uploads\/2020\/10\/20200708_192828-1-1024x576.jpg\" alt=\"\" data-id=\"3792\" data-full-url=\"http:\/\/ppg-foerderverein.de\/wp-content\/uploads\/2020\/10\/20200708_192828-1-scaled.jpg\" data-link=\"http:\/\/ppg-foerderverein.de\/?attachment_id=3792\" srcset=\"http:\/\/ppg-foerderverein.de\/wp-content\/uploads\/2020\/10\/20200708_192828-1-1024x576.jpg 1024w, http:\/\/ppg-foerderverein.de\/wp-content\/uploads\/2020\/10\/20200708_192828-1-300x169.jpg 300w, http:\/\/ppg-foerderverein.de\/wp-content\/uploads\/2020\/10\/20200708_192828-1-768x432.jpg 768w, http:\/\/ppg-foerderverein.de\/wp-content\/uploads\/2020\/10\/20200708_192828-1-1536x864.jpg 1536w, http:\/\/ppg-foerderverein.de\/wp-content\/uploads\/2020\/10\/20200708_192828-1-2048x1152.jpg 2048w, http:\/\/ppg-foerderverein.de\/wp-content\/uploads\/2020\/10\/20200708_192828-1-624x351.jpg 624w\" sizes=\"auto, (max-width: 1024px) 100vw, 1024px\" \/>\r\n<figcaption class=\"blocks-gallery-item__caption\">Neues Verwaltungsgeb\u00e4ude 2020<\/figcaption>\r\n<\/figure>\r\n<\/li>\r\n<\/ul>\r\n<\/figure>\r\n\r\n\r\n\r\n<p>September\/Oktober 2020<\/p>\r\n\r\n\r\n\r\n<p>Abschied von den alten Geb\u00e4uden &#8211; Abrissarbeiten auf dem Schulgel\u00e4nde: alter Musischer Trakt (1,2), Dependance I (3,4), Dependance II und III (5), alte Turnhalle (6)<\/p>\r\n\r\n\r\n\r\n<figure class=\"wp-block-gallery columns-3 is-cropped wp-block-gallery-3 is-layout-flex wp-block-gallery-is-layout-flex\">\r\n<ul class=\"blocks-gallery-grid\">\r\n<li class=\"blocks-gallery-item\">\r\n<figure><img loading=\"lazy\" decoding=\"async\" width=\"1024\" height=\"576\" class=\"wp-image-3839\" src=\"http:\/\/ppg-foerderverein.de\/wp-content\/uploads\/2020\/10\/x20200725_102112a-1024x576.jpg\" alt=\"\" data-id=\"3839\" data-full-url=\"http:\/\/ppg-foerderverein.de\/wp-content\/uploads\/2020\/10\/x20200725_102112a.jpg\" data-link=\"http:\/\/ppg-foerderverein.de\/?attachment_id=3839\" srcset=\"http:\/\/ppg-foerderverein.de\/wp-content\/uploads\/2020\/10\/x20200725_102112a-1024x576.jpg 1024w, http:\/\/ppg-foerderverein.de\/wp-content\/uploads\/2020\/10\/x20200725_102112a-300x169.jpg 300w, http:\/\/ppg-foerderverein.de\/wp-content\/uploads\/2020\/10\/x20200725_102112a-768x432.jpg 768w, http:\/\/ppg-foerderverein.de\/wp-content\/uploads\/2020\/10\/x20200725_102112a-624x351.jpg 624w, http:\/\/ppg-foerderverein.de\/wp-content\/uploads\/2020\/10\/x20200725_102112a.jpg 1210w\" sizes=\"auto, (max-width: 1024px) 100vw, 1024px\" \/>\r\n<figcaption class=\"blocks-gallery-item__caption\">1<\/figcaption>\r\n<\/figure>\r\n<\/li>\r\n<li class=\"blocks-gallery-item\">\r\n<figure><img loading=\"lazy\" decoding=\"async\" width=\"1024\" height=\"576\" class=\"wp-image-3847\" src=\"http:\/\/ppg-foerderverein.de\/wp-content\/uploads\/2020\/10\/x20200725_103836a-1024x576.jpg\" alt=\"\" data-id=\"3847\" data-full-url=\"http:\/\/ppg-foerderverein.de\/wp-content\/uploads\/2020\/10\/x20200725_103836a.jpg\" data-link=\"http:\/\/ppg-foerderverein.de\/?attachment_id=3847\" srcset=\"http:\/\/ppg-foerderverein.de\/wp-content\/uploads\/2020\/10\/x20200725_103836a-1024x576.jpg 1024w, http:\/\/ppg-foerderverein.de\/wp-content\/uploads\/2020\/10\/x20200725_103836a-300x169.jpg 300w, http:\/\/ppg-foerderverein.de\/wp-content\/uploads\/2020\/10\/x20200725_103836a-768x432.jpg 768w, http:\/\/ppg-foerderverein.de\/wp-content\/uploads\/2020\/10\/x20200725_103836a-624x351.jpg 624w, http:\/\/ppg-foerderverein.de\/wp-content\/uploads\/2020\/10\/x20200725_103836a.jpg 1334w\" sizes=\"auto, (max-width: 1024px) 100vw, 1024px\" \/>\r\n<figcaption class=\"blocks-gallery-item__caption\">2<\/figcaption>\r\n<\/figure>\r\n<\/li>\r\n<li class=\"blocks-gallery-item\">\r\n<figure><img loading=\"lazy\" decoding=\"async\" width=\"1024\" height=\"576\" class=\"wp-image-3841\" src=\"http:\/\/ppg-foerderverein.de\/wp-content\/uploads\/2020\/10\/x20200725_103531a-1024x576.jpg\" alt=\"\" data-id=\"3841\" data-full-url=\"http:\/\/ppg-foerderverein.de\/wp-content\/uploads\/2020\/10\/x20200725_103531a.jpg\" data-link=\"http:\/\/ppg-foerderverein.de\/?attachment_id=3841\" srcset=\"http:\/\/ppg-foerderverein.de\/wp-content\/uploads\/2020\/10\/x20200725_103531a-1024x576.jpg 1024w, http:\/\/ppg-foerderverein.de\/wp-content\/uploads\/2020\/10\/x20200725_103531a-300x169.jpg 300w, http:\/\/ppg-foerderverein.de\/wp-content\/uploads\/2020\/10\/x20200725_103531a-768x432.jpg 768w, http:\/\/ppg-foerderverein.de\/wp-content\/uploads\/2020\/10\/x20200725_103531a-624x351.jpg 624w, http:\/\/ppg-foerderverein.de\/wp-content\/uploads\/2020\/10\/x20200725_103531a.jpg 1210w\" sizes=\"auto, (max-width: 1024px) 100vw, 1024px\" \/>\r\n<figcaption class=\"blocks-gallery-item__caption\">3<\/figcaption>\r\n<\/figure>\r\n<\/li>\r\n<li class=\"blocks-gallery-item\">\r\n<figure><img loading=\"lazy\" decoding=\"async\" width=\"1024\" height=\"576\" class=\"wp-image-3848\" src=\"http:\/\/ppg-foerderverein.de\/wp-content\/uploads\/2020\/10\/x20200725_103607a-1024x576.jpg\" alt=\"\" data-id=\"3848\" data-full-url=\"http:\/\/ppg-foerderverein.de\/wp-content\/uploads\/2020\/10\/x20200725_103607a.jpg\" data-link=\"http:\/\/ppg-foerderverein.de\/?attachment_id=3848\" srcset=\"http:\/\/ppg-foerderverein.de\/wp-content\/uploads\/2020\/10\/x20200725_103607a-1024x576.jpg 1024w, http:\/\/ppg-foerderverein.de\/wp-content\/uploads\/2020\/10\/x20200725_103607a-300x169.jpg 300w, http:\/\/ppg-foerderverein.de\/wp-content\/uploads\/2020\/10\/x20200725_103607a-768x432.jpg 768w, http:\/\/ppg-foerderverein.de\/wp-content\/uploads\/2020\/10\/x20200725_103607a-624x351.jpg 624w, http:\/\/ppg-foerderverein.de\/wp-content\/uploads\/2020\/10\/x20200725_103607a.jpg 1383w\" sizes=\"auto, (max-width: 1024px) 100vw, 1024px\" \/>\r\n<figcaption class=\"blocks-gallery-item__caption\">4<\/figcaption>\r\n<\/figure>\r\n<\/li>\r\n<li class=\"blocks-gallery-item\">\r\n<figure><img loading=\"lazy\" decoding=\"async\" width=\"1024\" height=\"576\" class=\"wp-image-3840\" src=\"http:\/\/ppg-foerderverein.de\/wp-content\/uploads\/2020\/10\/x20200725_103044a-1024x576.jpg\" alt=\"\" data-id=\"3840\" data-full-url=\"http:\/\/ppg-foerderverein.de\/wp-content\/uploads\/2020\/10\/x20200725_103044a.jpg\" data-link=\"http:\/\/ppg-foerderverein.de\/?attachment_id=3840\" srcset=\"http:\/\/ppg-foerderverein.de\/wp-content\/uploads\/2020\/10\/x20200725_103044a-1024x576.jpg 1024w, http:\/\/ppg-foerderverein.de\/wp-content\/uploads\/2020\/10\/x20200725_103044a-300x169.jpg 300w, http:\/\/ppg-foerderverein.de\/wp-content\/uploads\/2020\/10\/x20200725_103044a-768x432.jpg 768w, http:\/\/ppg-foerderverein.de\/wp-content\/uploads\/2020\/10\/x20200725_103044a-624x351.jpg 624w, http:\/\/ppg-foerderverein.de\/wp-content\/uploads\/2020\/10\/x20200725_103044a.jpg 1210w\" sizes=\"auto, (max-width: 1024px) 100vw, 1024px\" \/>\r\n<figcaption class=\"blocks-gallery-item__caption\">5<\/figcaption>\r\n<\/figure>\r\n<\/li>\r\n<li class=\"blocks-gallery-item\">\r\n<figure><img loading=\"lazy\" decoding=\"async\" width=\"1024\" height=\"576\" class=\"wp-image-3849\" src=\"http:\/\/ppg-foerderverein.de\/wp-content\/uploads\/2020\/10\/x20200725_102831a-1024x576.jpg\" alt=\"\" data-id=\"3849\" data-full-url=\"http:\/\/ppg-foerderverein.de\/wp-content\/uploads\/2020\/10\/x20200725_102831a.jpg\" data-link=\"http:\/\/ppg-foerderverein.de\/?attachment_id=3849\" srcset=\"http:\/\/ppg-foerderverein.de\/wp-content\/uploads\/2020\/10\/x20200725_102831a-1024x576.jpg 1024w, http:\/\/ppg-foerderverein.de\/wp-content\/uploads\/2020\/10\/x20200725_102831a-300x169.jpg 300w, http:\/\/ppg-foerderverein.de\/wp-content\/uploads\/2020\/10\/x20200725_102831a-768x432.jpg 768w, http:\/\/ppg-foerderverein.de\/wp-content\/uploads\/2020\/10\/x20200725_102831a-624x351.jpg 624w, http:\/\/ppg-foerderverein.de\/wp-content\/uploads\/2020\/10\/x20200725_102831a.jpg 1210w\" sizes=\"auto, (max-width: 1024px) 100vw, 1024px\" \/>\r\n<figcaption class=\"blocks-gallery-item__caption\">6<\/figcaption>\r\n<\/figure>\r\n<\/li>\r\n<\/ul>\r\n<\/figure>\r\n\r\n\r\n\r\n<figure class=\"wp-block-gallery columns-3 is-cropped wp-block-gallery-4 is-layout-flex wp-block-gallery-is-layout-flex\">\r\n<ul class=\"blocks-gallery-grid\">\r\n<li class=\"blocks-gallery-item\">\r\n<figure><img loading=\"lazy\" decoding=\"async\" width=\"1024\" height=\"768\" class=\"wp-image-3805\" src=\"http:\/\/ppg-foerderverein.de\/wp-content\/uploads\/2020\/10\/Abriss-01-1024x768.jpg\" alt=\"\" data-id=\"3805\" data-full-url=\"http:\/\/ppg-foerderverein.de\/wp-content\/uploads\/2020\/10\/Abriss-01.jpg\" data-link=\"http:\/\/ppg-foerderverein.de\/?attachment_id=3805\" srcset=\"http:\/\/ppg-foerderverein.de\/wp-content\/uploads\/2020\/10\/Abriss-01-1024x768.jpg 1024w, http:\/\/ppg-foerderverein.de\/wp-content\/uploads\/2020\/10\/Abriss-01-300x225.jpg 300w, http:\/\/ppg-foerderverein.de\/wp-content\/uploads\/2020\/10\/Abriss-01-768x576.jpg 768w, http:\/\/ppg-foerderverein.de\/wp-content\/uploads\/2020\/10\/Abriss-01-624x468.jpg 624w, http:\/\/ppg-foerderverein.de\/wp-content\/uploads\/2020\/10\/Abriss-01.jpg 1296w\" sizes=\"auto, (max-width: 1024px) 100vw, 1024px\" \/><\/figure>\r\n<\/li>\r\n<li class=\"blocks-gallery-item\">\r\n<figure><img loading=\"lazy\" decoding=\"async\" width=\"1024\" height=\"768\" class=\"wp-image-3806\" src=\"http:\/\/ppg-foerderverein.de\/wp-content\/uploads\/2020\/10\/Abriss-03-1024x768.jpg\" alt=\"\" data-id=\"3806\" data-full-url=\"http:\/\/ppg-foerderverein.de\/wp-content\/uploads\/2020\/10\/Abriss-03.jpg\" data-link=\"http:\/\/ppg-foerderverein.de\/?attachment_id=3806\" srcset=\"http:\/\/ppg-foerderverein.de\/wp-content\/uploads\/2020\/10\/Abriss-03-1024x768.jpg 1024w, http:\/\/ppg-foerderverein.de\/wp-content\/uploads\/2020\/10\/Abriss-03-300x225.jpg 300w, http:\/\/ppg-foerderverein.de\/wp-content\/uploads\/2020\/10\/Abriss-03-768x576.jpg 768w, http:\/\/ppg-foerderverein.de\/wp-content\/uploads\/2020\/10\/Abriss-03-624x468.jpg 624w, http:\/\/ppg-foerderverein.de\/wp-content\/uploads\/2020\/10\/Abriss-03.jpg 1296w\" sizes=\"auto, (max-width: 1024px) 100vw, 1024px\" \/><\/figure>\r\n<\/li>\r\n<li class=\"blocks-gallery-item\">\r\n<figure><img loading=\"lazy\" decoding=\"async\" width=\"1024\" height=\"576\" class=\"wp-image-3807\" src=\"http:\/\/ppg-foerderverein.de\/wp-content\/uploads\/2020\/10\/Abriss-06-1024x576.jpg\" alt=\"\" data-id=\"3807\" data-full-url=\"http:\/\/ppg-foerderverein.de\/wp-content\/uploads\/2020\/10\/Abriss-06.jpg\" data-link=\"http:\/\/ppg-foerderverein.de\/?attachment_id=3807\" srcset=\"http:\/\/ppg-foerderverein.de\/wp-content\/uploads\/2020\/10\/Abriss-06-1024x576.jpg 1024w, http:\/\/ppg-foerderverein.de\/wp-content\/uploads\/2020\/10\/Abriss-06-300x169.jpg 300w, http:\/\/ppg-foerderverein.de\/wp-content\/uploads\/2020\/10\/Abriss-06-768x432.jpg 768w, http:\/\/ppg-foerderverein.de\/wp-content\/uploads\/2020\/10\/Abriss-06-624x351.jpg 624w, http:\/\/ppg-foerderverein.de\/wp-content\/uploads\/2020\/10\/Abriss-06.jpg 1210w\" sizes=\"auto, (max-width: 1024px) 100vw, 1024px\" \/><\/figure>\r\n<\/li>\r\n<li class=\"blocks-gallery-item\">\r\n<figure><img loading=\"lazy\" decoding=\"async\" width=\"1024\" height=\"576\" class=\"wp-image-3814\" src=\"http:\/\/ppg-foerderverein.de\/wp-content\/uploads\/2020\/10\/Abriss-11-1024x576.jpg\" alt=\"\" data-id=\"3814\" data-full-url=\"http:\/\/ppg-foerderverein.de\/wp-content\/uploads\/2020\/10\/Abriss-11.jpg\" data-link=\"http:\/\/ppg-foerderverein.de\/?attachment_id=3814\" srcset=\"http:\/\/ppg-foerderverein.de\/wp-content\/uploads\/2020\/10\/Abriss-11-1024x576.jpg 1024w, http:\/\/ppg-foerderverein.de\/wp-content\/uploads\/2020\/10\/Abriss-11-300x169.jpg 300w, http:\/\/ppg-foerderverein.de\/wp-content\/uploads\/2020\/10\/Abriss-11-768x432.jpg 768w, http:\/\/ppg-foerderverein.de\/wp-content\/uploads\/2020\/10\/Abriss-11-624x351.jpg 624w, http:\/\/ppg-foerderverein.de\/wp-content\/uploads\/2020\/10\/Abriss-11.jpg 1210w\" sizes=\"auto, (max-width: 1024px) 100vw, 1024px\" \/><\/figure>\r\n<\/li>\r\n<li class=\"blocks-gallery-item\">\r\n<figure><img loading=\"lazy\" decoding=\"async\" width=\"1024\" height=\"576\" class=\"wp-image-3815\" src=\"http:\/\/ppg-foerderverein.de\/wp-content\/uploads\/2020\/10\/Abriss-09-1024x576.jpg\" alt=\"\" data-id=\"3815\" data-full-url=\"http:\/\/ppg-foerderverein.de\/wp-content\/uploads\/2020\/10\/Abriss-09.jpg\" data-link=\"http:\/\/ppg-foerderverein.de\/?attachment_id=3815\" srcset=\"http:\/\/ppg-foerderverein.de\/wp-content\/uploads\/2020\/10\/Abriss-09-1024x576.jpg 1024w, http:\/\/ppg-foerderverein.de\/wp-content\/uploads\/2020\/10\/Abriss-09-300x169.jpg 300w, http:\/\/ppg-foerderverein.de\/wp-content\/uploads\/2020\/10\/Abriss-09-768x432.jpg 768w, http:\/\/ppg-foerderverein.de\/wp-content\/uploads\/2020\/10\/Abriss-09-624x351.jpg 624w, http:\/\/ppg-foerderverein.de\/wp-content\/uploads\/2020\/10\/Abriss-09.jpg 1210w\" sizes=\"auto, (max-width: 1024px) 100vw, 1024px\" \/><\/figure>\r\n<\/li>\r\n<li class=\"blocks-gallery-item\">\r\n<figure><img loading=\"lazy\" decoding=\"async\" width=\"1024\" height=\"576\" class=\"wp-image-3808\" src=\"http:\/\/ppg-foerderverein.de\/wp-content\/uploads\/2020\/10\/Abriss-07-1024x576.jpg\" alt=\"\" data-id=\"3808\" data-full-url=\"http:\/\/ppg-foerderverein.de\/wp-content\/uploads\/2020\/10\/Abriss-07.jpg\" data-link=\"http:\/\/ppg-foerderverein.de\/?attachment_id=3808\" srcset=\"http:\/\/ppg-foerderverein.de\/wp-content\/uploads\/2020\/10\/Abriss-07-1024x576.jpg 1024w, http:\/\/ppg-foerderverein.de\/wp-content\/uploads\/2020\/10\/Abriss-07-300x169.jpg 300w, http:\/\/ppg-foerderverein.de\/wp-content\/uploads\/2020\/10\/Abriss-07-768x432.jpg 768w, http:\/\/ppg-foerderverein.de\/wp-content\/uploads\/2020\/10\/Abriss-07-624x351.jpg 624w, http:\/\/ppg-foerderverein.de\/wp-content\/uploads\/2020\/10\/Abriss-07.jpg 1210w\" sizes=\"auto, (max-width: 1024px) 100vw, 1024px\" \/><\/figure>\r\n<\/li>\r\n<\/ul>\r\n<\/figure>\r\n\r\n\r\n\r\n<p>28.12.2020 Trauer um Roland Wei\u00df<\/p>\r\n\r\n\r\n\r\n<div class=\"wp-block-image\">\r\n<figure class=\"aligncenter size-large is-resized\"><img loading=\"lazy\" decoding=\"async\" class=\"wp-image-4046\" src=\"http:\/\/ppg-foerderverein.de\/wp-content\/uploads\/2021\/01\/2008-Elternforum-Umbau-4.jpg\" alt=\"\" width=\"393\" height=\"295\" srcset=\"http:\/\/ppg-foerderverein.de\/wp-content\/uploads\/2021\/01\/2008-Elternforum-Umbau-4.jpg 541w, http:\/\/ppg-foerderverein.de\/wp-content\/uploads\/2021\/01\/2008-Elternforum-Umbau-4-300x225.jpg 300w\" sizes=\"auto, (max-width: 393px) 100vw, 393px\" \/>\r\n<figcaption>24.01.1956 28.12.2020<\/figcaption>\r\n<\/figure>\r\n<\/div>\r\n\r\n\r\n\r\n<p>Unser langj\u00e4hriges Mitglied, Schatzmeister des F\u00f6V (2002-2004), engagierter Elternbeiratsvorsitzender des PPG (2000-2009), Stadtrat und Ex-Landtagsabgeordneter Herr Roland Wei\u00df ist im Alter von 64 Jahren, nach schwerer Krankheit und schneller als zu bef\u00fcrchten war, verstorben. Wir verlieren eine Pers\u00f6nlichkeit, die sich stets f\u00fcr das Wohl der Schule einsetzte, aber auch einen dem Mitmenschen freundlich zugewandten, positiv denkenden, zupackenden und charismatischen Menschen. Wir werden ihn in dankbarer Erinnerung halten.<\/p>\r\n\r\n\r\n\r\n<figure class=\"wp-block-gallery columns-3 is-cropped wp-block-gallery-5 is-layout-flex wp-block-gallery-is-layout-flex\">\r\n<ul class=\"blocks-gallery-grid\">\r\n<li class=\"blocks-gallery-item\">\r\n<figure><img loading=\"lazy\" decoding=\"async\" width=\"1024\" height=\"683\" class=\"wp-image-2276\" src=\"http:\/\/ppg-foerderverein.de\/wp-content\/uploads\/2018\/05\/Ausfl03_19a-1024x683-1024x683.jpg\" alt=\"\" data-id=\"2276\" data-full-url=\"http:\/\/ppg-foerderverein.de\/wp-content\/uploads\/2018\/05\/Ausfl03_19a-1024x683.jpg\" data-link=\"http:\/\/ppg-foerderverein.de\/?attachment_id=2276\" srcset=\"http:\/\/ppg-foerderverein.de\/wp-content\/uploads\/2018\/05\/Ausfl03_19a-1024x683.jpg 1024w, http:\/\/ppg-foerderverein.de\/wp-content\/uploads\/2018\/05\/Ausfl03_19a-1024x683-300x200.jpg 300w, http:\/\/ppg-foerderverein.de\/wp-content\/uploads\/2018\/05\/Ausfl03_19a-1024x683-768x512.jpg 768w, http:\/\/ppg-foerderverein.de\/wp-content\/uploads\/2018\/05\/Ausfl03_19a-1024x683-624x416.jpg 624w\" sizes=\"auto, (max-width: 1024px) 100vw, 1024px\" \/>\r\n<figcaption class=\"blocks-gallery-item__caption\">2003 Bei der Herbstwanderung des F\u00f6rdervereins in der S\u00fcdpfalz<\/figcaption>\r\n<\/figure>\r\n<\/li>\r\n<li class=\"blocks-gallery-item\">\r\n<figure><img loading=\"lazy\" decoding=\"async\" width=\"1024\" height=\"767\" class=\"wp-image-4031\" src=\"http:\/\/ppg-foerderverein.de\/wp-content\/uploads\/2021\/01\/2004-Blaeserkonzert-b-1024x767.jpg\" alt=\"2004\" data-id=\"4031\" data-full-url=\"http:\/\/ppg-foerderverein.de\/wp-content\/uploads\/2021\/01\/2004-Blaeserkonzert-b.jpg\" data-link=\"http:\/\/ppg-foerderverein.de\/?attachment_id=4031\" srcset=\"http:\/\/ppg-foerderverein.de\/wp-content\/uploads\/2021\/01\/2004-Blaeserkonzert-b-1024x767.jpg 1024w, http:\/\/ppg-foerderverein.de\/wp-content\/uploads\/2021\/01\/2004-Blaeserkonzert-b-300x225.jpg 300w, http:\/\/ppg-foerderverein.de\/wp-content\/uploads\/2021\/01\/2004-Blaeserkonzert-b-768x576.jpg 768w, http:\/\/ppg-foerderverein.de\/wp-content\/uploads\/2021\/01\/2004-Blaeserkonzert-b-1536x1151.jpg 1536w, http:\/\/ppg-foerderverein.de\/wp-content\/uploads\/2021\/01\/2004-Blaeserkonzert-b-2048x1535.jpg 2048w, http:\/\/ppg-foerderverein.de\/wp-content\/uploads\/2021\/01\/2004-Blaeserkonzert-b-624x468.jpg 624w\" sizes=\"auto, (max-width: 1024px) 100vw, 1024px\" \/>\r\n<figcaption class=\"blocks-gallery-item__caption\">2004 Beim Bl\u00e4serkonzert mit Karlheinz Schie\u00df und Schulleiter Dr. Ingo Leichert<\/figcaption>\r\n<\/figure>\r\n<\/li>\r\n<li class=\"blocks-gallery-item\">\r\n<figure><img loading=\"lazy\" decoding=\"async\" width=\"1024\" height=\"768\" class=\"wp-image-4029\" src=\"http:\/\/ppg-foerderverein.de\/wp-content\/uploads\/2021\/01\/2009-Abiball-Baumhain-a2-1024x768.jpg\" alt=\"\" data-id=\"4029\" data-full-url=\"http:\/\/ppg-foerderverein.de\/wp-content\/uploads\/2021\/01\/2009-Abiball-Baumhain-a2.jpg\" data-link=\"http:\/\/ppg-foerderverein.de\/?attachment_id=4029\" srcset=\"http:\/\/ppg-foerderverein.de\/wp-content\/uploads\/2021\/01\/2009-Abiball-Baumhain-a2-1024x768.jpg 1024w, http:\/\/ppg-foerderverein.de\/wp-content\/uploads\/2021\/01\/2009-Abiball-Baumhain-a2-300x225.jpg 300w, http:\/\/ppg-foerderverein.de\/wp-content\/uploads\/2021\/01\/2009-Abiball-Baumhain-a2-768x576.jpg 768w, http:\/\/ppg-foerderverein.de\/wp-content\/uploads\/2021\/01\/2009-Abiball-Baumhain-a2-1536x1152.jpg 1536w, http:\/\/ppg-foerderverein.de\/wp-content\/uploads\/2021\/01\/2009-Abiball-Baumhain-a2-624x468.jpg 624w, http:\/\/ppg-foerderverein.de\/wp-content\/uploads\/2021\/01\/2009-Abiball-Baumhain-a2.jpg 1577w\" sizes=\"auto, (max-width: 1024px) 100vw, 1024px\" \/>\r\n<figcaption class=\"blocks-gallery-item__caption\">2009 Bei der Verabschiedung der Abiturienten im Baumhain<\/figcaption>\r\n<\/figure>\r\n<\/li>\r\n<li class=\"blocks-gallery-item\">\r\n<figure><img loading=\"lazy\" decoding=\"async\" width=\"1024\" height=\"768\" class=\"wp-image-4028\" src=\"http:\/\/ppg-foerderverein.de\/wp-content\/uploads\/2021\/01\/2009-Verabschiedung-Roland-weiss-Schulfest-09b--1024x768.jpg\" alt=\"\" data-id=\"4028\" data-full-url=\"http:\/\/ppg-foerderverein.de\/wp-content\/uploads\/2021\/01\/2009-Verabschiedung-Roland-weiss-Schulfest-09b-.jpg\" data-link=\"http:\/\/ppg-foerderverein.de\/?attachment_id=4028\" srcset=\"http:\/\/ppg-foerderverein.de\/wp-content\/uploads\/2021\/01\/2009-Verabschiedung-Roland-weiss-Schulfest-09b--1024x768.jpg 1024w, http:\/\/ppg-foerderverein.de\/wp-content\/uploads\/2021\/01\/2009-Verabschiedung-Roland-weiss-Schulfest-09b--300x225.jpg 300w, http:\/\/ppg-foerderverein.de\/wp-content\/uploads\/2021\/01\/2009-Verabschiedung-Roland-weiss-Schulfest-09b--768x576.jpg 768w, http:\/\/ppg-foerderverein.de\/wp-content\/uploads\/2021\/01\/2009-Verabschiedung-Roland-weiss-Schulfest-09b--624x468.jpg 624w, http:\/\/ppg-foerderverein.de\/wp-content\/uploads\/2021\/01\/2009-Verabschiedung-Roland-weiss-Schulfest-09b-.jpg 1515w\" sizes=\"auto, (max-width: 1024px) 100vw, 1024px\" \/>\r\n<figcaption class=\"blocks-gallery-item__caption\">2009 Verabschiedung als Elternbeiratsvorsitzender durch die Schulleitung beim Sommerfest<\/figcaption>\r\n<\/figure>\r\n<\/li>\r\n<li class=\"blocks-gallery-item\">\r\n<figure><img loading=\"lazy\" decoding=\"async\" width=\"1024\" height=\"768\" class=\"wp-image-4027\" src=\"http:\/\/ppg-foerderverein.de\/wp-content\/uploads\/2021\/01\/2010-Leichert-Geba.-1024x768.jpg\" alt=\"\" data-id=\"4027\" data-full-url=\"http:\/\/ppg-foerderverein.de\/wp-content\/uploads\/2021\/01\/2010-Leichert-Geba..jpg\" data-link=\"http:\/\/ppg-foerderverein.de\/?attachment_id=4027\" srcset=\"http:\/\/ppg-foerderverein.de\/wp-content\/uploads\/2021\/01\/2010-Leichert-Geba.-1024x768.jpg 1024w, http:\/\/ppg-foerderverein.de\/wp-content\/uploads\/2021\/01\/2010-Leichert-Geba.-300x225.jpg 300w, http:\/\/ppg-foerderverein.de\/wp-content\/uploads\/2021\/01\/2010-Leichert-Geba.-768x576.jpg 768w, http:\/\/ppg-foerderverein.de\/wp-content\/uploads\/2021\/01\/2010-Leichert-Geba.-1536x1152.jpg 1536w, http:\/\/ppg-foerderverein.de\/wp-content\/uploads\/2021\/01\/2010-Leichert-Geba.-624x468.jpg 624w, http:\/\/ppg-foerderverein.de\/wp-content\/uploads\/2021\/01\/2010-Leichert-Geba..jpg 1771w\" sizes=\"auto, (max-width: 1024px) 100vw, 1024px\" \/>\r\n<figcaption class=\"blocks-gallery-item__caption\">2010 Beim 60. Geburtstag des Schulleiters als Elternvertreter<\/figcaption>\r\n<\/figure>\r\n<\/li>\r\n<li class=\"blocks-gallery-item\">\r\n<figure><img loading=\"lazy\" decoding=\"async\" width=\"1024\" height=\"768\" class=\"wp-image-4026\" src=\"http:\/\/ppg-foerderverein.de\/wp-content\/uploads\/2021\/01\/2018-FoeV-Mitglieder-versammlung-2a-1024x768.jpg\" alt=\"\" data-id=\"4026\" data-full-url=\"http:\/\/ppg-foerderverein.de\/wp-content\/uploads\/2021\/01\/2018-FoeV-Mitglieder-versammlung-2a-scaled.jpg\" data-link=\"http:\/\/ppg-foerderverein.de\/?attachment_id=4026\" srcset=\"http:\/\/ppg-foerderverein.de\/wp-content\/uploads\/2021\/01\/2018-FoeV-Mitglieder-versammlung-2a-1024x768.jpg 1024w, http:\/\/ppg-foerderverein.de\/wp-content\/uploads\/2021\/01\/2018-FoeV-Mitglieder-versammlung-2a-300x225.jpg 300w, http:\/\/ppg-foerderverein.de\/wp-content\/uploads\/2021\/01\/2018-FoeV-Mitglieder-versammlung-2a-768x576.jpg 768w, http:\/\/ppg-foerderverein.de\/wp-content\/uploads\/2021\/01\/2018-FoeV-Mitglieder-versammlung-2a-1536x1152.jpg 1536w, http:\/\/ppg-foerderverein.de\/wp-content\/uploads\/2021\/01\/2018-FoeV-Mitglieder-versammlung-2a-2048x1536.jpg 2048w, http:\/\/ppg-foerderverein.de\/wp-content\/uploads\/2021\/01\/2018-FoeV-Mitglieder-versammlung-2a-624x468.jpg 624w\" sizes=\"auto, (max-width: 1024px) 100vw, 1024px\" \/>\r\n<figcaption class=\"blocks-gallery-item__caption\">2018 Bei der Mitgliederversammlung des F\u00f6rdervereins<\/figcaption>\r\n<\/figure>\r\n<\/li>\r\n<\/ul>\r\n<\/figure>\r\n","protected":false},"excerpt":{"rendered":"<p>2022 Auch das Schuljahr 2022 wird durch Corona beeinflusst. Veranstaltungen k\u00f6nnen im Herbst\/Winter leider nicht stattfinden, aber zumindest der Pr\u00e4senzunterricht in der Schule ist durchgehend m\u00f6glich. Auch die Mensa ist ge\u00f6ffnet. Ab Fr\u00fchjahr 2022 werden die Vorgaben gelockert. So k\u00f6nnen wieder Klassenfahrten, Probentage, Abschlussball und das Sommerfest stattfinden.\u00a0\u00a0 \u00a0\u00a0 \u00a0 \u00a0 \u00a0\u00a0 \u00a0\u00a0 \u00a0 \u00a0 [&hellip;]<\/p>\n","protected":false},"author":3,"featured_media":0,"parent":14,"menu_order":3,"comment_status":"closed","ping_status":"closed","template":"page-templates\/full-width.php","meta":{"footnotes":""},"class_list":["post-3861","page","type-page","status-publish","hentry"],"_links":{"self":[{"href":"http:\/\/ppg-foerderverein.de\/index.php?rest_route=\/wp\/v2\/pages\/3861","targetHints":{"allow":["GET"]}}],"collection":[{"href":"http:\/\/ppg-foerderverein.de\/index.php?rest_route=\/wp\/v2\/pages"}],"about":[{"href":"http:\/\/ppg-foerderverein.de\/index.php?rest_route=\/wp\/v2\/types\/page"}],"author":[{"embeddable":true,"href":"http:\/\/ppg-foerderverein.de\/index.php?rest_route=\/wp\/v2\/users\/3"}],"replies":[{"embeddable":true,"href":"http:\/\/ppg-foerderverein.de\/index.php?rest_route=%2Fwp%2Fv2%2Fcomments&post=3861"}],"version-history":[{"count":38,"href":"http:\/\/ppg-foerderverein.de\/index.php?rest_route=\/wp\/v2\/pages\/3861\/revisions"}],"predecessor-version":[{"id":4169,"href":"http:\/\/ppg-foerderverein.de\/index.php?rest_route=\/wp\/v2\/pages\/3861\/revisions\/4169"}],"up":[{"embeddable":true,"href":"http:\/\/ppg-foerderverein.de\/index.php?rest_route=\/wp\/v2\/pages\/14"}],"wp:attachment":[{"href":"http:\/\/ppg-foerderverein.de\/index.php?rest_route=%2Fwp%2Fv2%2Fmedia&parent=3861"}],"curies":[{"name":"wp","href":"https:\/\/api.w.org\/{rel}","templated":true}]}}