{"id":34,"date":"2015-05-03T14:17:13","date_gmt":"2015-05-03T14:17:13","guid":{"rendered":"http:\/\/ppg-foerderverein.de\/?page_id=34"},"modified":"2025-08-01T08:11:33","modified_gmt":"2025-08-01T08:11:33","slug":"informationen","status":"publish","type":"page","link":"http:\/\/ppg-foerderverein.de\/?page_id=34","title":{"rendered":"Was f\u00f6rdern wir"},"content":{"rendered":"<p>Der Vereinigung der Freunde des Johanna-Geissmar-Gymnasiums e.V. gliedert sich in zwei Bereiche, die finanztechnisch separat ausgewiesen werden:<\/p>\n<ul>\n<li><strong>Kernverein <\/strong>und<\/li>\n<li><strong>Musikschule<\/strong>, die vom F\u00f6rderverein treuh\u00e4nderisch verwaltet wird (<em>siehe eigene Seite)<\/em><\/li>\n<\/ul>\n<p>Die Aufgaben des <strong>Kernvereins<\/strong> sind die finanzielle und die ideelle F\u00f6rderung und Unterst\u00fctzung unserer Sch\u00fcler und unserer Schule.<\/p>\n<p>Die <span style=\"color: #0000ff;\"><strong>finanzielle F\u00f6rderung<\/strong> <strong>und Unterst\u00fctzung<\/strong><\/span> durch den Verein liegt mittlerweile im sechsstelligen Bereich. Es wird immer darauf geachtet, dass nur Projekte und Ma\u00dfnahmen unterst\u00fctzt werden, zu deren Finanzierung der Schultr\u00e4ger nicht verpflichtet ist.<\/p>\n<p>Neben zahlreichen <span style=\"color: #000000;\"><strong>Anschaffungen f\u00fcr die Schulausstattung<\/strong><\/span> haben folgende schulische Bereiche eine anteilige Unterst\u00fctzung durch den Verein erfahren bzw. erfahren sie aktuell:<\/p>\n<h4><span style=\"color: #000000;\">Arbeitsgemeinschaften:<\/span><\/h4>\n<ul>\n<li>Schach-AG<\/li>\n<li>Kletter-AG<\/li>\n<li>Jazz-Dance-and-Modern-Dance-AG<\/li>\n<li>Fu\u00dfball-AG<\/li>\n<li>Theater-AG<\/li>\n<li>Kleinkunstb\u00fchne<\/li>\n<li>Imkerei-AG<\/li>\n<li>Jugend-forscht-AG<\/li>\n<li>Schulsanit\u00e4tsdienst<\/li>\n<\/ul>\n<h4><span style=\"color: #000000;\">Kulturelle Events:<\/span><\/h4>\n<ul>\n<li>Schultheater \/ Kleinkunstb\u00fchne<\/li>\n<li>Adventsfeuer<\/li>\n<li>Weihnachtskonzert<\/li>\n<\/ul>\n<h4><span style=\"color: #000000;\">Projekte:<\/span><\/h4>\n<ul>\n<li>mathe-plus<\/li>\n<li>MUS-E-Projekte in Klassen 5 und 6<\/li>\n<li>Projekttage<\/li>\n<\/ul>\n<h4><span style=\"color: #000000;\">Au\u00dferunterrichtliche Veranstaltungen:<\/span><\/h4>\n<ul>\n<li>Landschulheimaufenthalte<\/li>\n<li>Studienfahrten<\/li>\n<li>Exkursionen<\/li>\n<li>Sch\u00fcleraustausch mit Frankreich und Spanien<\/li>\n<li>Probentage der Musiker<\/li>\n<li>Ausbildung der Sch\u00fclermentoren<\/li>\n<li>Klassentage der Klassenstufe 8<\/li>\n<li>SMV-Seminare der Klassensprecher<\/li>\n<\/ul>\n<p><span style=\"color: #000000;\"><strong>Finanzierung <\/strong><\/span><\/p>\n<ul>\n<li><strong>der Buchgeschenke<\/strong> an die Preistr\u00e4ger am Schuljahresende und beim Abitur.<\/li>\n<li><strong>des Schulplaners und der B\u00fcchertasche<\/strong> f\u00fcr Sch\u00fclerinnen und Sch\u00fcler der 5. Klassen zu Beginn des Schuljahrs als &#8222;Willkommensgeschenk&#8220;.<\/li>\n<li><strong>der Klassenfotos<\/strong> (ab 2017)<\/li>\n<li><strong>der Antr\u00e4ge von Fachschaften<\/strong><\/li>\n<\/ul>\n<p><strong>Individuelle finanzielle Hilfe<\/strong> f\u00fcr sozial benachteiligte Sch\u00fclerinnen und Sch\u00fcler, um die Teilnahme an Gruppenaktivit\u00e4ten zu erm\u00f6glichen.<\/p>\n<p>Neben der finanziellen F\u00f6rderung tr\u00e4gt der Verein auch durch die <span style=\"color: #0000ff;\"><strong>ideelle F\u00f6rderung und<\/strong> <strong>Unterst\u00fctzung<\/strong><\/span> intensiv zur St\u00e4rkung der Schulgemeinschaft aus Sch\u00fclern, Lehrern und Eltern bei. Zus\u00e4tzlich zu den <strong>vom F\u00f6rderverein selbst initiierten Veranstaltungen und<\/strong> <strong>Unternehmungen<\/strong> ist der Verein ma\u00dfgeblich an der <strong>Mitgestaltung verschiedener Schulaktivit\u00e4ten<\/strong> beteiligt. Einen besonderen Schwerpunkt bildet das allj\u00e4hrliche Schulfest im Sommer.<\/p>\n<h4><span style=\"color: #000000;\">Beteiligung beim Schulfest:<\/span><\/h4>\n<ul>\n<li style=\"text-align: left;\">Organisation der Helfer<\/li>\n<li style=\"text-align: left;\">Organisation der Bewirtung (Speisen und Getr\u00e4nke)<\/li>\n<li style=\"text-align: left;\">Organisation des Auf- und Abbaus<\/li>\n<li style=\"text-align: left;\">Informationsstand<\/li>\n<\/ul>\n<h4><span style=\"color: #000000;\">Bewirtung bei folgenden <\/span>weiteren<span style=\"color: #000000;\"> Schulveranstaltungen:<\/span><\/h4>\n<ul>\n<li>Tag der Offenen T\u00fcr mit Musikworkshop (ab 2011)<\/li>\n<li>Begr\u00fc\u00dfung der F\u00fcnftkl\u00e4ssler am ersten Schultag<\/li>\n<\/ul>\n","protected":false},"excerpt":{"rendered":"<p>Der Vereinigung der Freunde des Johanna-Geissmar-Gymnasiums e.V. gliedert sich in zwei Bereiche, die finanztechnisch separat ausgewiesen werden: Kernverein und Musikschule, die vom F\u00f6rderverein treuh\u00e4nderisch verwaltet wird (siehe eigene Seite) Die Aufgaben des Kernvereins sind die finanzielle und die ideelle F\u00f6rderung und Unterst\u00fctzung unserer Sch\u00fcler und unserer Schule. Die finanzielle F\u00f6rderung und Unterst\u00fctzung durch den Verein [&hellip;]<\/p>\n","protected":false},"author":1,"featured_media":0,"parent":1297,"menu_order":3,"comment_status":"closed","ping_status":"closed","template":"page-templates\/front-page.php","meta":{"footnotes":""},"class_list":["post-34","page","type-page","status-publish","hentry"],"_links":{"self":[{"href":"http:\/\/ppg-foerderverein.de\/index.php?rest_route=\/wp\/v2\/pages\/34","targetHints":{"allow":["GET"]}}],"collection":[{"href":"http:\/\/ppg-foerderverein.de\/index.php?rest_route=\/wp\/v2\/pages"}],"about":[{"href":"http:\/\/ppg-foerderverein.de\/index.php?rest_route=\/wp\/v2\/types\/page"}],"author":[{"embeddable":true,"href":"http:\/\/ppg-foerderverein.de\/index.php?rest_route=\/wp\/v2\/users\/1"}],"replies":[{"embeddable":true,"href":"http:\/\/ppg-foerderverein.de\/index.php?rest_route=%2Fwp%2Fv2%2Fcomments&post=34"}],"version-history":[{"count":79,"href":"http:\/\/ppg-foerderverein.de\/index.php?rest_route=\/wp\/v2\/pages\/34\/revisions"}],"predecessor-version":[{"id":4291,"href":"http:\/\/ppg-foerderverein.de\/index.php?rest_route=\/wp\/v2\/pages\/34\/revisions\/4291"}],"up":[{"embeddable":true,"href":"http:\/\/ppg-foerderverein.de\/index.php?rest_route=\/wp\/v2\/pages\/1297"}],"wp:attachment":[{"href":"http:\/\/ppg-foerderverein.de\/index.php?rest_route=%2Fwp%2Fv2%2Fmedia&parent=34"}],"curies":[{"name":"wp","href":"https:\/\/api.w.org\/{rel}","templated":true}]}}