{"id":3114,"date":"2020-10-02T09:35:00","date_gmt":"2020-10-02T09:35:00","guid":{"rendered":"http:\/\/ppg-foerderverein.de\/?page_id=3114"},"modified":"2020-10-22T14:15:23","modified_gmt":"2020-10-22T14:15:23","slug":"2017-2019","status":"publish","type":"page","link":"http:\/\/ppg-foerderverein.de\/?page_id=3114","title":{"rendered":"2017 &#8211; 2019"},"content":{"rendered":"<p><em>Zu den mit <span style=\"color: #0000ff;\"><strong>*<\/strong><\/span> markierten Veranstaltungen finden Sie weitere Bilder im &#8222;Archiv Bildergalerie&#8220;.<\/em><\/p>\n<h2><span style=\"color: #0000ff;\"><strong>2017<\/strong><\/span><\/h2>\n<p>23.02.2017\u00a0\u00a0\u00a0\u00a0\u00a0 Schulfastnacht unter dem Motto &#8222;Unterwasserwelten&#8220;, das letzte Mal im Foyer der alten Unterstufe.<\/p>\n<p>18.03.2017\u00a0\u00a0\u00a0\u00a0\u00a0 7. Tag der Offenen T\u00fcr mit Musikworkshop<\/p>\n<p>08.07.2017\u00a0\u00a0\u00a0\u00a0\u00a0 Abiturientenball des 37. Abiturjahrgangs in der Baumhainhalle im Luisenpark<\/p>\n<p>22.07.2017\u00a0\u00a0\u00a0\u00a0\u00a0 Sommerfest &#8211; der F\u00f6rderverein sorgt, wie immer, f\u00fcr das leibliche Wohl.<\/p>\n<p><a href=\"http:\/\/ppg-foerderverein.de\/wp-content\/uploads\/2018\/07\/IMG_0496a.jpg\"><img loading=\"lazy\" decoding=\"async\" class=\"alignnone size-medium wp-image-3150\" src=\"http:\/\/ppg-foerderverein.de\/wp-content\/uploads\/2018\/07\/IMG_0496a-300x225.jpg\" alt=\"\" width=\"300\" height=\"225\" srcset=\"http:\/\/ppg-foerderverein.de\/wp-content\/uploads\/2018\/07\/IMG_0496a-300x225.jpg 300w, http:\/\/ppg-foerderverein.de\/wp-content\/uploads\/2018\/07\/IMG_0496a-768x576.jpg 768w, http:\/\/ppg-foerderverein.de\/wp-content\/uploads\/2018\/07\/IMG_0496a-1024x768.jpg 1024w, http:\/\/ppg-foerderverein.de\/wp-content\/uploads\/2018\/07\/IMG_0496a-624x468.jpg 624w\" sizes=\"auto, (max-width: 300px) 100vw, 300px\" \/><\/a> <a href=\"http:\/\/ppg-foerderverein.de\/wp-content\/uploads\/2018\/07\/IMG_0500a.jpg\"><img loading=\"lazy\" decoding=\"async\" class=\"alignnone size-medium wp-image-3151\" src=\"http:\/\/ppg-foerderverein.de\/wp-content\/uploads\/2018\/07\/IMG_0500a-300x225.jpg\" alt=\"\" width=\"300\" height=\"225\" srcset=\"http:\/\/ppg-foerderverein.de\/wp-content\/uploads\/2018\/07\/IMG_0500a-300x225.jpg 300w, http:\/\/ppg-foerderverein.de\/wp-content\/uploads\/2018\/07\/IMG_0500a-768x576.jpg 768w, http:\/\/ppg-foerderverein.de\/wp-content\/uploads\/2018\/07\/IMG_0500a-1024x768.jpg 1024w, http:\/\/ppg-foerderverein.de\/wp-content\/uploads\/2018\/07\/IMG_0500a-624x468.jpg 624w\" sizes=\"auto, (max-width: 300px) 100vw, 300px\" \/><\/a> <a href=\"http:\/\/ppg-foerderverein.de\/wp-content\/uploads\/2018\/07\/IMG_0502a.jpg\"><img loading=\"lazy\" decoding=\"async\" class=\"alignnone size-medium wp-image-3152\" src=\"http:\/\/ppg-foerderverein.de\/wp-content\/uploads\/2018\/07\/IMG_0502a-300x225.jpg\" alt=\"\" width=\"300\" height=\"225\" srcset=\"http:\/\/ppg-foerderverein.de\/wp-content\/uploads\/2018\/07\/IMG_0502a-300x225.jpg 300w, http:\/\/ppg-foerderverein.de\/wp-content\/uploads\/2018\/07\/IMG_0502a-768x576.jpg 768w, http:\/\/ppg-foerderverein.de\/wp-content\/uploads\/2018\/07\/IMG_0502a-1024x768.jpg 1024w, http:\/\/ppg-foerderverein.de\/wp-content\/uploads\/2018\/07\/IMG_0502a-624x468.jpg 624w\" sizes=\"auto, (max-width: 300px) 100vw, 300px\" \/><\/a><\/p>\n<p>12.10.2017\u00a0\u00a0\u00a0\u00a0\u00a0 42. Mitgliederversammlung mit Neuwahl des Vorstandes<\/p>\n<p><a href=\"http:\/\/ppg-foerderverein.de\/wp-content\/uploads\/2018\/07\/IMG_5836a.jpg\"><img loading=\"lazy\" decoding=\"async\" class=\"alignnone size-medium wp-image-3164\" src=\"http:\/\/ppg-foerderverein.de\/wp-content\/uploads\/2018\/07\/IMG_5836a-300x225.jpg\" alt=\"\" width=\"300\" height=\"225\" srcset=\"http:\/\/ppg-foerderverein.de\/wp-content\/uploads\/2018\/07\/IMG_5836a-300x225.jpg 300w, http:\/\/ppg-foerderverein.de\/wp-content\/uploads\/2018\/07\/IMG_5836a-768x576.jpg 768w, http:\/\/ppg-foerderverein.de\/wp-content\/uploads\/2018\/07\/IMG_5836a-1024x768.jpg 1024w, http:\/\/ppg-foerderverein.de\/wp-content\/uploads\/2018\/07\/IMG_5836a-624x468.jpg 624w\" sizes=\"auto, (max-width: 300px) 100vw, 300px\" \/><\/a> <a href=\"http:\/\/ppg-foerderverein.de\/wp-content\/uploads\/2018\/07\/IMG_5847a.jpg\"><img loading=\"lazy\" decoding=\"async\" class=\"alignnone size-medium wp-image-3162\" src=\"http:\/\/ppg-foerderverein.de\/wp-content\/uploads\/2018\/07\/IMG_5847a-300x225.jpg\" alt=\"\" width=\"300\" height=\"225\" srcset=\"http:\/\/ppg-foerderverein.de\/wp-content\/uploads\/2018\/07\/IMG_5847a-300x225.jpg 300w, http:\/\/ppg-foerderverein.de\/wp-content\/uploads\/2018\/07\/IMG_5847a-768x576.jpg 768w, http:\/\/ppg-foerderverein.de\/wp-content\/uploads\/2018\/07\/IMG_5847a-1024x768.jpg 1024w, http:\/\/ppg-foerderverein.de\/wp-content\/uploads\/2018\/07\/IMG_5847a-624x468.jpg 624w\" sizes=\"auto, (max-width: 300px) 100vw, 300px\" \/><\/a> <a href=\"http:\/\/ppg-foerderverein.de\/wp-content\/uploads\/2018\/07\/IMG_5855a.jpg\"><img loading=\"lazy\" decoding=\"async\" class=\"alignnone size-medium wp-image-3163\" src=\"http:\/\/ppg-foerderverein.de\/wp-content\/uploads\/2018\/07\/IMG_5855a-300x225.jpg\" alt=\"\" width=\"300\" height=\"225\" srcset=\"http:\/\/ppg-foerderverein.de\/wp-content\/uploads\/2018\/07\/IMG_5855a-300x225.jpg 300w, http:\/\/ppg-foerderverein.de\/wp-content\/uploads\/2018\/07\/IMG_5855a-768x576.jpg 768w, http:\/\/ppg-foerderverein.de\/wp-content\/uploads\/2018\/07\/IMG_5855a-1024x768.jpg 1024w, http:\/\/ppg-foerderverein.de\/wp-content\/uploads\/2018\/07\/IMG_5855a-624x468.jpg 624w\" sizes=\"auto, (max-width: 300px) 100vw, 300px\" \/><\/a><\/p>\n<p style=\"text-align: center;\"><em>li: Gesch\u00e4ftsf\u00fchrender Vorstand 2014-2017, mi: Sch\u00fclerfirma &#8222;Samurai-Games&#8220; stellt ihre Projekte vor, re: Neugew\u00e4hlter Vorstand<\/em><\/p>\n<p>22.10.2017\u00a0\u00a0\u00a0\u00a0\u00a0 Kulturausflug &#8211; &#8222;Auf den Spuren der Geissmars&#8220; in Mannheim unterwegs (Ltg. Martin Geipel) <span style=\"color: #0000ff;\"><strong>*<\/strong><\/span><\/p>\n<p><a href=\"http:\/\/ppg-foerderverein.de\/wp-content\/uploads\/2017\/10\/IMG_5892-1024x768.jpg\"><img loading=\"lazy\" decoding=\"async\" class=\"alignnone size-medium wp-image-353\" src=\"http:\/\/ppg-foerderverein.de\/wp-content\/uploads\/2017\/10\/IMG_5892-1024x768-300x225.jpg\" alt=\"\" width=\"300\" height=\"225\" srcset=\"http:\/\/ppg-foerderverein.de\/wp-content\/uploads\/2017\/10\/IMG_5892-1024x768-300x225.jpg 300w, http:\/\/ppg-foerderverein.de\/wp-content\/uploads\/2017\/10\/IMG_5892-1024x768-768x576.jpg 768w, http:\/\/ppg-foerderverein.de\/wp-content\/uploads\/2017\/10\/IMG_5892-1024x768.jpg 1024w, http:\/\/ppg-foerderverein.de\/wp-content\/uploads\/2017\/10\/IMG_5892-1024x768-624x468.jpg 624w\" sizes=\"auto, (max-width: 300px) 100vw, 300px\" \/><\/a> <a href=\"http:\/\/ppg-foerderverein.de\/wp-content\/uploads\/2017\/10\/IMG_5894-1024x768.jpg\"><img loading=\"lazy\" decoding=\"async\" class=\"alignnone size-medium wp-image-355\" src=\"http:\/\/ppg-foerderverein.de\/wp-content\/uploads\/2017\/10\/IMG_5894-1024x768-300x225.jpg\" alt=\"\" width=\"300\" height=\"225\" srcset=\"http:\/\/ppg-foerderverein.de\/wp-content\/uploads\/2017\/10\/IMG_5894-1024x768-300x225.jpg 300w, http:\/\/ppg-foerderverein.de\/wp-content\/uploads\/2017\/10\/IMG_5894-1024x768-768x576.jpg 768w, http:\/\/ppg-foerderverein.de\/wp-content\/uploads\/2017\/10\/IMG_5894-1024x768.jpg 1024w, http:\/\/ppg-foerderverein.de\/wp-content\/uploads\/2017\/10\/IMG_5894-1024x768-624x468.jpg 624w\" sizes=\"auto, (max-width: 300px) 100vw, 300px\" \/><\/a> <a href=\"http:\/\/ppg-foerderverein.de\/wp-content\/uploads\/2017\/10\/IMG_5901-1024x768.jpg\"><img loading=\"lazy\" decoding=\"async\" class=\"alignnone size-medium wp-image-360\" src=\"http:\/\/ppg-foerderverein.de\/wp-content\/uploads\/2017\/10\/IMG_5901-1024x768-300x225.jpg\" alt=\"\" width=\"300\" height=\"225\" srcset=\"http:\/\/ppg-foerderverein.de\/wp-content\/uploads\/2017\/10\/IMG_5901-1024x768-300x225.jpg 300w, http:\/\/ppg-foerderverein.de\/wp-content\/uploads\/2017\/10\/IMG_5901-1024x768-768x576.jpg 768w, http:\/\/ppg-foerderverein.de\/wp-content\/uploads\/2017\/10\/IMG_5901-1024x768.jpg 1024w, http:\/\/ppg-foerderverein.de\/wp-content\/uploads\/2017\/10\/IMG_5901-1024x768-624x468.jpg 624w\" sizes=\"auto, (max-width: 300px) 100vw, 300px\" \/><\/a><\/p>\n<p>Weitere Bilder\u00a0 <a href=\"http:\/\/ppg-foerderverein.de\/wp-content\/uploads\/2018\/02\/2017-Auf-den-Spuren-der-Geissmars.docx.pdf\">2017 F\u00f6V Kulturausflug &#8222;Auf den Spuren der Geissmars&#8220; in Mannheim<\/a><\/p>\n<p><a href=\"http:\/\/ppg-foerderverein.de\/wp-content\/uploads\/2017\/10\/Einladung-Aufden-Spuren-der-Famile-Geissmar.pdf\">Einladung &#8222;Auf den Spuren der Geissmars&#8220;<\/a><\/p>\n<p>19.12.2017\u00a0\u00a0\u00a0\u00a0\u00a0 Gro\u00dfes Weihnachtskonzert in St. Nikolaus<\/p>\n<p><a href=\"http:\/\/ppg-foerderverein.de\/wp-content\/uploads\/2017\/12\/20171219_204534.jpg\"><img loading=\"lazy\" decoding=\"async\" class=\"wp-image-620 aligncenter\" src=\"http:\/\/ppg-foerderverein.de\/wp-content\/uploads\/2017\/12\/20171219_204534-300x169.jpg\" alt=\"Weihnachtskonzert 2017\" width=\"435\" height=\"245\" srcset=\"http:\/\/ppg-foerderverein.de\/wp-content\/uploads\/2017\/12\/20171219_204534-300x169.jpg 300w, http:\/\/ppg-foerderverein.de\/wp-content\/uploads\/2017\/12\/20171219_204534-768x432.jpg 768w, http:\/\/ppg-foerderverein.de\/wp-content\/uploads\/2017\/12\/20171219_204534-1024x576.jpg 1024w, http:\/\/ppg-foerderverein.de\/wp-content\/uploads\/2017\/12\/20171219_204534-624x351.jpg 624w\" sizes=\"auto, (max-width: 435px) 100vw, 435px\" \/><\/a><a href=\"http:\/\/ppg-foerderverein.de\/wp-content\/uploads\/2018\/07\/2017-Programm-Weihnachtskonzert.pdf\">Programm Weihnachtskonzert 2017<\/a><\/p>\n<p>\u00a0<\/p>\n<h2><span style=\"color: #0000ff;\">2018<\/span><\/h2>\n<p>Januar 2018\u00a0\u00a0\u00a0 Der F\u00f6rderverein investiert \u00fcber 4.600 Euro in die Anschaffung professioneller B\u00fchnenelemente f\u00fcr den neuen Musiksaal.<\/p>\n<p><a href=\"http:\/\/ppg-foerderverein.de\/wp-content\/uploads\/2018\/07\/1-IMG-20171205-WA0002a.jpg\"><img loading=\"lazy\" decoding=\"async\" class=\"alignnone size-medium wp-image-3136\" src=\"http:\/\/ppg-foerderverein.de\/wp-content\/uploads\/2018\/07\/1-IMG-20171205-WA0002a-300x225.jpg\" alt=\"\" width=\"300\" height=\"225\" srcset=\"http:\/\/ppg-foerderverein.de\/wp-content\/uploads\/2018\/07\/1-IMG-20171205-WA0002a-300x225.jpg 300w, http:\/\/ppg-foerderverein.de\/wp-content\/uploads\/2018\/07\/1-IMG-20171205-WA0002a-768x577.jpg 768w, http:\/\/ppg-foerderverein.de\/wp-content\/uploads\/2018\/07\/1-IMG-20171205-WA0002a-624x469.jpg 624w, http:\/\/ppg-foerderverein.de\/wp-content\/uploads\/2018\/07\/1-IMG-20171205-WA0002a.jpg 958w\" sizes=\"auto, (max-width: 300px) 100vw, 300px\" \/><\/a> <a href=\"http:\/\/ppg-foerderverein.de\/wp-content\/uploads\/2018\/07\/2-IMG-20171206-WA0000a.jpg\"><img loading=\"lazy\" decoding=\"async\" class=\"alignnone size-medium wp-image-3137\" src=\"http:\/\/ppg-foerderverein.de\/wp-content\/uploads\/2018\/07\/2-IMG-20171206-WA0000a-300x225.jpg\" alt=\"\" width=\"300\" height=\"225\" srcset=\"http:\/\/ppg-foerderverein.de\/wp-content\/uploads\/2018\/07\/2-IMG-20171206-WA0000a-300x225.jpg 300w, http:\/\/ppg-foerderverein.de\/wp-content\/uploads\/2018\/07\/2-IMG-20171206-WA0000a-768x576.jpg 768w, http:\/\/ppg-foerderverein.de\/wp-content\/uploads\/2018\/07\/2-IMG-20171206-WA0000a-1024x768.jpg 1024w, http:\/\/ppg-foerderverein.de\/wp-content\/uploads\/2018\/07\/2-IMG-20171206-WA0000a-624x468.jpg 624w, http:\/\/ppg-foerderverein.de\/wp-content\/uploads\/2018\/07\/2-IMG-20171206-WA0000a.jpg 1032w\" sizes=\"auto, (max-width: 300px) 100vw, 300px\" \/><\/a> <a href=\"http:\/\/ppg-foerderverein.de\/wp-content\/uploads\/2018\/07\/3-IMG-20171205-WA0003a.jpg\"><img loading=\"lazy\" decoding=\"async\" class=\"alignnone size-medium wp-image-3138\" src=\"http:\/\/ppg-foerderverein.de\/wp-content\/uploads\/2018\/07\/3-IMG-20171205-WA0003a-300x225.jpg\" alt=\"\" width=\"300\" height=\"225\" srcset=\"http:\/\/ppg-foerderverein.de\/wp-content\/uploads\/2018\/07\/3-IMG-20171205-WA0003a-300x225.jpg 300w, http:\/\/ppg-foerderverein.de\/wp-content\/uploads\/2018\/07\/3-IMG-20171205-WA0003a-768x576.jpg 768w, http:\/\/ppg-foerderverein.de\/wp-content\/uploads\/2018\/07\/3-IMG-20171205-WA0003a-1024x768.jpg 1024w, http:\/\/ppg-foerderverein.de\/wp-content\/uploads\/2018\/07\/3-IMG-20171205-WA0003a-624x468.jpg 624w, http:\/\/ppg-foerderverein.de\/wp-content\/uploads\/2018\/07\/3-IMG-20171205-WA0003a.jpg 1032w\" sizes=\"auto, (max-width: 300px) 100vw, 300px\" \/><\/a><\/p>\n<p>08.02.2018\u00a0\u00a0\u00a0\u00a0\u00a0 Schulfastnacht unter dem Motto &#8222;Es wird sportlich!!!&#8220; &#8211; das erste Mal im Foyer des neuen Unterrichtsgeb\u00e4udes<\/p>\n<p>26.02.2018\u00a0\u00a0\u00a0\u00a0\u00a0 Offizielle Einweihung des sanierten und umgebauten Musik- und BK-Geb\u00e4udes<\/p>\n<p><a href=\"http:\/\/ppg-foerderverein.de\/wp-content\/uploads\/2018\/02\/IMG_6247-1024x768.jpg\"><img loading=\"lazy\" decoding=\"async\" class=\"alignnone size-medium wp-image-983\" src=\"http:\/\/ppg-foerderverein.de\/wp-content\/uploads\/2018\/02\/IMG_6247-1024x768-300x225.jpg\" alt=\"\" width=\"300\" height=\"225\" srcset=\"http:\/\/ppg-foerderverein.de\/wp-content\/uploads\/2018\/02\/IMG_6247-1024x768-300x225.jpg 300w, http:\/\/ppg-foerderverein.de\/wp-content\/uploads\/2018\/02\/IMG_6247-1024x768-768x576.jpg 768w, http:\/\/ppg-foerderverein.de\/wp-content\/uploads\/2018\/02\/IMG_6247-1024x768.jpg 1024w, http:\/\/ppg-foerderverein.de\/wp-content\/uploads\/2018\/02\/IMG_6247-1024x768-624x468.jpg 624w\" sizes=\"auto, (max-width: 300px) 100vw, 300px\" \/><\/a> <a href=\"http:\/\/ppg-foerderverein.de\/wp-content\/uploads\/2018\/02\/IMG_6251-1024x768.jpg\"><img loading=\"lazy\" decoding=\"async\" class=\"alignnone size-medium wp-image-984\" src=\"http:\/\/ppg-foerderverein.de\/wp-content\/uploads\/2018\/02\/IMG_6251-1024x768-300x225.jpg\" alt=\"\" width=\"300\" height=\"225\" srcset=\"http:\/\/ppg-foerderverein.de\/wp-content\/uploads\/2018\/02\/IMG_6251-1024x768-300x225.jpg 300w, http:\/\/ppg-foerderverein.de\/wp-content\/uploads\/2018\/02\/IMG_6251-1024x768-768x576.jpg 768w, http:\/\/ppg-foerderverein.de\/wp-content\/uploads\/2018\/02\/IMG_6251-1024x768.jpg 1024w, http:\/\/ppg-foerderverein.de\/wp-content\/uploads\/2018\/02\/IMG_6251-1024x768-624x468.jpg 624w\" sizes=\"auto, (max-width: 300px) 100vw, 300px\" \/><\/a> <a href=\"http:\/\/ppg-foerderverein.de\/wp-content\/uploads\/2018\/02\/IMG_6271-1024x768.jpg\"><img loading=\"lazy\" decoding=\"async\" class=\"alignnone size-medium wp-image-988\" src=\"http:\/\/ppg-foerderverein.de\/wp-content\/uploads\/2018\/02\/IMG_6271-1024x768-300x225.jpg\" alt=\"\" width=\"300\" height=\"225\" srcset=\"http:\/\/ppg-foerderverein.de\/wp-content\/uploads\/2018\/02\/IMG_6271-1024x768-300x225.jpg 300w, http:\/\/ppg-foerderverein.de\/wp-content\/uploads\/2018\/02\/IMG_6271-1024x768-768x576.jpg 768w, http:\/\/ppg-foerderverein.de\/wp-content\/uploads\/2018\/02\/IMG_6271-1024x768.jpg 1024w, http:\/\/ppg-foerderverein.de\/wp-content\/uploads\/2018\/02\/IMG_6271-1024x768-624x468.jpg 624w\" sizes=\"auto, (max-width: 300px) 100vw, 300px\" \/><\/a><\/p>\n<p><em>li: Gru\u00dfworte der Stadt Mannheim \u00fcberbringt Bildungsb\u00fcrgermeisterin Dr. Ulrike Freundlieb, mi: Schulleiter OStD Roland Haa\u00df \u00fcberreicht kleine, schuleigene Pr\u00e4sente an die B\u00fcrgermeisterin, re: StD Martin Geipel erz\u00e4hlt die Familiengeschichte der musikalischen Geissmar-Familie.<br \/><\/em><\/p>\n<p><a href=\"http:\/\/ppg-foerderverein.de\/wp-content\/uploads\/2018\/02\/Programm-2.pdf\">Programm-Cover<\/a>\u00a0\u00a0\u00a0\u00a0\u00a0\u00a0\u00a0\u00a0\u00a0\u00a0\u00a0\u00a0\u00a0\u00a0\u00a0\u00a0\u00a0\u00a0\u00a0\u00a0\u00a0 <a href=\"http:\/\/ppg-foerderverein.de\/wp-content\/uploads\/2018\/02\/Programm.pdf\">Programm<\/a><\/p>\n<p>Presseberichte:<\/p>\n<p><a href=\"https:\/\/www.morgenweb.de\/mannheimer-morgen_artikel,-schoenau-streicherensemble-gibt-den-ton-an-_arid,1206391.html\">https:\/\/www.morgenweb.de\/mannheimer-morgen_artikel,-schoenau-streicherensemble-gibt-den-ton-an-_arid,1206391.html<\/a><\/p>\n<p><a href=\"https:\/\/rheinneckarblog.de\/28\/saniertes-gebaeude-fuer-musik-und-kunst-am-johanna-geissmar-gymnasium-eingeweiht\/136602.html\">https:\/\/rheinneckarblog.de\/28\/saniertes-gebaeude-fuer-musik-und-kunst-am-johanna-geissmar-gymnasium-eingeweiht\/136602.html<\/a><\/p>\n<p>17.03.2018\u00a0\u00a0\u00a0\u00a0\u00a0 8. Tag der Offenen T\u00fcr mit Musikworkshop<\/p>\n<p><a href=\"http:\/\/ppg-foerderverein.de\/wp-content\/uploads\/2018\/03\/IMG_6002-1024x768.jpg\"><img loading=\"lazy\" decoding=\"async\" class=\"alignnone size-medium wp-image-1406\" src=\"http:\/\/ppg-foerderverein.de\/wp-content\/uploads\/2018\/03\/IMG_6002-1024x768-300x225.jpg\" alt=\"\" width=\"300\" height=\"225\" srcset=\"http:\/\/ppg-foerderverein.de\/wp-content\/uploads\/2018\/03\/IMG_6002-1024x768-300x225.jpg 300w, http:\/\/ppg-foerderverein.de\/wp-content\/uploads\/2018\/03\/IMG_6002-1024x768-768x576.jpg 768w, http:\/\/ppg-foerderverein.de\/wp-content\/uploads\/2018\/03\/IMG_6002-1024x768.jpg 1024w, http:\/\/ppg-foerderverein.de\/wp-content\/uploads\/2018\/03\/IMG_6002-1024x768-624x468.jpg 624w\" sizes=\"auto, (max-width: 300px) 100vw, 300px\" \/><\/a> <a href=\"http:\/\/ppg-foerderverein.de\/wp-content\/uploads\/2018\/03\/IMG_6029-1024x768.jpg\"><img loading=\"lazy\" decoding=\"async\" class=\"alignnone size-medium wp-image-1421\" src=\"http:\/\/ppg-foerderverein.de\/wp-content\/uploads\/2018\/03\/IMG_6029-1024x768-300x225.jpg\" alt=\"\" width=\"300\" height=\"225\" srcset=\"http:\/\/ppg-foerderverein.de\/wp-content\/uploads\/2018\/03\/IMG_6029-1024x768-300x225.jpg 300w, http:\/\/ppg-foerderverein.de\/wp-content\/uploads\/2018\/03\/IMG_6029-1024x768-768x576.jpg 768w, http:\/\/ppg-foerderverein.de\/wp-content\/uploads\/2018\/03\/IMG_6029-1024x768.jpg 1024w, http:\/\/ppg-foerderverein.de\/wp-content\/uploads\/2018\/03\/IMG_6029-1024x768-624x468.jpg 624w\" sizes=\"auto, (max-width: 300px) 100vw, 300px\" \/><\/a> <a href=\"http:\/\/ppg-foerderverein.de\/wp-content\/uploads\/2018\/03\/IMG_6020-1024x768.jpg\"><img loading=\"lazy\" decoding=\"async\" class=\"alignnone size-medium wp-image-1417\" src=\"http:\/\/ppg-foerderverein.de\/wp-content\/uploads\/2018\/03\/IMG_6020-1024x768-300x225.jpg\" alt=\"\" width=\"300\" height=\"225\" srcset=\"http:\/\/ppg-foerderverein.de\/wp-content\/uploads\/2018\/03\/IMG_6020-1024x768-300x225.jpg 300w, http:\/\/ppg-foerderverein.de\/wp-content\/uploads\/2018\/03\/IMG_6020-1024x768-768x576.jpg 768w, http:\/\/ppg-foerderverein.de\/wp-content\/uploads\/2018\/03\/IMG_6020-1024x768.jpg 1024w, http:\/\/ppg-foerderverein.de\/wp-content\/uploads\/2018\/03\/IMG_6020-1024x768-624x468.jpg 624w\" sizes=\"auto, (max-width: 300px) 100vw, 300px\" \/><\/a><\/p>\n<p><a href=\"http:\/\/ppg-foerderverein.de\/wp-content\/uploads\/2018\/07\/IMG_0008a.jpg\"><img loading=\"lazy\" decoding=\"async\" class=\"alignnone size-medium wp-image-3281\" src=\"http:\/\/ppg-foerderverein.de\/wp-content\/uploads\/2018\/07\/IMG_0008a-300x225.jpg\" alt=\"\" width=\"300\" height=\"225\" srcset=\"http:\/\/ppg-foerderverein.de\/wp-content\/uploads\/2018\/07\/IMG_0008a-300x225.jpg 300w, http:\/\/ppg-foerderverein.de\/wp-content\/uploads\/2018\/07\/IMG_0008a-768x576.jpg 768w, http:\/\/ppg-foerderverein.de\/wp-content\/uploads\/2018\/07\/IMG_0008a-1024x768.jpg 1024w, http:\/\/ppg-foerderverein.de\/wp-content\/uploads\/2018\/07\/IMG_0008a-624x468.jpg 624w\" sizes=\"auto, (max-width: 300px) 100vw, 300px\" \/><\/a> <a href=\"http:\/\/ppg-foerderverein.de\/wp-content\/uploads\/2018\/07\/IMG_0002a.jpg\"><img loading=\"lazy\" decoding=\"async\" class=\"alignnone size-medium wp-image-3280\" src=\"http:\/\/ppg-foerderverein.de\/wp-content\/uploads\/2018\/07\/IMG_0002a-300x225.jpg\" alt=\"\" width=\"300\" height=\"225\" srcset=\"http:\/\/ppg-foerderverein.de\/wp-content\/uploads\/2018\/07\/IMG_0002a-300x225.jpg 300w, http:\/\/ppg-foerderverein.de\/wp-content\/uploads\/2018\/07\/IMG_0002a-768x576.jpg 768w, http:\/\/ppg-foerderverein.de\/wp-content\/uploads\/2018\/07\/IMG_0002a-1024x768.jpg 1024w, http:\/\/ppg-foerderverein.de\/wp-content\/uploads\/2018\/07\/IMG_0002a-624x468.jpg 624w\" sizes=\"auto, (max-width: 300px) 100vw, 300px\" \/><\/a> <a href=\"http:\/\/ppg-foerderverein.de\/wp-content\/uploads\/2018\/07\/IMG_0014a.jpg\"><img loading=\"lazy\" decoding=\"async\" class=\"alignnone size-medium wp-image-3282\" src=\"http:\/\/ppg-foerderverein.de\/wp-content\/uploads\/2018\/07\/IMG_0014a-300x225.jpg\" alt=\"\" width=\"300\" height=\"225\" srcset=\"http:\/\/ppg-foerderverein.de\/wp-content\/uploads\/2018\/07\/IMG_0014a-300x225.jpg 300w, http:\/\/ppg-foerderverein.de\/wp-content\/uploads\/2018\/07\/IMG_0014a-768x576.jpg 768w, http:\/\/ppg-foerderverein.de\/wp-content\/uploads\/2018\/07\/IMG_0014a-1024x768.jpg 1024w, http:\/\/ppg-foerderverein.de\/wp-content\/uploads\/2018\/07\/IMG_0014a-624x468.jpg 624w\" sizes=\"auto, (max-width: 300px) 100vw, 300px\" \/><\/a><\/p>\n<p style=\"text-align: center;\"><em>Der Vorstand des F\u00f6rdervereins backt Muffins f\u00fcr den Tag der Offenen T\u00fcr<\/em><\/p>\n<p>18.-22.05.\u00a0\u00a0\u00a0\u00a0\u00a0 Studienfahrt des Neigungskurses Musik K1, der sich k\u00fcrzlich zum &#8222;Geissmar-Salonorchester&#8220; formiert hat, zur Berliner Philharmonie: Konzert und Tag der Offenen T\u00fcr der Berliner Philharmoniker (Ltg. Elgin Bohnenkamp). Der F\u00f6rderverein bezuschusst die Konzertkarten mit \u00fcber 500 Euro.<\/p>\n<p><a href=\"http:\/\/ppg-foerderverein.de\/wp-content\/uploads\/2018\/07\/Berliner-Philharmonie-1a.jpg\"><img loading=\"lazy\" decoding=\"async\" class=\"alignnone size-medium wp-image-3321\" src=\"http:\/\/ppg-foerderverein.de\/wp-content\/uploads\/2018\/07\/Berliner-Philharmonie-1a-300x169.jpg\" alt=\"\" width=\"300\" height=\"169\" srcset=\"http:\/\/ppg-foerderverein.de\/wp-content\/uploads\/2018\/07\/Berliner-Philharmonie-1a-300x169.jpg 300w, http:\/\/ppg-foerderverein.de\/wp-content\/uploads\/2018\/07\/Berliner-Philharmonie-1a-768x432.jpg 768w, http:\/\/ppg-foerderverein.de\/wp-content\/uploads\/2018\/07\/Berliner-Philharmonie-1a-1024x576.jpg 1024w, http:\/\/ppg-foerderverein.de\/wp-content\/uploads\/2018\/07\/Berliner-Philharmonie-1a-624x351.jpg 624w, http:\/\/ppg-foerderverein.de\/wp-content\/uploads\/2018\/07\/Berliner-Philharmonie-1a.jpg 1328w\" sizes=\"auto, (max-width: 300px) 100vw, 300px\" \/><\/a> <a href=\"http:\/\/ppg-foerderverein.de\/wp-content\/uploads\/2018\/07\/Berliner-Philharmonie-3a.jpg\"><img loading=\"lazy\" decoding=\"async\" class=\"alignnone size-medium wp-image-3323\" src=\"http:\/\/ppg-foerderverein.de\/wp-content\/uploads\/2018\/07\/Berliner-Philharmonie-3a-300x169.jpg\" alt=\"\" width=\"300\" height=\"169\" srcset=\"http:\/\/ppg-foerderverein.de\/wp-content\/uploads\/2018\/07\/Berliner-Philharmonie-3a-300x169.jpg 300w, http:\/\/ppg-foerderverein.de\/wp-content\/uploads\/2018\/07\/Berliner-Philharmonie-3a-624x351.jpg 624w, http:\/\/ppg-foerderverein.de\/wp-content\/uploads\/2018\/07\/Berliner-Philharmonie-3a.jpg 702w\" sizes=\"auto, (max-width: 300px) 100vw, 300px\" \/><\/a> <a href=\"http:\/\/ppg-foerderverein.de\/wp-content\/uploads\/2018\/07\/Berliner-Philharmonie-2a.jpg\"><img loading=\"lazy\" decoding=\"async\" class=\"alignnone size-medium wp-image-3322\" src=\"http:\/\/ppg-foerderverein.de\/wp-content\/uploads\/2018\/07\/Berliner-Philharmonie-2a-300x169.jpg\" alt=\"\" width=\"300\" height=\"169\" srcset=\"http:\/\/ppg-foerderverein.de\/wp-content\/uploads\/2018\/07\/Berliner-Philharmonie-2a-300x169.jpg 300w, http:\/\/ppg-foerderverein.de\/wp-content\/uploads\/2018\/07\/Berliner-Philharmonie-2a-768x432.jpg 768w, http:\/\/ppg-foerderverein.de\/wp-content\/uploads\/2018\/07\/Berliner-Philharmonie-2a-1024x576.jpg 1024w, http:\/\/ppg-foerderverein.de\/wp-content\/uploads\/2018\/07\/Berliner-Philharmonie-2a-624x351.jpg 624w, http:\/\/ppg-foerderverein.de\/wp-content\/uploads\/2018\/07\/Berliner-Philharmonie-2a.jpg 1280w\" sizes=\"auto, (max-width: 300px) 100vw, 300px\" \/><\/a><\/p>\n<p><a href=\"http:\/\/ppg-foerderverein.de\/wp-content\/uploads\/2018\/07\/2018-BerlinberichtPhilharmoniker.pdf\">Bericht und weitere Bilder<\/a><\/p>\n<p>30.06.2018\u00a0\u00a0\u00a0\u00a0\u00a0 Abiturientenball des 38. Abiturjahrgangs in der Baumhainhalle im Luisenpark. Der F\u00f6rderverein stiftet Preise und Buchgeschenke an die Preistr\u00e4ger im Wert von \u00fcber 500 Euro.<\/p>\n<div id=\"attachment_3001\" style=\"width: 568px\" class=\"wp-caption aligncenter\"><a href=\"http:\/\/ppg-foerderverein.de\/wp-content\/uploads\/2018\/07\/Abi2018-3.jpg\"><img loading=\"lazy\" decoding=\"async\" aria-describedby=\"caption-attachment-3001\" class=\" wp-image-3001\" src=\"http:\/\/ppg-foerderverein.de\/wp-content\/uploads\/2018\/07\/Abi2018-3-300x169.jpg\" alt=\"\" width=\"558\" height=\"314\" srcset=\"http:\/\/ppg-foerderverein.de\/wp-content\/uploads\/2018\/07\/Abi2018-3-300x169.jpg 300w, http:\/\/ppg-foerderverein.de\/wp-content\/uploads\/2018\/07\/Abi2018-3-768x432.jpg 768w, http:\/\/ppg-foerderverein.de\/wp-content\/uploads\/2018\/07\/Abi2018-3-1024x576.jpg 1024w, http:\/\/ppg-foerderverein.de\/wp-content\/uploads\/2018\/07\/Abi2018-3-624x351.jpg 624w\" sizes=\"auto, (max-width: 558px) 100vw, 558px\" \/><\/a><p id=\"caption-attachment-3001\" class=\"wp-caption-text\">Abiturjahrgang 2018<\/p><\/div>\n<p>Juli 2018\u00a0\u00a0\u00a0\u00a0\u00a0\u00a0\u00a0\u00a0 Pop-Art an der Parkhauswand: Sch\u00fcler der MUS-E-Klasse 6.4 gestalten an den Projekttagen im Parkhaus C1 ein Gem\u00e4lde in knalligen, bunten Farben als Abschluss eines halbj\u00e4hrigen Projekts. Der F\u00f6rderverein leistet kr\u00e4ftigen finanziellen Zuschuss f\u00fcr die MUS-E-Projekte in Klassen 5 und 6.<\/p>\n<p><a href=\"http:\/\/ppg-foerderverein.de\/wp-content\/uploads\/2018\/10\/ASC_87452-1024x678.jpg\"><img loading=\"lazy\" decoding=\"async\" class=\"alignnone size-medium wp-image-3575\" src=\"http:\/\/ppg-foerderverein.de\/wp-content\/uploads\/2018\/10\/ASC_87452-1024x678-300x199.jpg\" alt=\"\" width=\"300\" height=\"199\" srcset=\"http:\/\/ppg-foerderverein.de\/wp-content\/uploads\/2018\/10\/ASC_87452-1024x678-300x199.jpg 300w, http:\/\/ppg-foerderverein.de\/wp-content\/uploads\/2018\/10\/ASC_87452-1024x678-768x509.jpg 768w, http:\/\/ppg-foerderverein.de\/wp-content\/uploads\/2018\/10\/ASC_87452-1024x678.jpg 1024w, http:\/\/ppg-foerderverein.de\/wp-content\/uploads\/2018\/10\/ASC_87452-1024x678-624x413.jpg 624w\" sizes=\"auto, (max-width: 300px) 100vw, 300px\" \/><\/a><a href=\"http:\/\/ppg-foerderverein.de\/wp-content\/uploads\/2018\/10\/a28582703a6a2cb76fd6a567f6e89a002-800x532.jpg\"><img loading=\"lazy\" decoding=\"async\" class=\"alignnone size-medium wp-image-3574\" src=\"http:\/\/ppg-foerderverein.de\/wp-content\/uploads\/2018\/10\/a28582703a6a2cb76fd6a567f6e89a002-800x532-300x200.jpg\" alt=\"\" width=\"300\" height=\"200\" srcset=\"http:\/\/ppg-foerderverein.de\/wp-content\/uploads\/2018\/10\/a28582703a6a2cb76fd6a567f6e89a002-800x532-300x200.jpg 300w, http:\/\/ppg-foerderverein.de\/wp-content\/uploads\/2018\/10\/a28582703a6a2cb76fd6a567f6e89a002-800x532-768x511.jpg 768w, http:\/\/ppg-foerderverein.de\/wp-content\/uploads\/2018\/10\/a28582703a6a2cb76fd6a567f6e89a002-800x532-624x415.jpg 624w, http:\/\/ppg-foerderverein.de\/wp-content\/uploads\/2018\/10\/a28582703a6a2cb76fd6a567f6e89a002-800x532.jpg 800w\" sizes=\"auto, (max-width: 300px) 100vw, 300px\" \/><\/a><a href=\"http:\/\/ppg-foerderverein.de\/wp-content\/uploads\/2018\/10\/DSC09153-Kopie-3-1024x682.jpg\"><img loading=\"lazy\" decoding=\"async\" class=\"alignnone size-medium wp-image-3579\" src=\"http:\/\/ppg-foerderverein.de\/wp-content\/uploads\/2018\/10\/DSC09153-Kopie-3-1024x682-300x200.jpg\" alt=\"\" width=\"300\" height=\"200\" srcset=\"http:\/\/ppg-foerderverein.de\/wp-content\/uploads\/2018\/10\/DSC09153-Kopie-3-1024x682-300x200.jpg 300w, http:\/\/ppg-foerderverein.de\/wp-content\/uploads\/2018\/10\/DSC09153-Kopie-3-1024x682-768x512.jpg 768w, http:\/\/ppg-foerderverein.de\/wp-content\/uploads\/2018\/10\/DSC09153-Kopie-3-1024x682.jpg 1024w, http:\/\/ppg-foerderverein.de\/wp-content\/uploads\/2018\/10\/DSC09153-Kopie-3-1024x682-624x416.jpg 624w\" sizes=\"auto, (max-width: 300px) 100vw, 300px\" \/><\/a><a href=\"http:\/\/ppg-foerderverein.de\/wp-content\/uploads\/2018\/10\/ASC_87562-1024x678.jpg\"><img loading=\"lazy\" decoding=\"async\" class=\"alignnone size-medium wp-image-3576\" src=\"http:\/\/ppg-foerderverein.de\/wp-content\/uploads\/2018\/10\/ASC_87562-1024x678-300x199.jpg\" alt=\"\" width=\"300\" height=\"199\" srcset=\"http:\/\/ppg-foerderverein.de\/wp-content\/uploads\/2018\/10\/ASC_87562-1024x678-300x199.jpg 300w, http:\/\/ppg-foerderverein.de\/wp-content\/uploads\/2018\/10\/ASC_87562-1024x678-768x509.jpg 768w, http:\/\/ppg-foerderverein.de\/wp-content\/uploads\/2018\/10\/ASC_87562-1024x678.jpg 1024w, http:\/\/ppg-foerderverein.de\/wp-content\/uploads\/2018\/10\/ASC_87562-1024x678-624x413.jpg 624w\" sizes=\"auto, (max-width: 300px) 100vw, 300px\" \/><\/a><a href=\"http:\/\/ppg-foerderverein.de\/wp-content\/uploads\/2018\/10\/ASC_8761kop2-1024x678.jpg\"><img loading=\"lazy\" decoding=\"async\" class=\"alignnone size-medium wp-image-3577\" src=\"http:\/\/ppg-foerderverein.de\/wp-content\/uploads\/2018\/10\/ASC_8761kop2-1024x678-300x199.jpg\" alt=\"\" width=\"300\" height=\"199\" srcset=\"http:\/\/ppg-foerderverein.de\/wp-content\/uploads\/2018\/10\/ASC_8761kop2-1024x678-300x199.jpg 300w, http:\/\/ppg-foerderverein.de\/wp-content\/uploads\/2018\/10\/ASC_8761kop2-1024x678-768x509.jpg 768w, http:\/\/ppg-foerderverein.de\/wp-content\/uploads\/2018\/10\/ASC_8761kop2-1024x678.jpg 1024w, http:\/\/ppg-foerderverein.de\/wp-content\/uploads\/2018\/10\/ASC_8761kop2-1024x678-624x413.jpg 624w\" sizes=\"auto, (max-width: 300px) 100vw, 300px\" \/><\/a><a href=\"http:\/\/ppg-foerderverein.de\/wp-content\/uploads\/2018\/10\/ASC_8764kop2-1024x678.jpg\"><img loading=\"lazy\" decoding=\"async\" class=\"alignnone size-medium wp-image-3578\" src=\"http:\/\/ppg-foerderverein.de\/wp-content\/uploads\/2018\/10\/ASC_8764kop2-1024x678-300x199.jpg\" alt=\"\" width=\"300\" height=\"199\" srcset=\"http:\/\/ppg-foerderverein.de\/wp-content\/uploads\/2018\/10\/ASC_8764kop2-1024x678-300x199.jpg 300w, http:\/\/ppg-foerderverein.de\/wp-content\/uploads\/2018\/10\/ASC_8764kop2-1024x678-768x509.jpg 768w, http:\/\/ppg-foerderverein.de\/wp-content\/uploads\/2018\/10\/ASC_8764kop2-1024x678.jpg 1024w, http:\/\/ppg-foerderverein.de\/wp-content\/uploads\/2018\/10\/ASC_8764kop2-1024x678-624x413.jpg 624w\" sizes=\"auto, (max-width: 300px) 100vw, 300px\" \/><\/a><\/p>\n<p>Presssebericht: \u00a0<a href=\"https:\/\/www.morgenweb.de\/mannheimer-morgen_artikel,-mannheim-pop-art-an-der-parkhauswand-_arid,1288076.html\"> https:\/\/www.morgenweb.de\/mannheimer-morgen_artikel,-mannheim-pop-art-an-der-parkhauswand-_arid,1288076.html<\/a><\/p>\n<p>aktuelle Projektberichte unter: \u00a0 <a href=\"https:\/\/www.mus-e.de\/projekte\/mannheim\/johanna-geissmar-gymnasium\/\">http:\/\/mus-e.de\/projekte\/mannheim\/johanna-geissmar-gymnasium\/<\/a><\/p>\n<p><a href=\"http:\/\/ppg-foerderverein.de\/wp-content\/uploads\/2018\/07\/2018-MUS-E.pdf\">Brief des Schulleiters an den F\u00f6rderverein<\/a><\/p>\n<p>21.07.2018\u00a0\u00a0\u00a0\u00a0\u00a0 Sommerfest <span style=\"color: #0000ff;\"><strong>*<\/strong><\/span><\/p>\n<p><a href=\"http:\/\/ppg-foerderverein.de\/wp-content\/uploads\/2018\/07\/IMG_7406-3-1024x575.jpg\"><img loading=\"lazy\" decoding=\"async\" class=\"alignnone size-medium wp-image-3412\" src=\"http:\/\/ppg-foerderverein.de\/wp-content\/uploads\/2018\/07\/IMG_7406-3-1024x575-300x200.jpg\" alt=\"\" width=\"300\" height=\"200\" srcset=\"http:\/\/ppg-foerderverein.de\/wp-content\/uploads\/2018\/07\/IMG_7406-3-1024x575-300x200.jpg 300w, http:\/\/ppg-foerderverein.de\/wp-content\/uploads\/2018\/07\/IMG_7406-3-1024x575-768x512.jpg 768w, http:\/\/ppg-foerderverein.de\/wp-content\/uploads\/2018\/07\/IMG_7406-3-1024x575-624x416.jpg 624w, http:\/\/ppg-foerderverein.de\/wp-content\/uploads\/2018\/07\/IMG_7406-3-1024x575.jpg 861w\" sizes=\"auto, (max-width: 300px) 100vw, 300px\" \/><\/a> <a href=\"http:\/\/ppg-foerderverein.de\/wp-content\/uploads\/2018\/07\/IMG_7426-4.jpg\"><img loading=\"lazy\" decoding=\"async\" class=\"alignnone size-medium wp-image-3381\" src=\"http:\/\/ppg-foerderverein.de\/wp-content\/uploads\/2018\/07\/IMG_7426-4-300x200.jpg\" alt=\"\" width=\"300\" height=\"200\" srcset=\"http:\/\/ppg-foerderverein.de\/wp-content\/uploads\/2018\/07\/IMG_7426-4-300x200.jpg 300w, http:\/\/ppg-foerderverein.de\/wp-content\/uploads\/2018\/07\/IMG_7426-4-768x512.jpg 768w, http:\/\/ppg-foerderverein.de\/wp-content\/uploads\/2018\/07\/IMG_7426-4-1024x683.jpg 1024w, http:\/\/ppg-foerderverein.de\/wp-content\/uploads\/2018\/07\/IMG_7426-4-624x416.jpg 624w\" sizes=\"auto, (max-width: 300px) 100vw, 300px\" \/><\/a> <a href=\"http:\/\/ppg-foerderverein.de\/wp-content\/uploads\/2018\/07\/k-IMG_7424-2.jpg\"><img loading=\"lazy\" decoding=\"async\" class=\"alignnone size-medium wp-image-3379\" src=\"http:\/\/ppg-foerderverein.de\/wp-content\/uploads\/2018\/07\/k-IMG_7424-2-300x200.jpg\" alt=\"\" width=\"300\" height=\"200\" srcset=\"http:\/\/ppg-foerderverein.de\/wp-content\/uploads\/2018\/07\/k-IMG_7424-2-300x200.jpg 300w, http:\/\/ppg-foerderverein.de\/wp-content\/uploads\/2018\/07\/k-IMG_7424-2-768x512.jpg 768w, http:\/\/ppg-foerderverein.de\/wp-content\/uploads\/2018\/07\/k-IMG_7424-2.jpg 1024w, http:\/\/ppg-foerderverein.de\/wp-content\/uploads\/2018\/07\/k-IMG_7424-2-624x416.jpg 624w\" sizes=\"auto, (max-width: 300px) 100vw, 300px\" \/><\/a><\/p>\n<p>Weitere Bilder\u00a0 <a href=\"http:\/\/ppg-foerderverein.de\/wp-content\/uploads\/2018\/07\/2018-Sommerfest.pdf\">2018 Sommerfest<\/a><\/p>\n<p>Sommer 18\u00a0\u00a0\u00a0\u00a0 Der F\u00f6rderverein startet mit neuen Werbeartikeln in das kommende Schuljahr: Drop-Flags, B\u00fcchertaschen, Flyer und Aufkleber (Gestaltung: Judith Csongr\u00e1dy)<\/p>\n<p><a href=\"http:\/\/ppg-foerderverein.de\/wp-content\/uploads\/2018\/10\/IMG_0027-2.jpg\"><img loading=\"lazy\" decoding=\"async\" class=\"alignnone size-medium wp-image-3565\" src=\"http:\/\/ppg-foerderverein.de\/wp-content\/uploads\/2018\/10\/IMG_0027-2-225x300.jpg\" alt=\"\" width=\"225\" height=\"300\" srcset=\"http:\/\/ppg-foerderverein.de\/wp-content\/uploads\/2018\/10\/IMG_0027-2-225x300.jpg 225w, http:\/\/ppg-foerderverein.de\/wp-content\/uploads\/2018\/10\/IMG_0027-2-768x1024.jpg 768w, http:\/\/ppg-foerderverein.de\/wp-content\/uploads\/2018\/10\/IMG_0027-2-624x832.jpg 624w\" sizes=\"auto, (max-width: 225px) 100vw, 225px\" \/><\/a> <a href=\"http:\/\/ppg-foerderverein.de\/wp-content\/uploads\/2018\/09\/IMG_7943-e1540740138519.jpg\"><img loading=\"lazy\" decoding=\"async\" class=\"alignnone size-medium wp-image-3563\" src=\"http:\/\/ppg-foerderverein.de\/wp-content\/uploads\/2018\/09\/IMG_7943-e1540740138519-225x300.jpg\" alt=\"\" width=\"225\" height=\"300\" srcset=\"http:\/\/ppg-foerderverein.de\/wp-content\/uploads\/2018\/09\/IMG_7943-e1540740138519-225x300.jpg 225w, http:\/\/ppg-foerderverein.de\/wp-content\/uploads\/2018\/09\/IMG_7943-e1540740138519-768x1024.jpg 768w, http:\/\/ppg-foerderverein.de\/wp-content\/uploads\/2018\/09\/IMG_7943-e1540740138519-624x832.jpg 624w\" sizes=\"auto, (max-width: 225px) 100vw, 225px\" \/><\/a><a href=\"http:\/\/ppg-foerderverein.de\/wp-content\/uploads\/2018\/05\/IMG_6114a-1024x768.jpg\"><img loading=\"lazy\" decoding=\"async\" class=\"alignnone size-medium wp-image-2989\" src=\"http:\/\/ppg-foerderverein.de\/wp-content\/uploads\/2018\/05\/IMG_6114a-1024x768-300x225.jpg\" alt=\"\" width=\"300\" height=\"225\" srcset=\"http:\/\/ppg-foerderverein.de\/wp-content\/uploads\/2018\/05\/IMG_6114a-1024x768-300x225.jpg 300w, http:\/\/ppg-foerderverein.de\/wp-content\/uploads\/2018\/05\/IMG_6114a-1024x768-768x576.jpg 768w, http:\/\/ppg-foerderverein.de\/wp-content\/uploads\/2018\/05\/IMG_6114a-1024x768.jpg 1024w, http:\/\/ppg-foerderverein.de\/wp-content\/uploads\/2018\/05\/IMG_6114a-1024x768-624x468.jpg 624w\" sizes=\"auto, (max-width: 300px) 100vw, 300px\" \/><\/a><a href=\"http:\/\/ppg-foerderverein.de\/wp-content\/uploads\/2018\/05\/Scan_Pic0079-e1527241453102.jpg\"><img loading=\"lazy\" decoding=\"async\" class=\"alignnone size-medium wp-image-2628\" src=\"http:\/\/ppg-foerderverein.de\/wp-content\/uploads\/2018\/05\/Scan_Pic0079-e1527241453102-300x206.jpg\" alt=\"\" width=\"300\" height=\"206\" srcset=\"http:\/\/ppg-foerderverein.de\/wp-content\/uploads\/2018\/05\/Scan_Pic0079-e1527241453102-300x206.jpg 300w, http:\/\/ppg-foerderverein.de\/wp-content\/uploads\/2018\/05\/Scan_Pic0079-e1527241453102-768x527.jpg 768w, http:\/\/ppg-foerderverein.de\/wp-content\/uploads\/2018\/05\/Scan_Pic0079-e1527241453102-1024x702.jpg 1024w, http:\/\/ppg-foerderverein.de\/wp-content\/uploads\/2018\/05\/Scan_Pic0079-e1527241453102-624x428.jpg 624w\" sizes=\"auto, (max-width: 300px) 100vw, 300px\" \/><\/a><\/p>\n<p>10.09.2018\u00a0\u00a0\u00a0\u00a0\u00a0 Begr\u00fc\u00dfung der neuen F\u00fcnftkl\u00e4ssler an ihrem ersten Schultag<\/p>\n<p><a href=\"http:\/\/ppg-foerderverein.de\/wp-content\/uploads\/2018\/10\/IMG_0039-2.jpg\"><img loading=\"lazy\" decoding=\"async\" class=\"alignnone size-medium wp-image-3543\" src=\"http:\/\/ppg-foerderverein.de\/wp-content\/uploads\/2018\/10\/IMG_0039-2-300x225.jpg\" alt=\"\" width=\"300\" height=\"225\" srcset=\"http:\/\/ppg-foerderverein.de\/wp-content\/uploads\/2018\/10\/IMG_0039-2-300x225.jpg 300w, http:\/\/ppg-foerderverein.de\/wp-content\/uploads\/2018\/10\/IMG_0039-2-768x576.jpg 768w, http:\/\/ppg-foerderverein.de\/wp-content\/uploads\/2018\/10\/IMG_0039-2-1024x768.jpg 1024w, http:\/\/ppg-foerderverein.de\/wp-content\/uploads\/2018\/10\/IMG_0039-2-624x468.jpg 624w\" sizes=\"auto, (max-width: 300px) 100vw, 300px\" \/><\/a> <a href=\"http:\/\/ppg-foerderverein.de\/wp-content\/uploads\/2018\/10\/IMG_0029.jpg\"><img loading=\"lazy\" decoding=\"async\" class=\"alignnone size-medium wp-image-3541\" src=\"http:\/\/ppg-foerderverein.de\/wp-content\/uploads\/2018\/10\/IMG_0029-300x225.jpg\" alt=\"\" width=\"300\" height=\"225\" srcset=\"http:\/\/ppg-foerderverein.de\/wp-content\/uploads\/2018\/10\/IMG_0029-300x225.jpg 300w, http:\/\/ppg-foerderverein.de\/wp-content\/uploads\/2018\/10\/IMG_0029-768x576.jpg 768w, http:\/\/ppg-foerderverein.de\/wp-content\/uploads\/2018\/10\/IMG_0029-1024x768.jpg 1024w, http:\/\/ppg-foerderverein.de\/wp-content\/uploads\/2018\/10\/IMG_0029-624x468.jpg 624w\" sizes=\"auto, (max-width: 300px) 100vw, 300px\" \/><\/a> <a href=\"http:\/\/ppg-foerderverein.de\/wp-content\/uploads\/2018\/10\/IMG_0040-2.jpg\"><img loading=\"lazy\" decoding=\"async\" class=\"alignnone size-medium wp-image-3544\" src=\"http:\/\/ppg-foerderverein.de\/wp-content\/uploads\/2018\/10\/IMG_0040-2-300x225.jpg\" alt=\"\" width=\"300\" height=\"225\" srcset=\"http:\/\/ppg-foerderverein.de\/wp-content\/uploads\/2018\/10\/IMG_0040-2-300x225.jpg 300w, http:\/\/ppg-foerderverein.de\/wp-content\/uploads\/2018\/10\/IMG_0040-2-768x576.jpg 768w, http:\/\/ppg-foerderverein.de\/wp-content\/uploads\/2018\/10\/IMG_0040-2-1024x768.jpg 1024w, http:\/\/ppg-foerderverein.de\/wp-content\/uploads\/2018\/10\/IMG_0040-2-624x468.jpg 624w\" sizes=\"auto, (max-width: 300px) 100vw, 300px\" \/><\/a><\/p>\n<p>14.10.2018\u00a0\u00a0\u00a0\u00a0\u00a0 Herbstausflug &#8211; Wanderung und F\u00fchrung im Naturschutzgebiet der Rei\u00dfinsel (Ltg. Judith Csongr\u00e1dy, F\u00fchrung Thomas Kilian, Naturschutzbeh\u00f6rde der Stadt Mannheim) <span style=\"color: #0000ff;\"><strong>*<\/strong><\/span><\/p>\n<p><a href=\"http:\/\/ppg-foerderverein.de\/wp-content\/uploads\/2018\/10\/F\u00f6V-Rei\u00dfinsel-2-1024x768.jpg\"><img loading=\"lazy\" decoding=\"async\" class=\"alignnone size-medium wp-image-3506\" src=\"http:\/\/ppg-foerderverein.de\/wp-content\/uploads\/2018\/10\/F\u00f6V-Rei\u00dfinsel-2-1024x768-300x225.jpg\" alt=\"\" width=\"300\" height=\"225\" srcset=\"http:\/\/ppg-foerderverein.de\/wp-content\/uploads\/2018\/10\/F\u00f6V-Rei\u00dfinsel-2-1024x768-300x225.jpg 300w, http:\/\/ppg-foerderverein.de\/wp-content\/uploads\/2018\/10\/F\u00f6V-Rei\u00dfinsel-2-1024x768-768x576.jpg 768w, http:\/\/ppg-foerderverein.de\/wp-content\/uploads\/2018\/10\/F\u00f6V-Rei\u00dfinsel-2-1024x768.jpg 1024w, http:\/\/ppg-foerderverein.de\/wp-content\/uploads\/2018\/10\/F\u00f6V-Rei\u00dfinsel-2-1024x768-624x468.jpg 624w\" sizes=\"auto, (max-width: 300px) 100vw, 300px\" \/><\/a><a href=\"http:\/\/ppg-foerderverein.de\/wp-content\/uploads\/2018\/10\/F\u00f6V-Rei\u00dfinsel-4-3-1024x768.jpg\"><img loading=\"lazy\" decoding=\"async\" class=\"alignnone size-medium wp-image-3517\" src=\"http:\/\/ppg-foerderverein.de\/wp-content\/uploads\/2018\/10\/F\u00f6V-Rei\u00dfinsel-4-3-1024x768-300x225.jpg\" alt=\"\" width=\"300\" height=\"225\" srcset=\"http:\/\/ppg-foerderverein.de\/wp-content\/uploads\/2018\/10\/F\u00f6V-Rei\u00dfinsel-4-3-1024x768-300x225.jpg 300w, http:\/\/ppg-foerderverein.de\/wp-content\/uploads\/2018\/10\/F\u00f6V-Rei\u00dfinsel-4-3-1024x768-768x576.jpg 768w, http:\/\/ppg-foerderverein.de\/wp-content\/uploads\/2018\/10\/F\u00f6V-Rei\u00dfinsel-4-3-1024x768.jpg 1024w, http:\/\/ppg-foerderverein.de\/wp-content\/uploads\/2018\/10\/F\u00f6V-Rei\u00dfinsel-4-3-1024x768-624x468.jpg 624w\" sizes=\"auto, (max-width: 300px) 100vw, 300px\" \/><\/a><a href=\"http:\/\/ppg-foerderverein.de\/wp-content\/uploads\/2018\/10\/F\u00f6V-Rei\u00dfinsel-4-1024x768.jpg\"><img loading=\"lazy\" decoding=\"async\" class=\"alignnone size-medium wp-image-3509\" src=\"http:\/\/ppg-foerderverein.de\/wp-content\/uploads\/2018\/10\/F\u00f6V-Rei\u00dfinsel-4-1024x768-300x225.jpg\" alt=\"\" width=\"300\" height=\"225\" srcset=\"http:\/\/ppg-foerderverein.de\/wp-content\/uploads\/2018\/10\/F\u00f6V-Rei\u00dfinsel-4-1024x768-300x225.jpg 300w, http:\/\/ppg-foerderverein.de\/wp-content\/uploads\/2018\/10\/F\u00f6V-Rei\u00dfinsel-4-1024x768-768x576.jpg 768w, http:\/\/ppg-foerderverein.de\/wp-content\/uploads\/2018\/10\/F\u00f6V-Rei\u00dfinsel-4-1024x768.jpg 1024w, http:\/\/ppg-foerderverein.de\/wp-content\/uploads\/2018\/10\/F\u00f6V-Rei\u00dfinsel-4-1024x768-624x468.jpg 624w\" sizes=\"auto, (max-width: 300px) 100vw, 300px\" \/><\/a><\/p>\n<p>Weitere Bilder\u00a0 <a href=\"http:\/\/ppg-foerderverein.de\/wp-content\/uploads\/2018\/10\/2018-10-14-Herbstausflug-Rei\u00dfinsel.pdf\">2018 F\u00f6V Herbstausflug auf die Rei\u00dfinsel<\/a><\/p>\n<p>16.10.2018\u00a0\u00a0\u00a0\u00a0\u00a0 43. ordentliche Mitgliederversammlung. F\u00fcr musikalische Unterhaltung sorgt das Geissmar Salonorchester &#8211; als Dankesch\u00f6n f\u00fcr die finanzielle Unterst\u00fctzung der Berlinfahrt im Mai 2018 (siehe oben).<\/p>\n<p><a href=\"http:\/\/ppg-foerderverein.de\/wp-content\/uploads\/2018\/10\/IMG_7862-2.jpg\"><img loading=\"lazy\" decoding=\"async\" class=\"alignnone size-medium wp-image-3553\" src=\"http:\/\/ppg-foerderverein.de\/wp-content\/uploads\/2018\/10\/IMG_7862-2-300x225.jpg\" alt=\"\" width=\"300\" height=\"225\" srcset=\"http:\/\/ppg-foerderverein.de\/wp-content\/uploads\/2018\/10\/IMG_7862-2-300x225.jpg 300w, http:\/\/ppg-foerderverein.de\/wp-content\/uploads\/2018\/10\/IMG_7862-2-768x576.jpg 768w, http:\/\/ppg-foerderverein.de\/wp-content\/uploads\/2018\/10\/IMG_7862-2-1024x768.jpg 1024w, http:\/\/ppg-foerderverein.de\/wp-content\/uploads\/2018\/10\/IMG_7862-2-624x468.jpg 624w\" sizes=\"auto, (max-width: 300px) 100vw, 300px\" \/><\/a> <a href=\"http:\/\/ppg-foerderverein.de\/wp-content\/uploads\/2018\/10\/IMG_7869-3.jpg\"><img loading=\"lazy\" decoding=\"async\" class=\"alignnone size-medium wp-image-3555\" src=\"http:\/\/ppg-foerderverein.de\/wp-content\/uploads\/2018\/10\/IMG_7869-3-300x225.jpg\" alt=\"\" width=\"300\" height=\"225\" srcset=\"http:\/\/ppg-foerderverein.de\/wp-content\/uploads\/2018\/10\/IMG_7869-3-300x225.jpg 300w, http:\/\/ppg-foerderverein.de\/wp-content\/uploads\/2018\/10\/IMG_7869-3-768x576.jpg 768w, http:\/\/ppg-foerderverein.de\/wp-content\/uploads\/2018\/10\/IMG_7869-3-1024x768.jpg 1024w, http:\/\/ppg-foerderverein.de\/wp-content\/uploads\/2018\/10\/IMG_7869-3-624x468.jpg 624w\" sizes=\"auto, (max-width: 300px) 100vw, 300px\" \/><\/a> <a href=\"http:\/\/ppg-foerderverein.de\/wp-content\/uploads\/2018\/10\/IMG_7860-2.jpg\"><img loading=\"lazy\" decoding=\"async\" class=\"alignnone size-medium wp-image-3552\" src=\"http:\/\/ppg-foerderverein.de\/wp-content\/uploads\/2018\/10\/IMG_7860-2-300x225.jpg\" alt=\"\" width=\"300\" height=\"225\" srcset=\"http:\/\/ppg-foerderverein.de\/wp-content\/uploads\/2018\/10\/IMG_7860-2-300x225.jpg 300w, http:\/\/ppg-foerderverein.de\/wp-content\/uploads\/2018\/10\/IMG_7860-2-768x576.jpg 768w, http:\/\/ppg-foerderverein.de\/wp-content\/uploads\/2018\/10\/IMG_7860-2-1024x768.jpg 1024w, http:\/\/ppg-foerderverein.de\/wp-content\/uploads\/2018\/10\/IMG_7860-2-624x468.jpg 624w\" sizes=\"auto, (max-width: 300px) 100vw, 300px\" \/><\/a><\/p>\n<p>\u00a0<\/p>\n<h2><span style=\"color: #0000ff;\">2019<\/span><\/h2>\n<p><span style=\"color: #0000ff;\"><strong>45j\u00e4hriges Bestehen des F\u00f6rdervereins<\/strong><\/span><\/p>\n<p>16.02.2019\u00a0\u00a0\u00a0\u00a0\u00a0 9. Tag der Offenen T\u00fcr mit Musikworkshop<\/p>\n<p><a href=\"http:\/\/ppg-foerderverein.de\/wp-content\/uploads\/2019\/02\/20190216_1022110.jpg\"><img loading=\"lazy\" decoding=\"async\" class=\"wp-image-3628 aligncenter\" src=\"http:\/\/ppg-foerderverein.de\/wp-content\/uploads\/2019\/02\/20190216_1022110-300x169.jpg\" alt=\"\" width=\"438\" height=\"247\" srcset=\"http:\/\/ppg-foerderverein.de\/wp-content\/uploads\/2019\/02\/20190216_1022110-300x169.jpg 300w, http:\/\/ppg-foerderverein.de\/wp-content\/uploads\/2019\/02\/20190216_1022110-768x432.jpg 768w, http:\/\/ppg-foerderverein.de\/wp-content\/uploads\/2019\/02\/20190216_1022110-1024x576.jpg 1024w, http:\/\/ppg-foerderverein.de\/wp-content\/uploads\/2019\/02\/20190216_1022110-624x351.jpg 624w\" sizes=\"auto, (max-width: 438px) 100vw, 438px\" \/><\/a><\/p>\n<p><a href=\"http:\/\/ppg-foerderverein.de\/wp-content\/uploads\/2019\/02\/20190216_102230-2.jpg\"><img loading=\"lazy\" decoding=\"async\" class=\"alignnone size-medium wp-image-3618\" src=\"http:\/\/ppg-foerderverein.de\/wp-content\/uploads\/2019\/02\/20190216_102230-2-300x169.jpg\" alt=\"\" width=\"300\" height=\"169\" srcset=\"http:\/\/ppg-foerderverein.de\/wp-content\/uploads\/2019\/02\/20190216_102230-2-300x169.jpg 300w, http:\/\/ppg-foerderverein.de\/wp-content\/uploads\/2019\/02\/20190216_102230-2-768x432.jpg 768w, http:\/\/ppg-foerderverein.de\/wp-content\/uploads\/2019\/02\/20190216_102230-2-1024x576.jpg 1024w, http:\/\/ppg-foerderverein.de\/wp-content\/uploads\/2019\/02\/20190216_102230-2-624x351.jpg 624w\" sizes=\"auto, (max-width: 300px) 100vw, 300px\" \/><\/a> <a href=\"http:\/\/ppg-foerderverein.de\/wp-content\/uploads\/2019\/02\/20190216_110345-2.jpg\"><img loading=\"lazy\" decoding=\"async\" class=\"alignnone size-medium wp-image-3619\" src=\"http:\/\/ppg-foerderverein.de\/wp-content\/uploads\/2019\/02\/20190216_110345-2-300x169.jpg\" alt=\"\" width=\"300\" height=\"169\" srcset=\"http:\/\/ppg-foerderverein.de\/wp-content\/uploads\/2019\/02\/20190216_110345-2-300x169.jpg 300w, http:\/\/ppg-foerderverein.de\/wp-content\/uploads\/2019\/02\/20190216_110345-2-768x432.jpg 768w, http:\/\/ppg-foerderverein.de\/wp-content\/uploads\/2019\/02\/20190216_110345-2-1024x576.jpg 1024w, http:\/\/ppg-foerderverein.de\/wp-content\/uploads\/2019\/02\/20190216_110345-2-624x351.jpg 624w\" sizes=\"auto, (max-width: 300px) 100vw, 300px\" \/><\/a> <a href=\"http:\/\/ppg-foerderverein.de\/wp-content\/uploads\/2019\/02\/20190216_110530-2.jpg\"><img loading=\"lazy\" decoding=\"async\" class=\"alignnone size-medium wp-image-3620\" src=\"http:\/\/ppg-foerderverein.de\/wp-content\/uploads\/2019\/02\/20190216_110530-2-300x169.jpg\" alt=\"\" width=\"300\" height=\"169\" srcset=\"http:\/\/ppg-foerderverein.de\/wp-content\/uploads\/2019\/02\/20190216_110530-2-300x169.jpg 300w, http:\/\/ppg-foerderverein.de\/wp-content\/uploads\/2019\/02\/20190216_110530-2-768x432.jpg 768w, http:\/\/ppg-foerderverein.de\/wp-content\/uploads\/2019\/02\/20190216_110530-2-1024x576.jpg 1024w, http:\/\/ppg-foerderverein.de\/wp-content\/uploads\/2019\/02\/20190216_110530-2-624x351.jpg 624w\" sizes=\"auto, (max-width: 300px) 100vw, 300px\" \/><\/a> <a href=\"http:\/\/ppg-foerderverein.de\/wp-content\/uploads\/2019\/02\/20190216_115801-2.jpg\"><img loading=\"lazy\" decoding=\"async\" class=\"alignnone size-medium wp-image-3621\" src=\"http:\/\/ppg-foerderverein.de\/wp-content\/uploads\/2019\/02\/20190216_115801-2-300x169.jpg\" alt=\"\" width=\"300\" height=\"169\" srcset=\"http:\/\/ppg-foerderverein.de\/wp-content\/uploads\/2019\/02\/20190216_115801-2-300x169.jpg 300w, http:\/\/ppg-foerderverein.de\/wp-content\/uploads\/2019\/02\/20190216_115801-2-768x432.jpg 768w, http:\/\/ppg-foerderverein.de\/wp-content\/uploads\/2019\/02\/20190216_115801-2-1024x576.jpg 1024w, http:\/\/ppg-foerderverein.de\/wp-content\/uploads\/2019\/02\/20190216_115801-2-624x351.jpg 624w\" sizes=\"auto, (max-width: 300px) 100vw, 300px\" \/><\/a> <a href=\"http:\/\/ppg-foerderverein.de\/wp-content\/uploads\/2019\/02\/20190216_115844-2.jpg\"><img loading=\"lazy\" decoding=\"async\" class=\"alignnone size-medium wp-image-3622\" src=\"http:\/\/ppg-foerderverein.de\/wp-content\/uploads\/2019\/02\/20190216_115844-2-300x169.jpg\" alt=\"\" width=\"300\" height=\"169\" srcset=\"http:\/\/ppg-foerderverein.de\/wp-content\/uploads\/2019\/02\/20190216_115844-2-300x169.jpg 300w, http:\/\/ppg-foerderverein.de\/wp-content\/uploads\/2019\/02\/20190216_115844-2-768x432.jpg 768w, http:\/\/ppg-foerderverein.de\/wp-content\/uploads\/2019\/02\/20190216_115844-2-1024x576.jpg 1024w, http:\/\/ppg-foerderverein.de\/wp-content\/uploads\/2019\/02\/20190216_115844-2-624x351.jpg 624w\" sizes=\"auto, (max-width: 300px) 100vw, 300px\" \/><\/a> <a href=\"http:\/\/ppg-foerderverein.de\/wp-content\/uploads\/2019\/02\/20190216_110233.jpg\"><img loading=\"lazy\" decoding=\"async\" class=\"alignnone size-medium wp-image-3627\" src=\"http:\/\/ppg-foerderverein.de\/wp-content\/uploads\/2019\/02\/20190216_110233-300x169.jpg\" alt=\"\" width=\"300\" height=\"169\" srcset=\"http:\/\/ppg-foerderverein.de\/wp-content\/uploads\/2019\/02\/20190216_110233-300x169.jpg 300w, http:\/\/ppg-foerderverein.de\/wp-content\/uploads\/2019\/02\/20190216_110233-768x432.jpg 768w, http:\/\/ppg-foerderverein.de\/wp-content\/uploads\/2019\/02\/20190216_110233-1024x576.jpg 1024w, http:\/\/ppg-foerderverein.de\/wp-content\/uploads\/2019\/02\/20190216_110233-624x351.jpg 624w\" sizes=\"auto, (max-width: 300px) 100vw, 300px\" \/><\/a><\/p>\n<p>05.04.2019\u00a0\u00a0\u00a0\u00a0 11. Lange Nacht der Musen; der F\u00f6rderverein \u00fcbernimmt nach 3 Jahren wieder die Bewirtung.<\/p>\n<p><a href=\"http:\/\/ppg-foerderverein.de\/wp-content\/uploads\/2019\/04\/IMG_0052a.jpg\"><img loading=\"lazy\" decoding=\"async\" class=\"alignnone size-medium wp-image-3645\" src=\"http:\/\/ppg-foerderverein.de\/wp-content\/uploads\/2019\/04\/IMG_0052a-300x225.jpg\" alt=\"\" width=\"300\" height=\"225\" srcset=\"http:\/\/ppg-foerderverein.de\/wp-content\/uploads\/2019\/04\/IMG_0052a-300x225.jpg 300w, http:\/\/ppg-foerderverein.de\/wp-content\/uploads\/2019\/04\/IMG_0052a-768x576.jpg 768w, http:\/\/ppg-foerderverein.de\/wp-content\/uploads\/2019\/04\/IMG_0052a-1024x768.jpg 1024w, http:\/\/ppg-foerderverein.de\/wp-content\/uploads\/2019\/04\/IMG_0052a-624x468.jpg 624w\" sizes=\"auto, (max-width: 300px) 100vw, 300px\" \/><\/a> <a href=\"http:\/\/ppg-foerderverein.de\/wp-content\/uploads\/2019\/04\/IMG_0048a.jpg\"><img loading=\"lazy\" decoding=\"async\" class=\"alignnone size-medium wp-image-3641\" src=\"http:\/\/ppg-foerderverein.de\/wp-content\/uploads\/2019\/04\/IMG_0048a-300x225.jpg\" alt=\"\" width=\"300\" height=\"225\" srcset=\"http:\/\/ppg-foerderverein.de\/wp-content\/uploads\/2019\/04\/IMG_0048a-300x225.jpg 300w, http:\/\/ppg-foerderverein.de\/wp-content\/uploads\/2019\/04\/IMG_0048a-768x576.jpg 768w, http:\/\/ppg-foerderverein.de\/wp-content\/uploads\/2019\/04\/IMG_0048a-1024x768.jpg 1024w, http:\/\/ppg-foerderverein.de\/wp-content\/uploads\/2019\/04\/IMG_0048a-624x468.jpg 624w\" sizes=\"auto, (max-width: 300px) 100vw, 300px\" \/><\/a> <a href=\"http:\/\/ppg-foerderverein.de\/wp-content\/uploads\/2019\/04\/IMG_0045.jpg\"><img loading=\"lazy\" decoding=\"async\" class=\"alignnone size-medium wp-image-3638\" src=\"http:\/\/ppg-foerderverein.de\/wp-content\/uploads\/2019\/04\/IMG_0045-300x225.jpg\" alt=\"\" width=\"300\" height=\"225\" srcset=\"http:\/\/ppg-foerderverein.de\/wp-content\/uploads\/2019\/04\/IMG_0045-300x225.jpg 300w, http:\/\/ppg-foerderverein.de\/wp-content\/uploads\/2019\/04\/IMG_0045-768x576.jpg 768w, http:\/\/ppg-foerderverein.de\/wp-content\/uploads\/2019\/04\/IMG_0045-1024x768.jpg 1024w, http:\/\/ppg-foerderverein.de\/wp-content\/uploads\/2019\/04\/IMG_0045-624x468.jpg 624w\" sizes=\"auto, (max-width: 300px) 100vw, 300px\" \/><\/a><\/p>\n<p>20.07.2019 \u00a0 \u00a0\u00a0 Sommerfest<\/p>\n<p><a href=\"http:\/\/ppg-foerderverein.de\/wp-content\/uploads\/2019\/07\/20190720_122146-1024x576.jpg\"><img loading=\"lazy\" decoding=\"async\" class=\"alignnone size-medium wp-image-3662\" src=\"http:\/\/ppg-foerderverein.de\/wp-content\/uploads\/2019\/07\/20190720_122146-1024x576-300x169.jpg\" alt=\"\" width=\"300\" height=\"169\" srcset=\"http:\/\/ppg-foerderverein.de\/wp-content\/uploads\/2019\/07\/20190720_122146-1024x576-300x169.jpg 300w, http:\/\/ppg-foerderverein.de\/wp-content\/uploads\/2019\/07\/20190720_122146-1024x576-768x432.jpg 768w, http:\/\/ppg-foerderverein.de\/wp-content\/uploads\/2019\/07\/20190720_122146-1024x576.jpg 1024w, http:\/\/ppg-foerderverein.de\/wp-content\/uploads\/2019\/07\/20190720_122146-1024x576-624x351.jpg 624w\" sizes=\"auto, (max-width: 300px) 100vw, 300px\" \/><\/a> <a href=\"http:\/\/ppg-foerderverein.de\/wp-content\/uploads\/2019\/07\/20190720_142230-1024x576.jpg\"><img loading=\"lazy\" decoding=\"async\" class=\"alignnone size-medium wp-image-3678\" src=\"http:\/\/ppg-foerderverein.de\/wp-content\/uploads\/2019\/07\/20190720_142230-1024x576-300x169.jpg\" alt=\"\" width=\"300\" height=\"169\" srcset=\"http:\/\/ppg-foerderverein.de\/wp-content\/uploads\/2019\/07\/20190720_142230-1024x576-300x169.jpg 300w, http:\/\/ppg-foerderverein.de\/wp-content\/uploads\/2019\/07\/20190720_142230-1024x576-768x432.jpg 768w, http:\/\/ppg-foerderverein.de\/wp-content\/uploads\/2019\/07\/20190720_142230-1024x576.jpg 1024w, http:\/\/ppg-foerderverein.de\/wp-content\/uploads\/2019\/07\/20190720_142230-1024x576-624x351.jpg 624w\" sizes=\"auto, (max-width: 300px) 100vw, 300px\" \/><\/a> <a href=\"http:\/\/ppg-foerderverein.de\/wp-content\/uploads\/2019\/07\/20190720_130018-1024x576.jpg\"><img loading=\"lazy\" decoding=\"async\" class=\"alignnone size-medium wp-image-3677\" src=\"http:\/\/ppg-foerderverein.de\/wp-content\/uploads\/2019\/07\/20190720_130018-1024x576-300x169.jpg\" alt=\"\" width=\"300\" height=\"169\" srcset=\"http:\/\/ppg-foerderverein.de\/wp-content\/uploads\/2019\/07\/20190720_130018-1024x576-300x169.jpg 300w, http:\/\/ppg-foerderverein.de\/wp-content\/uploads\/2019\/07\/20190720_130018-1024x576-768x432.jpg 768w, http:\/\/ppg-foerderverein.de\/wp-content\/uploads\/2019\/07\/20190720_130018-1024x576.jpg 1024w, http:\/\/ppg-foerderverein.de\/wp-content\/uploads\/2019\/07\/20190720_130018-1024x576-624x351.jpg 624w\" sizes=\"auto, (max-width: 300px) 100vw, 300px\" \/><\/a> <a href=\"http:\/\/ppg-foerderverein.de\/wp-content\/uploads\/2019\/07\/20190720_125949-1024x576-2.jpg\"><img loading=\"lazy\" decoding=\"async\" class=\"alignnone size-medium wp-image-3676\" src=\"http:\/\/ppg-foerderverein.de\/wp-content\/uploads\/2019\/07\/20190720_125949-1024x576-2-300x168.jpg\" alt=\"\" width=\"300\" height=\"168\" srcset=\"http:\/\/ppg-foerderverein.de\/wp-content\/uploads\/2019\/07\/20190720_125949-1024x576-2-300x168.jpg 300w, http:\/\/ppg-foerderverein.de\/wp-content\/uploads\/2019\/07\/20190720_125949-1024x576-2.jpg 576w\" sizes=\"auto, (max-width: 300px) 100vw, 300px\" \/><\/a> <a href=\"http:\/\/ppg-foerderverein.de\/wp-content\/uploads\/2019\/07\/20190720_125914-1024x576.jpg\"><img loading=\"lazy\" decoding=\"async\" class=\"alignnone size-medium wp-image-3674\" src=\"http:\/\/ppg-foerderverein.de\/wp-content\/uploads\/2019\/07\/20190720_125914-1024x576-300x169.jpg\" alt=\"\" width=\"300\" height=\"169\" srcset=\"http:\/\/ppg-foerderverein.de\/wp-content\/uploads\/2019\/07\/20190720_125914-1024x576-300x169.jpg 300w, http:\/\/ppg-foerderverein.de\/wp-content\/uploads\/2019\/07\/20190720_125914-1024x576-768x432.jpg 768w, http:\/\/ppg-foerderverein.de\/wp-content\/uploads\/2019\/07\/20190720_125914-1024x576.jpg 1024w, http:\/\/ppg-foerderverein.de\/wp-content\/uploads\/2019\/07\/20190720_125914-1024x576-624x351.jpg 624w\" sizes=\"auto, (max-width: 300px) 100vw, 300px\" \/><\/a> <a href=\"http:\/\/ppg-foerderverein.de\/wp-content\/uploads\/2019\/07\/20190720_124420-1024x576.jpg\"><img loading=\"lazy\" decoding=\"async\" class=\"alignnone size-medium wp-image-3673\" src=\"http:\/\/ppg-foerderverein.de\/wp-content\/uploads\/2019\/07\/20190720_124420-1024x576-300x169.jpg\" alt=\"\" width=\"300\" height=\"169\" srcset=\"http:\/\/ppg-foerderverein.de\/wp-content\/uploads\/2019\/07\/20190720_124420-1024x576-300x169.jpg 300w, http:\/\/ppg-foerderverein.de\/wp-content\/uploads\/2019\/07\/20190720_124420-1024x576-768x432.jpg 768w, http:\/\/ppg-foerderverein.de\/wp-content\/uploads\/2019\/07\/20190720_124420-1024x576.jpg 1024w, http:\/\/ppg-foerderverein.de\/wp-content\/uploads\/2019\/07\/20190720_124420-1024x576-624x351.jpg 624w\" sizes=\"auto, (max-width: 300px) 100vw, 300px\" \/><\/a> <a href=\"http:\/\/ppg-foerderverein.de\/wp-content\/uploads\/2019\/07\/20190720_124349-1024x576.jpg\"><img loading=\"lazy\" decoding=\"async\" class=\"alignnone size-medium wp-image-3672\" src=\"http:\/\/ppg-foerderverein.de\/wp-content\/uploads\/2019\/07\/20190720_124349-1024x576-300x169.jpg\" alt=\"\" width=\"300\" height=\"169\" srcset=\"http:\/\/ppg-foerderverein.de\/wp-content\/uploads\/2019\/07\/20190720_124349-1024x576-300x169.jpg 300w, http:\/\/ppg-foerderverein.de\/wp-content\/uploads\/2019\/07\/20190720_124349-1024x576-768x432.jpg 768w, http:\/\/ppg-foerderverein.de\/wp-content\/uploads\/2019\/07\/20190720_124349-1024x576.jpg 1024w, http:\/\/ppg-foerderverein.de\/wp-content\/uploads\/2019\/07\/20190720_124349-1024x576-624x351.jpg 624w\" sizes=\"auto, (max-width: 300px) 100vw, 300px\" \/><\/a> <a href=\"http:\/\/ppg-foerderverein.de\/wp-content\/uploads\/2019\/07\/20190720_124318-1024x576.jpg\"><img loading=\"lazy\" decoding=\"async\" class=\"alignnone size-medium wp-image-3671\" src=\"http:\/\/ppg-foerderverein.de\/wp-content\/uploads\/2019\/07\/20190720_124318-1024x576-300x169.jpg\" alt=\"\" width=\"300\" height=\"169\" srcset=\"http:\/\/ppg-foerderverein.de\/wp-content\/uploads\/2019\/07\/20190720_124318-1024x576-300x169.jpg 300w, http:\/\/ppg-foerderverein.de\/wp-content\/uploads\/2019\/07\/20190720_124318-1024x576-768x432.jpg 768w, http:\/\/ppg-foerderverein.de\/wp-content\/uploads\/2019\/07\/20190720_124318-1024x576.jpg 1024w, http:\/\/ppg-foerderverein.de\/wp-content\/uploads\/2019\/07\/20190720_124318-1024x576-624x351.jpg 624w\" sizes=\"auto, (max-width: 300px) 100vw, 300px\" \/><\/a> <a href=\"http:\/\/ppg-foerderverein.de\/wp-content\/uploads\/2019\/07\/20190720_123938-1024x576.jpg\"><img loading=\"lazy\" decoding=\"async\" class=\"alignnone size-medium wp-image-3669\" src=\"http:\/\/ppg-foerderverein.de\/wp-content\/uploads\/2019\/07\/20190720_123938-1024x576-300x169.jpg\" alt=\"\" width=\"300\" height=\"169\" srcset=\"http:\/\/ppg-foerderverein.de\/wp-content\/uploads\/2019\/07\/20190720_123938-1024x576-300x169.jpg 300w, http:\/\/ppg-foerderverein.de\/wp-content\/uploads\/2019\/07\/20190720_123938-1024x576-768x432.jpg 768w, http:\/\/ppg-foerderverein.de\/wp-content\/uploads\/2019\/07\/20190720_123938-1024x576.jpg 1024w, http:\/\/ppg-foerderverein.de\/wp-content\/uploads\/2019\/07\/20190720_123938-1024x576-624x351.jpg 624w\" sizes=\"auto, (max-width: 300px) 100vw, 300px\" \/><\/a> <a href=\"http:\/\/ppg-foerderverein.de\/wp-content\/uploads\/2019\/07\/20190720_123049-1024x576.jpg\"><img loading=\"lazy\" decoding=\"async\" class=\"alignnone size-medium wp-image-3668\" src=\"http:\/\/ppg-foerderverein.de\/wp-content\/uploads\/2019\/07\/20190720_123049-1024x576-300x169.jpg\" alt=\"\" width=\"300\" height=\"169\" srcset=\"http:\/\/ppg-foerderverein.de\/wp-content\/uploads\/2019\/07\/20190720_123049-1024x576-300x169.jpg 300w, http:\/\/ppg-foerderverein.de\/wp-content\/uploads\/2019\/07\/20190720_123049-1024x576-768x432.jpg 768w, http:\/\/ppg-foerderverein.de\/wp-content\/uploads\/2019\/07\/20190720_123049-1024x576.jpg 1024w, http:\/\/ppg-foerderverein.de\/wp-content\/uploads\/2019\/07\/20190720_123049-1024x576-624x351.jpg 624w\" sizes=\"auto, (max-width: 300px) 100vw, 300px\" \/><\/a> <a href=\"http:\/\/ppg-foerderverein.de\/wp-content\/uploads\/2019\/07\/20190720_122804-1024x576.jpg\"><img loading=\"lazy\" decoding=\"async\" class=\"alignnone size-medium wp-image-3667\" src=\"http:\/\/ppg-foerderverein.de\/wp-content\/uploads\/2019\/07\/20190720_122804-1024x576-300x169.jpg\" alt=\"\" width=\"300\" height=\"169\" srcset=\"http:\/\/ppg-foerderverein.de\/wp-content\/uploads\/2019\/07\/20190720_122804-1024x576-300x169.jpg 300w, http:\/\/ppg-foerderverein.de\/wp-content\/uploads\/2019\/07\/20190720_122804-1024x576-768x432.jpg 768w, http:\/\/ppg-foerderverein.de\/wp-content\/uploads\/2019\/07\/20190720_122804-1024x576.jpg 1024w, http:\/\/ppg-foerderverein.de\/wp-content\/uploads\/2019\/07\/20190720_122804-1024x576-624x351.jpg 624w\" sizes=\"auto, (max-width: 300px) 100vw, 300px\" \/><\/a> <a href=\"http:\/\/ppg-foerderverein.de\/wp-content\/uploads\/2019\/07\/20190720_122545-1024x576-2.jpg\"><img loading=\"lazy\" decoding=\"async\" class=\"alignnone size-medium wp-image-3665\" src=\"http:\/\/ppg-foerderverein.de\/wp-content\/uploads\/2019\/07\/20190720_122545-1024x576-2-300x169.jpg\" alt=\"\" width=\"300\" height=\"169\" srcset=\"http:\/\/ppg-foerderverein.de\/wp-content\/uploads\/2019\/07\/20190720_122545-1024x576-2-300x169.jpg 300w, http:\/\/ppg-foerderverein.de\/wp-content\/uploads\/2019\/07\/20190720_122545-1024x576-2-768x432.jpg 768w, http:\/\/ppg-foerderverein.de\/wp-content\/uploads\/2019\/07\/20190720_122545-1024x576-2-624x351.jpg 624w, http:\/\/ppg-foerderverein.de\/wp-content\/uploads\/2019\/07\/20190720_122545-1024x576-2.jpg 849w\" sizes=\"auto, (max-width: 300px) 100vw, 300px\" \/><\/a> <a href=\"http:\/\/ppg-foerderverein.de\/wp-content\/uploads\/2019\/07\/20190720_122447-1024x576.jpg\"><img loading=\"lazy\" decoding=\"async\" class=\"alignnone size-medium wp-image-3664\" src=\"http:\/\/ppg-foerderverein.de\/wp-content\/uploads\/2019\/07\/20190720_122447-1024x576-300x169.jpg\" alt=\"\" width=\"300\" height=\"169\" srcset=\"http:\/\/ppg-foerderverein.de\/wp-content\/uploads\/2019\/07\/20190720_122447-1024x576-300x169.jpg 300w, http:\/\/ppg-foerderverein.de\/wp-content\/uploads\/2019\/07\/20190720_122447-1024x576-768x432.jpg 768w, http:\/\/ppg-foerderverein.de\/wp-content\/uploads\/2019\/07\/20190720_122447-1024x576.jpg 1024w, http:\/\/ppg-foerderverein.de\/wp-content\/uploads\/2019\/07\/20190720_122447-1024x576-624x351.jpg 624w\" sizes=\"auto, (max-width: 300px) 100vw, 300px\" \/><\/a><\/p>\n<p>Juli 2019\u00a0\u00a0\u00a0\u00a0\u00a0 Aktueller Baufortschritt am ehemaligen Fachklassengeb\u00e4ude<\/p>\n<p><a href=\"http:\/\/ppg-foerderverein.de\/wp-content\/uploads\/2019\/07\/01-S\u00fcdseite.jpg\"><img loading=\"lazy\" decoding=\"async\" class=\"alignnone size-medium wp-image-3689\" src=\"http:\/\/ppg-foerderverein.de\/wp-content\/uploads\/2019\/07\/01-S\u00fcdseite-300x169.jpg\" alt=\"\" width=\"300\" height=\"169\" srcset=\"http:\/\/ppg-foerderverein.de\/wp-content\/uploads\/2019\/07\/01-S\u00fcdseite-300x169.jpg 300w, http:\/\/ppg-foerderverein.de\/wp-content\/uploads\/2019\/07\/01-S\u00fcdseite-768x432.jpg 768w, http:\/\/ppg-foerderverein.de\/wp-content\/uploads\/2019\/07\/01-S\u00fcdseite.jpg 1024w, http:\/\/ppg-foerderverein.de\/wp-content\/uploads\/2019\/07\/01-S\u00fcdseite-624x351.jpg 624w\" sizes=\"auto, (max-width: 300px) 100vw, 300px\" \/><\/a> <a href=\"http:\/\/ppg-foerderverein.de\/wp-content\/uploads\/2019\/07\/02-S\u00fcdseite-und-Einfahrt.jpg\"><img loading=\"lazy\" decoding=\"async\" class=\"alignnone size-medium wp-image-3690\" src=\"http:\/\/ppg-foerderverein.de\/wp-content\/uploads\/2019\/07\/02-S\u00fcdseite-und-Einfahrt-300x169.jpg\" alt=\"\" width=\"300\" height=\"169\" srcset=\"http:\/\/ppg-foerderverein.de\/wp-content\/uploads\/2019\/07\/02-S\u00fcdseite-und-Einfahrt-300x169.jpg 300w, http:\/\/ppg-foerderverein.de\/wp-content\/uploads\/2019\/07\/02-S\u00fcdseite-und-Einfahrt-768x432.jpg 768w, http:\/\/ppg-foerderverein.de\/wp-content\/uploads\/2019\/07\/02-S\u00fcdseite-und-Einfahrt.jpg 1024w, http:\/\/ppg-foerderverein.de\/wp-content\/uploads\/2019\/07\/02-S\u00fcdseite-und-Einfahrt-624x351.jpg 624w\" sizes=\"auto, (max-width: 300px) 100vw, 300px\" \/><\/a> <a href=\"http:\/\/ppg-foerderverein.de\/wp-content\/uploads\/2019\/07\/03-Eingang-1.jpg\"><img loading=\"lazy\" decoding=\"async\" class=\"alignnone size-medium wp-image-3691\" src=\"http:\/\/ppg-foerderverein.de\/wp-content\/uploads\/2019\/07\/03-Eingang-1-300x169.jpg\" alt=\"\" width=\"300\" height=\"169\" srcset=\"http:\/\/ppg-foerderverein.de\/wp-content\/uploads\/2019\/07\/03-Eingang-1-300x169.jpg 300w, http:\/\/ppg-foerderverein.de\/wp-content\/uploads\/2019\/07\/03-Eingang-1-768x432.jpg 768w, http:\/\/ppg-foerderverein.de\/wp-content\/uploads\/2019\/07\/03-Eingang-1.jpg 1024w, http:\/\/ppg-foerderverein.de\/wp-content\/uploads\/2019\/07\/03-Eingang-1-624x351.jpg 624w\" sizes=\"auto, (max-width: 300px) 100vw, 300px\" \/><\/a> <a href=\"http:\/\/ppg-foerderverein.de\/wp-content\/uploads\/2019\/07\/03-Eingang-2.jpg\"><img loading=\"lazy\" decoding=\"async\" class=\"alignnone size-medium wp-image-3692\" src=\"http:\/\/ppg-foerderverein.de\/wp-content\/uploads\/2019\/07\/03-Eingang-2-300x169.jpg\" alt=\"\" width=\"300\" height=\"169\" srcset=\"http:\/\/ppg-foerderverein.de\/wp-content\/uploads\/2019\/07\/03-Eingang-2-300x169.jpg 300w, http:\/\/ppg-foerderverein.de\/wp-content\/uploads\/2019\/07\/03-Eingang-2-768x432.jpg 768w, http:\/\/ppg-foerderverein.de\/wp-content\/uploads\/2019\/07\/03-Eingang-2.jpg 1024w, http:\/\/ppg-foerderverein.de\/wp-content\/uploads\/2019\/07\/03-Eingang-2-624x351.jpg 624w\" sizes=\"auto, (max-width: 300px) 100vw, 300px\" \/><\/a> <a href=\"http:\/\/ppg-foerderverein.de\/wp-content\/uploads\/2019\/07\/04-Nordseite-Lehrerzimmer.jpg\"><img loading=\"lazy\" decoding=\"async\" class=\"alignnone size-medium wp-image-3693\" src=\"http:\/\/ppg-foerderverein.de\/wp-content\/uploads\/2019\/07\/04-Nordseite-Lehrerzimmer-300x169.jpg\" alt=\"\" width=\"300\" height=\"169\" srcset=\"http:\/\/ppg-foerderverein.de\/wp-content\/uploads\/2019\/07\/04-Nordseite-Lehrerzimmer-300x169.jpg 300w, http:\/\/ppg-foerderverein.de\/wp-content\/uploads\/2019\/07\/04-Nordseite-Lehrerzimmer-768x432.jpg 768w, http:\/\/ppg-foerderverein.de\/wp-content\/uploads\/2019\/07\/04-Nordseite-Lehrerzimmer.jpg 1024w, http:\/\/ppg-foerderverein.de\/wp-content\/uploads\/2019\/07\/04-Nordseite-Lehrerzimmer-624x351.jpg 624w\" sizes=\"auto, (max-width: 300px) 100vw, 300px\" \/><\/a> <a href=\"http:\/\/ppg-foerderverein.de\/wp-content\/uploads\/2019\/07\/05-zugemauertes-Direktionszimmer.jpg\"><img loading=\"lazy\" decoding=\"async\" class=\"alignnone size-medium wp-image-3694\" src=\"http:\/\/ppg-foerderverein.de\/wp-content\/uploads\/2019\/07\/05-zugemauertes-Direktionszimmer-300x169.jpg\" alt=\"\" width=\"300\" height=\"169\" srcset=\"http:\/\/ppg-foerderverein.de\/wp-content\/uploads\/2019\/07\/05-zugemauertes-Direktionszimmer-300x169.jpg 300w, http:\/\/ppg-foerderverein.de\/wp-content\/uploads\/2019\/07\/05-zugemauertes-Direktionszimmer-768x432.jpg 768w, http:\/\/ppg-foerderverein.de\/wp-content\/uploads\/2019\/07\/05-zugemauertes-Direktionszimmer.jpg 1024w, http:\/\/ppg-foerderverein.de\/wp-content\/uploads\/2019\/07\/05-zugemauertes-Direktionszimmer-624x351.jpg 624w\" sizes=\"auto, (max-width: 300px) 100vw, 300px\" \/><\/a><\/p>\n<p>11.09.2019\u00a0\u00a0\u00a0\u00a0 Begr\u00fc\u00dfung der neuen F\u00fcnftkl\u00e4ssler an ihrem ersten Schultag<\/p>\n<div id=\"attachment_3724\" style=\"width: 310px\" class=\"wp-caption alignnone\"><a href=\"http:\/\/ppg-foerderverein.de\/wp-content\/uploads\/2019\/09\/20190911_121448-2.jpg\"><img loading=\"lazy\" decoding=\"async\" aria-describedby=\"caption-attachment-3724\" class=\"size-medium wp-image-3724\" src=\"http:\/\/ppg-foerderverein.de\/wp-content\/uploads\/2019\/09\/20190911_121448-2-300x169.jpg\" alt=\"\" width=\"300\" height=\"169\" srcset=\"http:\/\/ppg-foerderverein.de\/wp-content\/uploads\/2019\/09\/20190911_121448-2-300x169.jpg 300w, http:\/\/ppg-foerderverein.de\/wp-content\/uploads\/2019\/09\/20190911_121448-2-768x432.jpg 768w, http:\/\/ppg-foerderverein.de\/wp-content\/uploads\/2019\/09\/20190911_121448-2-1024x576.jpg 1024w, http:\/\/ppg-foerderverein.de\/wp-content\/uploads\/2019\/09\/20190911_121448-2-624x351.jpg 624w\" sizes=\"auto, (max-width: 300px) 100vw, 300px\" \/><\/a><p id=\"caption-attachment-3724\" class=\"wp-caption-text\">Gro\u00dfe Augen &#8211; Gro\u00dfe Erwartungen<\/p><\/div>\n<p><a href=\"http:\/\/ppg-foerderverein.de\/wp-content\/uploads\/2019\/09\/20190911_125035-2.jpg\"><img loading=\"lazy\" decoding=\"async\" class=\"alignnone size-medium wp-image-3717\" src=\"http:\/\/ppg-foerderverein.de\/wp-content\/uploads\/2019\/09\/20190911_125035-2-300x169.jpg\" alt=\"\" width=\"300\" height=\"169\" srcset=\"http:\/\/ppg-foerderverein.de\/wp-content\/uploads\/2019\/09\/20190911_125035-2-300x169.jpg 300w, http:\/\/ppg-foerderverein.de\/wp-content\/uploads\/2019\/09\/20190911_125035-2-768x432.jpg 768w, http:\/\/ppg-foerderverein.de\/wp-content\/uploads\/2019\/09\/20190911_125035-2-1024x576.jpg 1024w, http:\/\/ppg-foerderverein.de\/wp-content\/uploads\/2019\/09\/20190911_125035-2-624x351.jpg 624w\" sizes=\"auto, (max-width: 300px) 100vw, 300px\" \/><\/a> <a href=\"http:\/\/ppg-foerderverein.de\/wp-content\/uploads\/2019\/09\/20190911_123750-2.jpg\"><img loading=\"lazy\" decoding=\"async\" class=\"alignnone size-medium wp-image-3716\" src=\"http:\/\/ppg-foerderverein.de\/wp-content\/uploads\/2019\/09\/20190911_123750-2-300x169.jpg\" alt=\"\" width=\"300\" height=\"169\" srcset=\"http:\/\/ppg-foerderverein.de\/wp-content\/uploads\/2019\/09\/20190911_123750-2-300x169.jpg 300w, http:\/\/ppg-foerderverein.de\/wp-content\/uploads\/2019\/09\/20190911_123750-2-768x432.jpg 768w, http:\/\/ppg-foerderverein.de\/wp-content\/uploads\/2019\/09\/20190911_123750-2-1024x576.jpg 1024w, http:\/\/ppg-foerderverein.de\/wp-content\/uploads\/2019\/09\/20190911_123750-2-624x351.jpg 624w\" sizes=\"auto, (max-width: 300px) 100vw, 300px\" \/>\u00a0\u00a0<\/a> <a href=\"http:\/\/ppg-foerderverein.de\/wp-content\/uploads\/2019\/09\/20190911_121315-2.jpg\"><img loading=\"lazy\" decoding=\"async\" class=\"alignnone size-medium wp-image-3714\" src=\"http:\/\/ppg-foerderverein.de\/wp-content\/uploads\/2019\/09\/20190911_121315-2-300x169.jpg\" alt=\"\" width=\"300\" height=\"169\" srcset=\"http:\/\/ppg-foerderverein.de\/wp-content\/uploads\/2019\/09\/20190911_121315-2-300x169.jpg 300w, http:\/\/ppg-foerderverein.de\/wp-content\/uploads\/2019\/09\/20190911_121315-2-768x432.jpg 768w, http:\/\/ppg-foerderverein.de\/wp-content\/uploads\/2019\/09\/20190911_121315-2-1024x576.jpg 1024w, http:\/\/ppg-foerderverein.de\/wp-content\/uploads\/2019\/09\/20190911_121315-2-624x351.jpg 624w\" sizes=\"auto, (max-width: 300px) 100vw, 300px\" \/><\/a> <a href=\"http:\/\/ppg-foerderverein.de\/wp-content\/uploads\/2019\/09\/20190911_120438-2.jpg\"><img loading=\"lazy\" decoding=\"async\" class=\"alignnone size-medium wp-image-3713\" src=\"http:\/\/ppg-foerderverein.de\/wp-content\/uploads\/2019\/09\/20190911_120438-2-300x169.jpg\" alt=\"\" width=\"300\" height=\"169\" srcset=\"http:\/\/ppg-foerderverein.de\/wp-content\/uploads\/2019\/09\/20190911_120438-2-300x169.jpg 300w, http:\/\/ppg-foerderverein.de\/wp-content\/uploads\/2019\/09\/20190911_120438-2-768x432.jpg 768w, http:\/\/ppg-foerderverein.de\/wp-content\/uploads\/2019\/09\/20190911_120438-2-1024x576.jpg 1024w, http:\/\/ppg-foerderverein.de\/wp-content\/uploads\/2019\/09\/20190911_120438-2-624x351.jpg 624w\" sizes=\"auto, (max-width: 300px) 100vw, 300px\" \/><\/a><\/p>\n<p>13.10.2019\u00a0\u00a0\u00a0\u00a0 44. ordentliche Mitgliederversammlung und Besuch der Sonderausstellung &#8222;Inspiration Matisse&#8220; in der Kunsthalle Mannheim<\/p>\n<p><a href=\"http:\/\/ppg-foerderverein.de\/wp-content\/uploads\/2019\/10\/20191013_121908-2.jpg\"><img loading=\"lazy\" decoding=\"async\" class=\" wp-image-3749 aligncenter\" src=\"http:\/\/ppg-foerderverein.de\/wp-content\/uploads\/2019\/10\/20191013_121908-2-300x169.jpg\" alt=\"\" width=\"478\" height=\"269\" srcset=\"http:\/\/ppg-foerderverein.de\/wp-content\/uploads\/2019\/10\/20191013_121908-2-300x169.jpg 300w, http:\/\/ppg-foerderverein.de\/wp-content\/uploads\/2019\/10\/20191013_121908-2-768x432.jpg 768w, http:\/\/ppg-foerderverein.de\/wp-content\/uploads\/2019\/10\/20191013_121908-2-1024x576.jpg 1024w, http:\/\/ppg-foerderverein.de\/wp-content\/uploads\/2019\/10\/20191013_121908-2-624x351.jpg 624w\" sizes=\"auto, (max-width: 478px) 100vw, 478px\" \/><\/a><\/p>\n<p>\u00a0<\/p>\n<p>\u00a0<\/p>\n<p>\u00a0<\/p>\n\n\n<figure class=\"wp-block-gallery columns-0 is-cropped wp-block-gallery-1 is-layout-flex wp-block-gallery-is-layout-flex\"><ul class=\"blocks-gallery-grid\"><\/ul><\/figure>\n","protected":false},"excerpt":{"rendered":"<p>Zu den mit * markierten Veranstaltungen finden Sie weitere Bilder im &#8222;Archiv Bildergalerie&#8220;. 2017 23.02.2017\u00a0\u00a0\u00a0\u00a0\u00a0 Schulfastnacht unter dem Motto &#8222;Unterwasserwelten&#8220;, das letzte Mal im Foyer der alten Unterstufe. 18.03.2017\u00a0\u00a0\u00a0\u00a0\u00a0 7. Tag der Offenen T\u00fcr mit Musikworkshop 08.07.2017\u00a0\u00a0\u00a0\u00a0\u00a0 Abiturientenball des 37. Abiturjahrgangs in der Baumhainhalle im Luisenpark 22.07.2017\u00a0\u00a0\u00a0\u00a0\u00a0 Sommerfest &#8211; der F\u00f6rderverein sorgt, wie immer, f\u00fcr [&hellip;]<\/p>\n","protected":false},"author":3,"featured_media":0,"parent":14,"menu_order":0,"comment_status":"closed","ping_status":"closed","template":"page-templates\/full-width.php","meta":{"footnotes":""},"class_list":["post-3114","page","type-page","status-publish","hentry"],"_links":{"self":[{"href":"http:\/\/ppg-foerderverein.de\/index.php?rest_route=\/wp\/v2\/pages\/3114","targetHints":{"allow":["GET"]}}],"collection":[{"href":"http:\/\/ppg-foerderverein.de\/index.php?rest_route=\/wp\/v2\/pages"}],"about":[{"href":"http:\/\/ppg-foerderverein.de\/index.php?rest_route=\/wp\/v2\/types\/page"}],"author":[{"embeddable":true,"href":"http:\/\/ppg-foerderverein.de\/index.php?rest_route=\/wp\/v2\/users\/3"}],"replies":[{"embeddable":true,"href":"http:\/\/ppg-foerderverein.de\/index.php?rest_route=%2Fwp%2Fv2%2Fcomments&post=3114"}],"version-history":[{"count":135,"href":"http:\/\/ppg-foerderverein.de\/index.php?rest_route=\/wp\/v2\/pages\/3114\/revisions"}],"predecessor-version":[{"id":3865,"href":"http:\/\/ppg-foerderverein.de\/index.php?rest_route=\/wp\/v2\/pages\/3114\/revisions\/3865"}],"up":[{"embeddable":true,"href":"http:\/\/ppg-foerderverein.de\/index.php?rest_route=\/wp\/v2\/pages\/14"}],"wp:attachment":[{"href":"http:\/\/ppg-foerderverein.de\/index.php?rest_route=%2Fwp%2Fv2%2Fmedia&parent=3114"}],"curies":[{"name":"wp","href":"https:\/\/api.w.org\/{rel}","templated":true}]}}