{"id":1906,"date":"2018-03-31T18:59:46","date_gmt":"2018-03-31T18:59:46","guid":{"rendered":"http:\/\/ppg-foerderverein.de\/?page_id=1906"},"modified":"2018-07-13T16:19:45","modified_gmt":"2018-07-13T16:19:45","slug":"1996-1998","status":"publish","type":"page","link":"http:\/\/ppg-foerderverein.de\/?page_id=1906","title":{"rendered":"1996 &#8211; 1998"},"content":{"rendered":"<p><em>Zu den mit <span style=\"color: #0000ff;\"><strong>*<\/strong><\/span> markierten Veranstaltungen finden Sie weitere Bilder im &#8222;Archiv Bildergalerie&#8220;.<\/em><\/p>\n<h2><span style=\"color: #0000ff;\"><strong>1996<\/strong><\/span><\/h2>\n<p>15.02.1996\u00a0\u00a0\u00a0\u00a0\u00a0 Schulfastnacht<\/p>\n<p>22.04.1996\u00a0\u00a0\u00a0\u00a0\u00a0 Vortrag von Dieter Behnle, Stadtverwaltungsdirektor bei der Polizei der Stadt Karlsruhe: \u201eGefahren durch Scientology\u201c<\/p>\n<p>29.06.1996\u00a0\u00a0\u00a0\u00a0\u00a0 Abiturientenball des 16. Abiturjahrgangs im Gemeindehaus St. Elisabeth Gartenstadt<\/p>\n<p>06.07.1996\u00a0\u00a0\u00a0\u00a0\u00a0 Kulturausflug zum Kloster Maulbronn und nach Bretten (Ltg. Gottfried Becker)<\/p>\n<p>Okt. 1996\u00a0\u00a0\u00a0\u00a0\u00a0\u00a0\u00a0\u00a0 Kulturausflug zur Saalburg mit Limeswanderung<\/p>\n<p>Dez. 1996\u00a0\u00a0\u00a0\u00a0\u00a0\u00a0\u00a0 Unterst\u00fctzung der SMV beim Adventsfeuer<\/p>\n<p><strong>\u00a0<\/strong><\/p>\n<h2><span style=\"color: #0000ff;\"><strong>1997<\/strong><\/span><\/h2>\n<p style=\"text-align: left;\"><span style=\"color: #0000ff;\"><strong>25j\u00e4hriges Bestehen des PPG<\/strong><\/span><\/p>\n<p style=\"text-align: left;\">Festschrift zum Schuljubil\u00e4um, Titelbild StR\u00b4Claudia Querfeld<\/p>\n<p><a href=\"http:\/\/ppg-foerderverein.de\/wp-content\/uploads\/2018\/03\/Scan_Pic0048-3.jpg\"><img loading=\"lazy\" decoding=\"async\" class=\"size-medium wp-image-1965 alignleft\" src=\"http:\/\/ppg-foerderverein.de\/wp-content\/uploads\/2018\/03\/Scan_Pic0048-3-270x300.jpg\" alt=\"\" width=\"270\" height=\"300\" srcset=\"http:\/\/ppg-foerderverein.de\/wp-content\/uploads\/2018\/03\/Scan_Pic0048-3-270x300.jpg 270w, http:\/\/ppg-foerderverein.de\/wp-content\/uploads\/2018\/03\/Scan_Pic0048-3-768x854.jpg 768w, http:\/\/ppg-foerderverein.de\/wp-content\/uploads\/2018\/03\/Scan_Pic0048-3-920x1024.jpg 920w, http:\/\/ppg-foerderverein.de\/wp-content\/uploads\/2018\/03\/Scan_Pic0048-3-624x694.jpg 624w, http:\/\/ppg-foerderverein.de\/wp-content\/uploads\/2018\/03\/Scan_Pic0048-3.jpg 1644w\" sizes=\"auto, (max-width: 270px) 100vw, 270px\" \/><\/a><\/p>\n<p>&nbsp;<\/p>\n<p>&nbsp;<\/p>\n<p>&nbsp;<\/p>\n<p>&nbsp;<\/p>\n<p>&nbsp;<\/p>\n<p>&nbsp;<\/p>\n<p>&nbsp;<\/p>\n<p>06.02.1997\u00a0\u00a0\u00a0\u00a0\u00a0 Schulfastnacht<\/p>\n<p><a href=\"http:\/\/ppg-foerderverein.de\/wp-content\/uploads\/2018\/04\/Scan_Pic0055-2.jpg\"><img loading=\"lazy\" decoding=\"async\" class=\"alignnone size-medium wp-image-2110\" src=\"http:\/\/ppg-foerderverein.de\/wp-content\/uploads\/2018\/04\/Scan_Pic0055-2-300x200.jpg\" alt=\"\" width=\"300\" height=\"200\" srcset=\"http:\/\/ppg-foerderverein.de\/wp-content\/uploads\/2018\/04\/Scan_Pic0055-2-300x200.jpg 300w, http:\/\/ppg-foerderverein.de\/wp-content\/uploads\/2018\/04\/Scan_Pic0055-2-768x512.jpg 768w, http:\/\/ppg-foerderverein.de\/wp-content\/uploads\/2018\/04\/Scan_Pic0055-2-1024x682.jpg 1024w, http:\/\/ppg-foerderverein.de\/wp-content\/uploads\/2018\/04\/Scan_Pic0055-2-624x416.jpg 624w, http:\/\/ppg-foerderverein.de\/wp-content\/uploads\/2018\/04\/Scan_Pic0055-2.jpg 1028w\" sizes=\"auto, (max-width: 300px) 100vw, 300px\" \/><\/a> <a href=\"http:\/\/ppg-foerderverein.de\/wp-content\/uploads\/2018\/04\/Scan_Pic0056-2.jpg\"><img loading=\"lazy\" decoding=\"async\" class=\"alignnone size-medium wp-image-2111\" src=\"http:\/\/ppg-foerderverein.de\/wp-content\/uploads\/2018\/04\/Scan_Pic0056-2-300x200.jpg\" alt=\"\" width=\"300\" height=\"200\" srcset=\"http:\/\/ppg-foerderverein.de\/wp-content\/uploads\/2018\/04\/Scan_Pic0056-2-300x200.jpg 300w, http:\/\/ppg-foerderverein.de\/wp-content\/uploads\/2018\/04\/Scan_Pic0056-2-768x512.jpg 768w, http:\/\/ppg-foerderverein.de\/wp-content\/uploads\/2018\/04\/Scan_Pic0056-2-624x416.jpg 624w, http:\/\/ppg-foerderverein.de\/wp-content\/uploads\/2018\/04\/Scan_Pic0056-2.jpg 1014w\" sizes=\"auto, (max-width: 300px) 100vw, 300px\" \/><\/a> <a href=\"http:\/\/ppg-foerderverein.de\/wp-content\/uploads\/2018\/04\/Scan_Pic0058-3.jpg\"><img loading=\"lazy\" decoding=\"async\" class=\"alignnone size-medium wp-image-2113\" src=\"http:\/\/ppg-foerderverein.de\/wp-content\/uploads\/2018\/04\/Scan_Pic0058-3-300x200.jpg\" alt=\"\" width=\"300\" height=\"200\" srcset=\"http:\/\/ppg-foerderverein.de\/wp-content\/uploads\/2018\/04\/Scan_Pic0058-3-300x200.jpg 300w, http:\/\/ppg-foerderverein.de\/wp-content\/uploads\/2018\/04\/Scan_Pic0058-3-768x513.jpg 768w, http:\/\/ppg-foerderverein.de\/wp-content\/uploads\/2018\/04\/Scan_Pic0058-3-624x417.jpg 624w, http:\/\/ppg-foerderverein.de\/wp-content\/uploads\/2018\/04\/Scan_Pic0058-3.jpg 794w\" sizes=\"auto, (max-width: 300px) 100vw, 300px\" \/><\/a> <a href=\"http:\/\/ppg-foerderverein.de\/wp-content\/uploads\/2018\/04\/Scan_Pic0059-2.jpg\"><img loading=\"lazy\" decoding=\"async\" class=\"alignnone size-medium wp-image-2114\" src=\"http:\/\/ppg-foerderverein.de\/wp-content\/uploads\/2018\/04\/Scan_Pic0059-2-300x200.jpg\" alt=\"\" width=\"300\" height=\"200\" srcset=\"http:\/\/ppg-foerderverein.de\/wp-content\/uploads\/2018\/04\/Scan_Pic0059-2-300x200.jpg 300w, http:\/\/ppg-foerderverein.de\/wp-content\/uploads\/2018\/04\/Scan_Pic0059-2-624x416.jpg 624w, http:\/\/ppg-foerderverein.de\/wp-content\/uploads\/2018\/04\/Scan_Pic0059-2.jpg 694w\" sizes=\"auto, (max-width: 300px) 100vw, 300px\" \/><\/a> <a href=\"http:\/\/ppg-foerderverein.de\/wp-content\/uploads\/2018\/04\/Scan_Pic0057-2.jpg\"><img loading=\"lazy\" decoding=\"async\" class=\"alignnone size-medium wp-image-2112\" src=\"http:\/\/ppg-foerderverein.de\/wp-content\/uploads\/2018\/04\/Scan_Pic0057-2-300x200.jpg\" alt=\"\" width=\"300\" height=\"200\" srcset=\"http:\/\/ppg-foerderverein.de\/wp-content\/uploads\/2018\/04\/Scan_Pic0057-2-300x200.jpg 300w, http:\/\/ppg-foerderverein.de\/wp-content\/uploads\/2018\/04\/Scan_Pic0057-2-768x512.jpg 768w, http:\/\/ppg-foerderverein.de\/wp-content\/uploads\/2018\/04\/Scan_Pic0057-2-624x416.jpg 624w, http:\/\/ppg-foerderverein.de\/wp-content\/uploads\/2018\/04\/Scan_Pic0057-2.jpg 976w\" sizes=\"auto, (max-width: 300px) 100vw, 300px\" \/><\/a> <a href=\"http:\/\/ppg-foerderverein.de\/wp-content\/uploads\/2018\/04\/Scan_Pic0054-2.jpg\"><img loading=\"lazy\" decoding=\"async\" class=\"alignnone size-medium wp-image-2109\" src=\"http:\/\/ppg-foerderverein.de\/wp-content\/uploads\/2018\/04\/Scan_Pic0054-2-300x200.jpg\" alt=\"\" width=\"300\" height=\"200\" srcset=\"http:\/\/ppg-foerderverein.de\/wp-content\/uploads\/2018\/04\/Scan_Pic0054-2-300x200.jpg 300w, http:\/\/ppg-foerderverein.de\/wp-content\/uploads\/2018\/04\/Scan_Pic0054-2-768x512.jpg 768w, http:\/\/ppg-foerderverein.de\/wp-content\/uploads\/2018\/04\/Scan_Pic0054-2-1024x682.jpg 1024w, http:\/\/ppg-foerderverein.de\/wp-content\/uploads\/2018\/04\/Scan_Pic0054-2-624x416.jpg 624w, http:\/\/ppg-foerderverein.de\/wp-content\/uploads\/2018\/04\/Scan_Pic0054-2.jpg 1085w\" sizes=\"auto, (max-width: 300px) 100vw, 300px\" \/><\/a><\/p>\n<p>19.02.1997\u00a0 \u00a0\u00a0\u00a0 Besuch der Ausstellung \u201eDie Franken \u2013 Wegbereiter Europas\u201c im Rei\u00dfmuseum<\/p>\n<p>12.05.1997\u00a0\u00a0\u00a0\u00a0\u00a0 Festvortrag von Professor Dr. Hans-Georg Gadamer, deutscher Philosoph (1900-2002):\u00a0 \u201eSprachen lernen hei\u00dft Sprechen lernen\u201c<\/p>\n<div id=\"attachment_1912\" style=\"width: 240px\" class=\"wp-caption alignnone\"><a href=\"http:\/\/ppg-foerderverein.de\/wp-content\/uploads\/2018\/03\/Scan_Pic0048-e1522171446592.jpg\"><img loading=\"lazy\" decoding=\"async\" aria-describedby=\"caption-attachment-1912\" class=\"size-medium wp-image-1912\" src=\"http:\/\/ppg-foerderverein.de\/wp-content\/uploads\/2018\/03\/Scan_Pic0048-e1522171446592-230x300.jpg\" alt=\"\" width=\"230\" height=\"300\" srcset=\"http:\/\/ppg-foerderverein.de\/wp-content\/uploads\/2018\/03\/Scan_Pic0048-e1522171446592-230x300.jpg 230w, http:\/\/ppg-foerderverein.de\/wp-content\/uploads\/2018\/03\/Scan_Pic0048-e1522171446592-768x1000.jpg 768w, http:\/\/ppg-foerderverein.de\/wp-content\/uploads\/2018\/03\/Scan_Pic0048-e1522171446592-786x1024.jpg 786w, http:\/\/ppg-foerderverein.de\/wp-content\/uploads\/2018\/03\/Scan_Pic0048-e1522171446592-624x813.jpg 624w, http:\/\/ppg-foerderverein.de\/wp-content\/uploads\/2018\/03\/Scan_Pic0048-e1522171446592.jpg 953w\" sizes=\"auto, (max-width: 230px) 100vw, 230px\" \/><\/a><p id=\"caption-attachment-1912\" class=\"wp-caption-text\">Professor Dr. Hans-Georg Gadamer<\/p><\/div>\n<p>Mai 1997\u00a0\u00a0\u00a0\u00a0\u00a0\u00a0\u00a0\u00a0 Bildvortrag von Kurt Diemberger, \u00f6sterreichischer Extrembergsteiger: \u201eDer Sinn des Bergsteigens\u201c<\/p>\n<p>28.06.1997\u00a0\u00a0\u00a0\u00a0\u00a0 Abiturientenball des 17. Abiturjahrgangs im Clubhaus der Spielvereinigung Sandhofen<\/p>\n<p>Juni 1997\u00a0\u00a0\u00a0\u00a0\u00a0\u00a0\u00a0\u00a0 Kulturausflug nach Kornwestheim in das Nordw\u00fcrttembergische Schulmuseum und nach Marbach in das Schiller-Nationalmuseum<\/p>\n<p>19.09.1997\u00a0\u00a0\u00a0\u00a0\u00a0 Offizieller Festakt anl\u00e4sslich des 25j\u00e4hrigen Bestehens des PPG im Stephanus-Saal<\/p>\n<p>Auszeichnung von Helga Weber mit der \u201eEhrennadel des Landes f\u00fcr ehrenamtliches Engagement\u201c, vorgeschlagen von Schulleiter Dr. Ingo Leichert und beim Festakt \u00fcberreicht durch B\u00fcrgermeister Lothar Mark<\/p>\n<p><a href=\"http:\/\/ppg-foerderverein.de\/wp-content\/uploads\/2018\/03\/1997-Ehrennadel-Weber-MM-grau.pdf\">Bericht Mannheimer Morgen<\/a><\/p>\n<p>20.09.1997\u00a0\u00a0\u00a0\u00a0\u00a0 Septembertreff zum Schuljubil\u00e4um<\/p>\n<p>Nov. 1997\u00a0\u00a0\u00a0\u00a0\u00a0\u00a0\u00a0 Kulturausflug nach Trier \u201e\u00dcbergang der Antike zum Christentum\u201c mit Besichtigung der Benediktinerabtei St. Matthias (Ltg. Gottfried Becker)<\/p>\n<p><a href=\"http:\/\/ppg-foerderverein.de\/wp-content\/uploads\/2018\/03\/Scan_Pic0050-3-1.jpg\"><img loading=\"lazy\" decoding=\"async\" class=\"alignnone size-medium wp-image-2000\" src=\"http:\/\/ppg-foerderverein.de\/wp-content\/uploads\/2018\/03\/Scan_Pic0050-3-1-300x200.jpg\" alt=\"\" width=\"300\" height=\"200\" srcset=\"http:\/\/ppg-foerderverein.de\/wp-content\/uploads\/2018\/03\/Scan_Pic0050-3-1-300x200.jpg 300w, http:\/\/ppg-foerderverein.de\/wp-content\/uploads\/2018\/03\/Scan_Pic0050-3-1-768x513.jpg 768w, http:\/\/ppg-foerderverein.de\/wp-content\/uploads\/2018\/03\/Scan_Pic0050-3-1-624x416.jpg 624w, http:\/\/ppg-foerderverein.de\/wp-content\/uploads\/2018\/03\/Scan_Pic0050-3-1.jpg 842w\" sizes=\"auto, (max-width: 300px) 100vw, 300px\" \/><\/a> <a href=\"http:\/\/ppg-foerderverein.de\/wp-content\/uploads\/2018\/03\/Scan_Pic0049-3.jpg\"><img loading=\"lazy\" decoding=\"async\" class=\"alignnone size-medium wp-image-1999\" src=\"http:\/\/ppg-foerderverein.de\/wp-content\/uploads\/2018\/03\/Scan_Pic0049-3-300x200.jpg\" alt=\"\" width=\"300\" height=\"200\" srcset=\"http:\/\/ppg-foerderverein.de\/wp-content\/uploads\/2018\/03\/Scan_Pic0049-3-300x200.jpg 300w, http:\/\/ppg-foerderverein.de\/wp-content\/uploads\/2018\/03\/Scan_Pic0049-3-768x511.jpg 768w, http:\/\/ppg-foerderverein.de\/wp-content\/uploads\/2018\/03\/Scan_Pic0049-3-624x415.jpg 624w, http:\/\/ppg-foerderverein.de\/wp-content\/uploads\/2018\/03\/Scan_Pic0049-3.jpg 820w\" sizes=\"auto, (max-width: 300px) 100vw, 300px\" \/><\/a><\/p>\n<p><a href=\"http:\/\/ppg-foerderverein.de\/wp-content\/uploads\/2018\/03\/Scan_Pic0051-2-2.jpg\"><img loading=\"lazy\" decoding=\"async\" class=\"alignnone size-medium wp-image-1996\" src=\"http:\/\/ppg-foerderverein.de\/wp-content\/uploads\/2018\/03\/Scan_Pic0051-2-2-225x300.jpg\" alt=\"\" width=\"225\" height=\"300\" srcset=\"http:\/\/ppg-foerderverein.de\/wp-content\/uploads\/2018\/03\/Scan_Pic0051-2-2-225x300.jpg 225w, http:\/\/ppg-foerderverein.de\/wp-content\/uploads\/2018\/03\/Scan_Pic0051-2-2-624x831.jpg 624w, http:\/\/ppg-foerderverein.de\/wp-content\/uploads\/2018\/03\/Scan_Pic0051-2-2.jpg 695w\" sizes=\"auto, (max-width: 225px) 100vw, 225px\" \/><\/a> <a href=\"http:\/\/ppg-foerderverein.de\/wp-content\/uploads\/2018\/03\/Scan_Pic0048-2-5.jpg\"><img loading=\"lazy\" decoding=\"async\" class=\"alignnone size-medium wp-image-1993\" src=\"http:\/\/ppg-foerderverein.de\/wp-content\/uploads\/2018\/03\/Scan_Pic0048-2-5-225x300.jpg\" alt=\"\" width=\"225\" height=\"300\" srcset=\"http:\/\/ppg-foerderverein.de\/wp-content\/uploads\/2018\/03\/Scan_Pic0048-2-5-225x300.jpg 225w, http:\/\/ppg-foerderverein.de\/wp-content\/uploads\/2018\/03\/Scan_Pic0048-2-5-624x832.jpg 624w, http:\/\/ppg-foerderverein.de\/wp-content\/uploads\/2018\/03\/Scan_Pic0048-2-5.jpg 694w\" sizes=\"auto, (max-width: 225px) 100vw, 225px\" \/><\/a><\/p>\n<p>Dez. 1997\u00a0\u00a0\u00a0\u00a0\u00a0\u00a0\u00a0 Unterst\u00fctzung der SMV beim Adventsfeuer<\/p>\n<p>&nbsp;<\/p>\n<h2><span style=\"color: #0000ff;\"><strong>1998<\/strong><\/span><\/h2>\n<p>19.02.1998\u00a0\u00a0\u00a0\u00a0\u00a0 Schulfastnacht<\/p>\n<p>17.03.1998\u00a0\u00a0\u00a0\u00a0\u00a0 Bildvortrag von Dieter Rapp: \u201eEisberge und Kamele\u201c<\/p>\n<p>16.05.1998\u00a0\u00a0\u00a0\u00a0\u00a0 Kulturausflug \u201eDie Welt des Mittelalters\u201c nach Braubach zur Marksburg im Rheintal und zur Zisterzienserabtei Marienstatt im Westerwald (Ltg. Gottfried Becker)<span style=\"color: #0000ff;\"><strong> *<\/strong><\/span><\/p>\n<p><a href=\"http:\/\/ppg-foerderverein.de\/wp-content\/uploads\/2018\/03\/Scan_Pic0050.jpg\"><img loading=\"lazy\" decoding=\"async\" class=\"alignnone size-medium wp-image-1917\" src=\"http:\/\/ppg-foerderverein.de\/wp-content\/uploads\/2018\/03\/Scan_Pic0050-300x211.jpg\" alt=\"\" width=\"300\" height=\"211\" srcset=\"http:\/\/ppg-foerderverein.de\/wp-content\/uploads\/2018\/03\/Scan_Pic0050-300x211.jpg 300w, http:\/\/ppg-foerderverein.de\/wp-content\/uploads\/2018\/03\/Scan_Pic0050-768x540.jpg 768w, http:\/\/ppg-foerderverein.de\/wp-content\/uploads\/2018\/03\/Scan_Pic0050-624x439.jpg 624w, http:\/\/ppg-foerderverein.de\/wp-content\/uploads\/2018\/03\/Scan_Pic0050.jpg 989w\" sizes=\"auto, (max-width: 300px) 100vw, 300px\" \/><\/a> <a href=\"http:\/\/ppg-foerderverein.de\/wp-content\/uploads\/2018\/03\/Scan_Pic0048-1.jpg\"><img loading=\"lazy\" decoding=\"async\" class=\"alignnone size-medium wp-image-1916\" src=\"http:\/\/ppg-foerderverein.de\/wp-content\/uploads\/2018\/03\/Scan_Pic0048-1-300x210.jpg\" alt=\"\" width=\"300\" height=\"210\" srcset=\"http:\/\/ppg-foerderverein.de\/wp-content\/uploads\/2018\/03\/Scan_Pic0048-1-300x210.jpg 300w, http:\/\/ppg-foerderverein.de\/wp-content\/uploads\/2018\/03\/Scan_Pic0048-1-768x538.jpg 768w, http:\/\/ppg-foerderverein.de\/wp-content\/uploads\/2018\/03\/Scan_Pic0048-1-624x437.jpg 624w, http:\/\/ppg-foerderverein.de\/wp-content\/uploads\/2018\/03\/Scan_Pic0048-1.jpg 989w\" sizes=\"auto, (max-width: 300px) 100vw, 300px\" \/><\/a> <a href=\"http:\/\/ppg-foerderverein.de\/wp-content\/uploads\/2018\/03\/Scan_Pic0051.jpg\"><img loading=\"lazy\" decoding=\"async\" class=\"alignnone size-medium wp-image-1918\" src=\"http:\/\/ppg-foerderverein.de\/wp-content\/uploads\/2018\/03\/Scan_Pic0051-300x211.jpg\" alt=\"\" width=\"300\" height=\"211\" srcset=\"http:\/\/ppg-foerderverein.de\/wp-content\/uploads\/2018\/03\/Scan_Pic0051-300x211.jpg 300w, http:\/\/ppg-foerderverein.de\/wp-content\/uploads\/2018\/03\/Scan_Pic0051-768x540.jpg 768w, http:\/\/ppg-foerderverein.de\/wp-content\/uploads\/2018\/03\/Scan_Pic0051-624x439.jpg 624w, http:\/\/ppg-foerderverein.de\/wp-content\/uploads\/2018\/03\/Scan_Pic0051.jpg 989w\" sizes=\"auto, (max-width: 300px) 100vw, 300px\" \/><\/a><\/p>\n<p>Weitere Bilder\u00a0 <a href=\"http:\/\/ppg-foerderverein.de\/wp-content\/uploads\/2018\/02\/1998-Kulturausflug-Marksburg-u-Marienstatt.pdf\">1998 F\u00f6V Kulturausflug zur Marksburg und nach Marienstatt<\/a><\/p>\n<p>Juni 1998\u00a0\u00a0\u00a0\u00a0\u00a0\u00a0\u00a0\u00a0 Abiturientenball des 18. Abiturjahrgangs im Kulturhaus K\u00e4fertal<\/p>\n<p>10.10.1998\u00a0\u00a0\u00a0\u00a0\u00a0 Herbstwanderung im Ziegelh\u00e4user Wald mit dem F\u00f6rster Jonas Schreibweis, ehemaliger PPG-Sch\u00fcler<\/p>\n<p>Dez. 1998\u00a0\u00a0\u00a0\u00a0\u00a0\u00a0\u00a0 Unterst\u00fctzung der SMV beim Adventsfeuer<\/p>\n<p>&nbsp;<\/p>\n","protected":false},"excerpt":{"rendered":"<p>Zu den mit * markierten Veranstaltungen finden Sie weitere Bilder im &#8222;Archiv Bildergalerie&#8220;. 1996 15.02.1996\u00a0\u00a0\u00a0\u00a0\u00a0 Schulfastnacht 22.04.1996\u00a0\u00a0\u00a0\u00a0\u00a0 Vortrag von Dieter Behnle, Stadtverwaltungsdirektor bei der Polizei der Stadt Karlsruhe: \u201eGefahren durch Scientology\u201c 29.06.1996\u00a0\u00a0\u00a0\u00a0\u00a0 Abiturientenball des 16. Abiturjahrgangs im Gemeindehaus St. Elisabeth Gartenstadt 06.07.1996\u00a0\u00a0\u00a0\u00a0\u00a0 Kulturausflug zum Kloster Maulbronn und nach Bretten (Ltg. Gottfried Becker) Okt. 1996\u00a0\u00a0\u00a0\u00a0\u00a0\u00a0\u00a0\u00a0 Kulturausflug [&hellip;]<\/p>\n","protected":false},"author":3,"featured_media":0,"parent":14,"menu_order":0,"comment_status":"closed","ping_status":"closed","template":"page-templates\/front-page.php","meta":{"footnotes":""},"class_list":["post-1906","page","type-page","status-publish","hentry"],"_links":{"self":[{"href":"http:\/\/ppg-foerderverein.de\/index.php?rest_route=\/wp\/v2\/pages\/1906","targetHints":{"allow":["GET"]}}],"collection":[{"href":"http:\/\/ppg-foerderverein.de\/index.php?rest_route=\/wp\/v2\/pages"}],"about":[{"href":"http:\/\/ppg-foerderverein.de\/index.php?rest_route=\/wp\/v2\/types\/page"}],"author":[{"embeddable":true,"href":"http:\/\/ppg-foerderverein.de\/index.php?rest_route=\/wp\/v2\/users\/3"}],"replies":[{"embeddable":true,"href":"http:\/\/ppg-foerderverein.de\/index.php?rest_route=%2Fwp%2Fv2%2Fcomments&post=1906"}],"version-history":[{"count":36,"href":"http:\/\/ppg-foerderverein.de\/index.php?rest_route=\/wp\/v2\/pages\/1906\/revisions"}],"predecessor-version":[{"id":3234,"href":"http:\/\/ppg-foerderverein.de\/index.php?rest_route=\/wp\/v2\/pages\/1906\/revisions\/3234"}],"up":[{"embeddable":true,"href":"http:\/\/ppg-foerderverein.de\/index.php?rest_route=\/wp\/v2\/pages\/14"}],"wp:attachment":[{"href":"http:\/\/ppg-foerderverein.de\/index.php?rest_route=%2Fwp%2Fv2%2Fmedia&parent=1906"}],"curies":[{"name":"wp","href":"https:\/\/api.w.org\/{rel}","templated":true}]}}