{"id":1752,"date":"2018-03-22T12:25:14","date_gmt":"2018-03-22T12:25:14","guid":{"rendered":"http:\/\/ppg-foerderverein.de\/?page_id=1752"},"modified":"2018-07-13T16:17:30","modified_gmt":"2018-07-13T16:17:30","slug":"1990-1992","status":"publish","type":"page","link":"http:\/\/ppg-foerderverein.de\/?page_id=1752","title":{"rendered":"1990 &#8211; 1992"},"content":{"rendered":"<p><em>Zu den mit <span style=\"color: #0000ff;\"><strong>*<\/strong><\/span> markierten Veranstaltungen finden Sie weitere Bilder im &#8222;Archiv Bildergalerie&#8220;.<\/em><\/p>\n<h2><span style=\"color: #0000ff;\"><strong>1990<\/strong><\/span><\/h2>\n<p>22.02.1990\u00a0\u00a0\u00a0\u00a0 Schulfastnacht<\/p>\n<p>Apr. 1990\u00a0\u00a0\u00a0\u00a0\u00a0\u00a0\u00a0 Bildvortrag von Dieter Rapp<\/p>\n<p>Mai 1990\u00a0\u00a0\u00a0\u00a0\u00a0\u00a0\u00a0 Abiturientenball des 10. Abiturjahrgangs im Kulturhaus K\u00e4fertal<\/p>\n<p>Juli 1990\u00a0\u00a0\u00a0\u00a0\u00a0\u00a0\u00a0\u00a0\u00a0 Kulturausflug in das Technikmuseum Sinsheim und zur Burg Steinsberg (Ltg. Gottfried Becker, Helga Weber)<\/p>\n<p>Sept. 1990\u00a0\u00a0\u00a0\u00a0\u00a0 Verpflegung beim PPG-Sportfest in der Sporthalle<\/p>\n<p><a href=\"http:\/\/ppg-foerderverein.de\/wp-content\/uploads\/2018\/04\/Scan_Pic0049-3.jpg\"><img loading=\"lazy\" decoding=\"async\" class=\"alignnone size-medium wp-image-2130\" src=\"http:\/\/ppg-foerderverein.de\/wp-content\/uploads\/2018\/04\/Scan_Pic0049-3-300x200.jpg\" alt=\"\" width=\"300\" height=\"200\" srcset=\"http:\/\/ppg-foerderverein.de\/wp-content\/uploads\/2018\/04\/Scan_Pic0049-3-300x200.jpg 300w, http:\/\/ppg-foerderverein.de\/wp-content\/uploads\/2018\/04\/Scan_Pic0049-3-768x512.jpg 768w, http:\/\/ppg-foerderverein.de\/wp-content\/uploads\/2018\/04\/Scan_Pic0049-3-1024x683.jpg 1024w, http:\/\/ppg-foerderverein.de\/wp-content\/uploads\/2018\/04\/Scan_Pic0049-3-624x416.jpg 624w, http:\/\/ppg-foerderverein.de\/wp-content\/uploads\/2018\/04\/Scan_Pic0049-3.jpg 1026w\" sizes=\"auto, (max-width: 300px) 100vw, 300px\" \/><\/a> <a href=\"http:\/\/ppg-foerderverein.de\/wp-content\/uploads\/2018\/04\/Scan_Pic0048-2.jpg\"><img loading=\"lazy\" decoding=\"async\" class=\"alignnone size-medium wp-image-2129\" src=\"http:\/\/ppg-foerderverein.de\/wp-content\/uploads\/2018\/04\/Scan_Pic0048-2-300x200.jpg\" alt=\"\" width=\"300\" height=\"200\" srcset=\"http:\/\/ppg-foerderverein.de\/wp-content\/uploads\/2018\/04\/Scan_Pic0048-2-300x200.jpg 300w, http:\/\/ppg-foerderverein.de\/wp-content\/uploads\/2018\/04\/Scan_Pic0048-2-768x512.jpg 768w, http:\/\/ppg-foerderverein.de\/wp-content\/uploads\/2018\/04\/Scan_Pic0048-2-1024x683.jpg 1024w, http:\/\/ppg-foerderverein.de\/wp-content\/uploads\/2018\/04\/Scan_Pic0048-2-624x416.jpg 624w, http:\/\/ppg-foerderverein.de\/wp-content\/uploads\/2018\/04\/Scan_Pic0048-2.jpg 1026w\" sizes=\"auto, (max-width: 300px) 100vw, 300px\" \/><\/a> <a href=\"http:\/\/ppg-foerderverein.de\/wp-content\/uploads\/2018\/04\/Scan_Pic0054-3.jpg\"><img loading=\"lazy\" decoding=\"async\" class=\"alignnone size-medium wp-image-2131\" src=\"http:\/\/ppg-foerderverein.de\/wp-content\/uploads\/2018\/04\/Scan_Pic0054-3-300x199.jpg\" alt=\"\" width=\"300\" height=\"199\" srcset=\"http:\/\/ppg-foerderverein.de\/wp-content\/uploads\/2018\/04\/Scan_Pic0054-3-300x199.jpg 300w, http:\/\/ppg-foerderverein.de\/wp-content\/uploads\/2018\/04\/Scan_Pic0054-3-624x415.jpg 624w, http:\/\/ppg-foerderverein.de\/wp-content\/uploads\/2018\/04\/Scan_Pic0054-3.jpg 752w\" sizes=\"auto, (max-width: 300px) 100vw, 300px\" \/><\/a><\/p>\n<p>Nov. 1990\u00a0\u00a0\u00a0\u00a0\u00a0\u00a0 Weihnachtsb\u00e4ckerei f\u00fcr Sch\u00fcler (Ltg. Helga Weber)<\/p>\n<p>Dez. 1990\u00a0\u00a0\u00a0\u00a0\u00a0\u00a0\u00a0 PPG-Nikolaus-Treff<\/p>\n<p><strong>\u00a0<\/strong><\/p>\n<h2><span style=\"color: #0000ff;\"><strong>1991<\/strong><\/span><\/h2>\n<p>07.02.1991\u00a0\u00a0\u00a0\u00a0\u00a0 Schulfastnacht<\/p>\n<p>Apr. 1991\u00a0\u00a0\u00a0\u00a0\u00a0\u00a0\u00a0 Einweihung der Kletterwand, deren Planung und Bau mit\u00a0 \u00fcber 10.000 DM vom F\u00f6V vollfinanziert wurde.<\/p>\n<p>Apr. 1991\u00a0\u00a0\u00a0\u00a0\u00a0\u00a0\u00a0 Wanderung im Vogelschutzgebiet \u201eBiedensand\u201c Lampertheim<\/p>\n<p>Mai 1991\u00a0\u00a0\u00a0\u00a0\u00a0\u00a0\u00a0\u00a0 Abiturientenball des 11. Abiturjahrgangs im Kulturhaus K\u00e4fertal<\/p>\n<p>Juli 1991\u00a0\u00a0\u00a0\u00a0\u00a0\u00a0\u00a0\u00a0\u00a0 Kulturfahrt nach Oppenheim und Nackenheim (Ltg. Gottfried Becker, Franz-Josef Fritz, Helga Weber) <span style=\"color: #0000ff;\"><strong>*<\/strong><\/span><\/p>\n<p><a href=\"http:\/\/ppg-foerderverein.de\/wp-content\/uploads\/2018\/03\/Scan_Pic0048-2-3.jpg\"><img loading=\"lazy\" decoding=\"async\" class=\"alignnone size-medium wp-image-1761\" src=\"http:\/\/ppg-foerderverein.de\/wp-content\/uploads\/2018\/03\/Scan_Pic0048-2-3-300x200.jpg\" alt=\"\" width=\"300\" height=\"200\" srcset=\"http:\/\/ppg-foerderverein.de\/wp-content\/uploads\/2018\/03\/Scan_Pic0048-2-3-300x200.jpg 300w, http:\/\/ppg-foerderverein.de\/wp-content\/uploads\/2018\/03\/Scan_Pic0048-2-3-768x512.jpg 768w, http:\/\/ppg-foerderverein.de\/wp-content\/uploads\/2018\/03\/Scan_Pic0048-2-3-1024x683.jpg 1024w, http:\/\/ppg-foerderverein.de\/wp-content\/uploads\/2018\/03\/Scan_Pic0048-2-3-624x416.jpg 624w, http:\/\/ppg-foerderverein.de\/wp-content\/uploads\/2018\/03\/Scan_Pic0048-2-3.jpg 1030w\" sizes=\"auto, (max-width: 300px) 100vw, 300px\" \/><\/a> <a href=\"http:\/\/ppg-foerderverein.de\/wp-content\/uploads\/2018\/03\/Scan_Pic0051-2-1.jpg\"><img loading=\"lazy\" decoding=\"async\" class=\"alignnone size-medium wp-image-1762\" src=\"http:\/\/ppg-foerderverein.de\/wp-content\/uploads\/2018\/03\/Scan_Pic0051-2-1-300x200.jpg\" alt=\"\" width=\"300\" height=\"200\" srcset=\"http:\/\/ppg-foerderverein.de\/wp-content\/uploads\/2018\/03\/Scan_Pic0051-2-1-300x200.jpg 300w, http:\/\/ppg-foerderverein.de\/wp-content\/uploads\/2018\/03\/Scan_Pic0051-2-1-768x513.jpg 768w, http:\/\/ppg-foerderverein.de\/wp-content\/uploads\/2018\/03\/Scan_Pic0051-2-1-1024x684.jpg 1024w, http:\/\/ppg-foerderverein.de\/wp-content\/uploads\/2018\/03\/Scan_Pic0051-2-1-624x417.jpg 624w, http:\/\/ppg-foerderverein.de\/wp-content\/uploads\/2018\/03\/Scan_Pic0051-2-1.jpg 1035w\" sizes=\"auto, (max-width: 300px) 100vw, 300px\" \/><\/a> <a href=\"http:\/\/ppg-foerderverein.de\/wp-content\/uploads\/2018\/03\/Scan_Pic0053-2.jpg\"><img loading=\"lazy\" decoding=\"async\" class=\"alignnone size-medium wp-image-1763\" src=\"http:\/\/ppg-foerderverein.de\/wp-content\/uploads\/2018\/03\/Scan_Pic0053-2-300x200.jpg\" alt=\"\" width=\"300\" height=\"200\" srcset=\"http:\/\/ppg-foerderverein.de\/wp-content\/uploads\/2018\/03\/Scan_Pic0053-2-300x200.jpg 300w, http:\/\/ppg-foerderverein.de\/wp-content\/uploads\/2018\/03\/Scan_Pic0053-2-768x512.jpg 768w, http:\/\/ppg-foerderverein.de\/wp-content\/uploads\/2018\/03\/Scan_Pic0053-2-1024x683.jpg 1024w, http:\/\/ppg-foerderverein.de\/wp-content\/uploads\/2018\/03\/Scan_Pic0053-2-624x416.jpg 624w, http:\/\/ppg-foerderverein.de\/wp-content\/uploads\/2018\/03\/Scan_Pic0053-2.jpg 1036w\" sizes=\"auto, (max-width: 300px) 100vw, 300px\" \/><\/a><\/p>\n<p>Weitere Bilder\u00a0 <a href=\"http:\/\/ppg-foerderverein.de\/wp-content\/uploads\/2018\/02\/1991-F\u00f6V-Kulturausflug-nach-Oppenheim-und-Nackenheim.docx.pdf\">1991 F\u00f6V Kulturausflug nach Oppenheim und Nackenheim<\/a><\/p>\n<p>Sept. 1991\u00a0\u00a0\u00a0\u00a0\u00a0 Septembertreff<\/p>\n<p>Dez. 1991\u00a0\u00a0\u00a0\u00a0\u00a0\u00a0\u00a0 <strong>neu<\/strong>:\u00a0 j\u00e4hrliches Adventsfeuer der SMV, Unterst\u00fctzung durch den F\u00f6V<\/p>\n<p><strong>\u00a0<\/strong><\/p>\n<h2><span style=\"color: #0000ff;\"><strong>1992<\/strong><\/span><\/h2>\n<p><span style=\"color: #0000ff;\"><strong>20j\u00e4hriges Bestehen des PPG<\/strong><\/span><\/p>\n<p>Febr. 1992\u00a0\u00a0\u00a0\u00a0\u00a0 Bildvortrag von Dieter Rapp: \u201eBesteigung des Mount McKinley, der h\u00f6chste Berg Nordamerikas\u201c<\/p>\n<p>27.02.1992\u00a0\u00a0\u00a0\u00a0\u00a0 Schulfastnacht<\/p>\n<p>Mai 1992\u00a0\u00a0\u00a0\u00a0\u00a0\u00a0\u00a0\u00a0 Kulturfahrt nach Worms \u201eAuf den Spuren Luthers\u201c (Ltg. Gottfried Becker)<\/p>\n<p><a href=\"http:\/\/ppg-foerderverein.de\/wp-content\/uploads\/2018\/03\/Scan_Pic0053-2-1.jpg\"><img loading=\"lazy\" decoding=\"async\" class=\"alignnone size-medium wp-image-1765\" src=\"http:\/\/ppg-foerderverein.de\/wp-content\/uploads\/2018\/03\/Scan_Pic0053-2-1-300x200.jpg\" alt=\"\" width=\"300\" height=\"200\" srcset=\"http:\/\/ppg-foerderverein.de\/wp-content\/uploads\/2018\/03\/Scan_Pic0053-2-1-300x200.jpg 300w, http:\/\/ppg-foerderverein.de\/wp-content\/uploads\/2018\/03\/Scan_Pic0053-2-1-768x512.jpg 768w, http:\/\/ppg-foerderverein.de\/wp-content\/uploads\/2018\/03\/Scan_Pic0053-2-1-624x416.jpg 624w, http:\/\/ppg-foerderverein.de\/wp-content\/uploads\/2018\/03\/Scan_Pic0053-2-1.jpg 1016w\" sizes=\"auto, (max-width: 300px) 100vw, 300px\" \/><\/a> <a href=\"http:\/\/ppg-foerderverein.de\/wp-content\/uploads\/2018\/03\/Scan_Pic0054-2.jpg\"><img loading=\"lazy\" decoding=\"async\" class=\"alignnone size-medium wp-image-1766\" src=\"http:\/\/ppg-foerderverein.de\/wp-content\/uploads\/2018\/03\/Scan_Pic0054-2-300x200.jpg\" alt=\"\" width=\"300\" height=\"200\" srcset=\"http:\/\/ppg-foerderverein.de\/wp-content\/uploads\/2018\/03\/Scan_Pic0054-2-300x200.jpg 300w, http:\/\/ppg-foerderverein.de\/wp-content\/uploads\/2018\/03\/Scan_Pic0054-2-768x513.jpg 768w, http:\/\/ppg-foerderverein.de\/wp-content\/uploads\/2018\/03\/Scan_Pic0054-2-624x417.jpg 624w, http:\/\/ppg-foerderverein.de\/wp-content\/uploads\/2018\/03\/Scan_Pic0054-2.jpg 1010w\" sizes=\"auto, (max-width: 300px) 100vw, 300px\" \/><\/a> <a href=\"http:\/\/ppg-foerderverein.de\/wp-content\/uploads\/2018\/03\/Scan_Pic0055-2.jpg\"><img loading=\"lazy\" decoding=\"async\" class=\"alignnone size-medium wp-image-1767\" src=\"http:\/\/ppg-foerderverein.de\/wp-content\/uploads\/2018\/03\/Scan_Pic0055-2-300x200.jpg\" alt=\"\" width=\"300\" height=\"200\" srcset=\"http:\/\/ppg-foerderverein.de\/wp-content\/uploads\/2018\/03\/Scan_Pic0055-2-300x200.jpg 300w, http:\/\/ppg-foerderverein.de\/wp-content\/uploads\/2018\/03\/Scan_Pic0055-2-768x512.jpg 768w, http:\/\/ppg-foerderverein.de\/wp-content\/uploads\/2018\/03\/Scan_Pic0055-2-624x416.jpg 624w, http:\/\/ppg-foerderverein.de\/wp-content\/uploads\/2018\/03\/Scan_Pic0055-2.jpg 1016w\" sizes=\"auto, (max-width: 300px) 100vw, 300px\" \/><\/a><\/p>\n<p>Mai 1992\u00a0\u00a0\u00a0\u00a0\u00a0\u00a0\u00a0 Abiturientenball des 12. Abiturjahrgangs im Kulturhaus K\u00e4fertal<\/p>\n<p>26.06.1992\u00a0\u00a0\u00a0\u00a0 Verabschiedung des Schulleiters OStD Eberhard Oettinger aus dem aktiven Schuldienst im Foyer Unterstufe<\/p>\n<p><a href=\"http:\/\/ppg-foerderverein.de\/wp-content\/uploads\/2018\/03\/1992-Weber-Abschiedsrede-an-Oettinger.pdf\">Abschiedsrede der 1. Vorsitzenden Helga Weber<\/a><\/p>\n<p>30.11.1992\u00a0\u00a0\u00a0\u00a0\u00a0 Amtseinf\u00fchrung des neuen Schulleiters OStD Dr. Ingo Leichert im Stephanus-Saal<\/p>\n<p><a href=\"http:\/\/ppg-foerderverein.de\/wp-content\/uploads\/2018\/03\/1992-Weber-Ansprache-an-Leichert.pdf\">Ansprache der 1. Vorsitzenden Helga Weber<\/a><\/p>\n<p>Dez. 1992\u00a0\u00a0\u00a0\u00a0\u00a0\u00a0\u00a0 Unterst\u00fctzung der SMV beim Adventsfeuer<\/p>\n<p>&nbsp;<\/p>\n","protected":false},"excerpt":{"rendered":"<p>Zu den mit * markierten Veranstaltungen finden Sie weitere Bilder im &#8222;Archiv Bildergalerie&#8220;. 1990 22.02.1990\u00a0\u00a0\u00a0\u00a0 Schulfastnacht Apr. 1990\u00a0\u00a0\u00a0\u00a0\u00a0\u00a0\u00a0 Bildvortrag von Dieter Rapp Mai 1990\u00a0\u00a0\u00a0\u00a0\u00a0\u00a0\u00a0 Abiturientenball des 10. Abiturjahrgangs im Kulturhaus K\u00e4fertal Juli 1990\u00a0\u00a0\u00a0\u00a0\u00a0\u00a0\u00a0\u00a0\u00a0 Kulturausflug in das Technikmuseum Sinsheim und zur Burg Steinsberg (Ltg. Gottfried Becker, Helga Weber) Sept. 1990\u00a0\u00a0\u00a0\u00a0\u00a0 Verpflegung beim PPG-Sportfest in der Sporthalle [&hellip;]<\/p>\n","protected":false},"author":3,"featured_media":0,"parent":14,"menu_order":0,"comment_status":"closed","ping_status":"closed","template":"page-templates\/front-page.php","meta":{"footnotes":""},"class_list":["post-1752","page","type-page","status-publish","hentry"],"_links":{"self":[{"href":"http:\/\/ppg-foerderverein.de\/index.php?rest_route=\/wp\/v2\/pages\/1752","targetHints":{"allow":["GET"]}}],"collection":[{"href":"http:\/\/ppg-foerderverein.de\/index.php?rest_route=\/wp\/v2\/pages"}],"about":[{"href":"http:\/\/ppg-foerderverein.de\/index.php?rest_route=\/wp\/v2\/types\/page"}],"author":[{"embeddable":true,"href":"http:\/\/ppg-foerderverein.de\/index.php?rest_route=\/wp\/v2\/users\/3"}],"replies":[{"embeddable":true,"href":"http:\/\/ppg-foerderverein.de\/index.php?rest_route=%2Fwp%2Fv2%2Fcomments&post=1752"}],"version-history":[{"count":22,"href":"http:\/\/ppg-foerderverein.de\/index.php?rest_route=\/wp\/v2\/pages\/1752\/revisions"}],"predecessor-version":[{"id":3232,"href":"http:\/\/ppg-foerderverein.de\/index.php?rest_route=\/wp\/v2\/pages\/1752\/revisions\/3232"}],"up":[{"embeddable":true,"href":"http:\/\/ppg-foerderverein.de\/index.php?rest_route=\/wp\/v2\/pages\/14"}],"wp:attachment":[{"href":"http:\/\/ppg-foerderverein.de\/index.php?rest_route=%2Fwp%2Fv2%2Fmedia&parent=1752"}],"curies":[{"name":"wp","href":"https:\/\/api.w.org\/{rel}","templated":true}]}}