{"id":1717,"date":"2018-03-22T10:29:09","date_gmt":"2018-03-22T10:29:09","guid":{"rendered":"http:\/\/ppg-foerderverein.de\/?page_id=1717"},"modified":"2018-05-19T10:40:14","modified_gmt":"2018-05-19T10:40:14","slug":"1981-1983","status":"publish","type":"page","link":"http:\/\/ppg-foerderverein.de\/?page_id=1717","title":{"rendered":"1981 &#8211; 1983"},"content":{"rendered":"<p><em>Zu den mit <\/em><strong><span style=\"color: #0000ff;\">*<\/span><\/strong><em> markierten Veranstaltungen finden Sie weitere Bilder im &#8222;Archiv Bildergalerie&#8220;.<\/em><\/p>\n<h2><span style=\"color: #0000ff;\"><strong>1981<\/strong><\/span><\/h2>\n<p>26.02.1981\u00a0\u00a0\u00a0\u00a0\u00a0 Schulfastnacht<\/p>\n<p>06.06.1981\u00a0\u00a0\u00a0\u00a0\u00a0 Abiturientenball des <strong>1. Abiturjahrgangs<\/strong> im Kulturhaus K\u00e4fertal mit <strong>Stargast Joy<\/strong> <strong>Fleming<\/strong>,\u00a0 (Bild: Helga Weber, Wolfgang Freundlich und Abiturientin Marion Servatius &#8211; von 1990 bis 2002 Schatzmeisterin des F\u00f6V))<\/p>\n<p><a href=\"http:\/\/ppg-foerderverein.de\/wp-content\/uploads\/2018\/03\/Scan_Pic0048-616x923-2.jpg\"><img loading=\"lazy\" decoding=\"async\" class=\"alignnone size-medium wp-image-1722\" src=\"http:\/\/ppg-foerderverein.de\/wp-content\/uploads\/2018\/03\/Scan_Pic0048-616x923-2-300x225.jpg\" alt=\"\" width=\"300\" height=\"225\" srcset=\"http:\/\/ppg-foerderverein.de\/wp-content\/uploads\/2018\/03\/Scan_Pic0048-616x923-2-300x225.jpg 300w, http:\/\/ppg-foerderverein.de\/wp-content\/uploads\/2018\/03\/Scan_Pic0048-616x923-2.jpg 615w\" sizes=\"auto, (max-width: 300px) 100vw, 300px\" \/><\/a><\/p>\n<p>Juni 1981 \u00a0 \u00a0 \u00a0 Erstes &#8222;Mathematisches Wochenende&#8220; im Rahmen der Hochbegabtenf\u00f6rderung im Internat des Aufbaugymnasiums Adelsheim (Leitung Franz Amann, Begleitung Rita Gerber, Gastredner Alfred Klar, Vizepr\u00e4sident des Oberschulamts), Zuschuss und Unterst\u00fctzung durch den F\u00f6rderverein<\/p>\n<p><a href=\"http:\/\/ppg-foerderverein.de\/wp-content\/uploads\/2018\/05\/Scan_Pic0069a.jpg\"><img loading=\"lazy\" decoding=\"async\" class=\"wp-image-2425 alignleft\" src=\"http:\/\/ppg-foerderverein.de\/wp-content\/uploads\/2018\/05\/Scan_Pic0069a-300x135.jpg\" alt=\"\" width=\"491\" height=\"221\" srcset=\"http:\/\/ppg-foerderverein.de\/wp-content\/uploads\/2018\/05\/Scan_Pic0069a-300x135.jpg 300w, http:\/\/ppg-foerderverein.de\/wp-content\/uploads\/2018\/05\/Scan_Pic0069a.jpg 571w\" sizes=\"auto, (max-width: 491px) 100vw, 491px\" \/><\/a> <a href=\"http:\/\/ppg-foerderverein.de\/wp-content\/uploads\/2018\/05\/Scan_Pic0072a.jpg\"><img loading=\"lazy\" decoding=\"async\" class=\"alignnone wp-image-2430\" src=\"http:\/\/ppg-foerderverein.de\/wp-content\/uploads\/2018\/05\/Scan_Pic0072a-208x300.jpg\" alt=\"\" width=\"177\" height=\"256\" srcset=\"http:\/\/ppg-foerderverein.de\/wp-content\/uploads\/2018\/05\/Scan_Pic0072a-208x300.jpg 208w, http:\/\/ppg-foerderverein.de\/wp-content\/uploads\/2018\/05\/Scan_Pic0072a.jpg 561w\" sizes=\"auto, (max-width: 177px) 100vw, 177px\" \/><\/a><\/p>\n<p><a href=\"http:\/\/ppg-foerderverein.de\/wp-content\/uploads\/2018\/05\/Scan_Pic0068a.jpg\"><img loading=\"lazy\" decoding=\"async\" class=\"alignnone size-medium wp-image-2428\" src=\"http:\/\/ppg-foerderverein.de\/wp-content\/uploads\/2018\/05\/Scan_Pic0068a-300x195.jpg\" alt=\"\" width=\"300\" height=\"195\" srcset=\"http:\/\/ppg-foerderverein.de\/wp-content\/uploads\/2018\/05\/Scan_Pic0068a-300x195.jpg 300w, http:\/\/ppg-foerderverein.de\/wp-content\/uploads\/2018\/05\/Scan_Pic0068a-624x405.jpg 624w, http:\/\/ppg-foerderverein.de\/wp-content\/uploads\/2018\/05\/Scan_Pic0068a.jpg 728w\" sizes=\"auto, (max-width: 300px) 100vw, 300px\" \/><\/a><a href=\"http:\/\/ppg-foerderverein.de\/wp-content\/uploads\/2018\/05\/Scan_Pic0070a.jpg\"><img loading=\"lazy\" decoding=\"async\" class=\"alignnone size-medium wp-image-2426\" src=\"http:\/\/ppg-foerderverein.de\/wp-content\/uploads\/2018\/05\/Scan_Pic0070a-300x168.jpg\" alt=\"\" width=\"300\" height=\"168\" srcset=\"http:\/\/ppg-foerderverein.de\/wp-content\/uploads\/2018\/05\/Scan_Pic0070a-300x168.jpg 300w, http:\/\/ppg-foerderverein.de\/wp-content\/uploads\/2018\/05\/Scan_Pic0070a-624x350.jpg 624w, http:\/\/ppg-foerderverein.de\/wp-content\/uploads\/2018\/05\/Scan_Pic0070a.jpg 744w\" sizes=\"auto, (max-width: 300px) 100vw, 300px\" \/><\/a><a href=\"http:\/\/ppg-foerderverein.de\/wp-content\/uploads\/2018\/05\/Scan_Pic0071a.jpg\"><img loading=\"lazy\" decoding=\"async\" class=\"alignnone size-medium wp-image-2429\" src=\"http:\/\/ppg-foerderverein.de\/wp-content\/uploads\/2018\/05\/Scan_Pic0071a-300x202.jpg\" alt=\"\" width=\"300\" height=\"202\" srcset=\"http:\/\/ppg-foerderverein.de\/wp-content\/uploads\/2018\/05\/Scan_Pic0071a-300x202.jpg 300w, http:\/\/ppg-foerderverein.de\/wp-content\/uploads\/2018\/05\/Scan_Pic0071a-768x518.jpg 768w, http:\/\/ppg-foerderverein.de\/wp-content\/uploads\/2018\/05\/Scan_Pic0071a-624x421.jpg 624w, http:\/\/ppg-foerderverein.de\/wp-content\/uploads\/2018\/05\/Scan_Pic0071a.jpg 830w\" sizes=\"auto, (max-width: 300px) 100vw, 300px\" \/><\/a><\/p>\n<p>Juli 1981\u00a0\u00a0\u00a0\u00a0\u00a0\u00a0\u00a0\u00a0\u00a0 Beginn der Finanzierung der Buchpreise f\u00fcr die Preistr\u00e4ger des schulinternen &#8222;Mathe-plus&#8220;-Wettbewerbs<\/p>\n<p>Sept. 1981\u00a0\u00a0 \u00a0\u00a0\u00a0Septembertreff: Mathe-plus-Preistr\u00e4ger des Schuljahrs 80\/81gewinnen als Sonderpreis eine Fahrt im Hei\u00dfluftballon. Der Start der Fahrt findet im Rahmen des Schulfestes statt.<\/p>\n<p><a href=\"http:\/\/ppg-foerderverein.de\/wp-content\/uploads\/2018\/05\/Scan_Pic0066a.jpg\"><img loading=\"lazy\" decoding=\"async\" class=\"alignnone size-medium wp-image-2436\" src=\"http:\/\/ppg-foerderverein.de\/wp-content\/uploads\/2018\/05\/Scan_Pic0066a-198x300.jpg\" alt=\"\" width=\"198\" height=\"300\" srcset=\"http:\/\/ppg-foerderverein.de\/wp-content\/uploads\/2018\/05\/Scan_Pic0066a-198x300.jpg 198w, http:\/\/ppg-foerderverein.de\/wp-content\/uploads\/2018\/05\/Scan_Pic0066a-674x1024.jpg 674w, http:\/\/ppg-foerderverein.de\/wp-content\/uploads\/2018\/05\/Scan_Pic0066a-624x948.jpg 624w, http:\/\/ppg-foerderverein.de\/wp-content\/uploads\/2018\/05\/Scan_Pic0066a.jpg 717w\" sizes=\"auto, (max-width: 198px) 100vw, 198px\" \/><\/a> <a href=\"http:\/\/ppg-foerderverein.de\/wp-content\/uploads\/2018\/05\/Scan_Pic0067a.jpg\"><img loading=\"lazy\" decoding=\"async\" class=\"alignnone size-medium wp-image-2437\" src=\"http:\/\/ppg-foerderverein.de\/wp-content\/uploads\/2018\/05\/Scan_Pic0067a-196x300.jpg\" alt=\"\" width=\"196\" height=\"300\" srcset=\"http:\/\/ppg-foerderverein.de\/wp-content\/uploads\/2018\/05\/Scan_Pic0067a-196x300.jpg 196w, http:\/\/ppg-foerderverein.de\/wp-content\/uploads\/2018\/05\/Scan_Pic0067a-670x1024.jpg 670w, http:\/\/ppg-foerderverein.de\/wp-content\/uploads\/2018\/05\/Scan_Pic0067a-624x954.jpg 624w, http:\/\/ppg-foerderverein.de\/wp-content\/uploads\/2018\/05\/Scan_Pic0067a.jpg 736w\" sizes=\"auto, (max-width: 196px) 100vw, 196px\" \/><\/a><\/p>\n<p>Okt. 1981\u00a0\u00a0\u00a0\u00a0\u00a0\u00a0\u00a0 Herbstwanderung in der Pfalz \u2013 von der Burg Landeck zur Madenburg\u00a0 (Foto: Vortour)<\/p>\n<p><a href=\"http:\/\/ppg-foerderverein.de\/wp-content\/uploads\/2018\/03\/Madenburg-Vortour.jpg\"><img loading=\"lazy\" decoding=\"async\" class=\"alignnone size-medium wp-image-2003\" src=\"http:\/\/ppg-foerderverein.de\/wp-content\/uploads\/2018\/03\/Madenburg-Vortour-290x300.jpg\" alt=\"\" width=\"290\" height=\"300\" srcset=\"http:\/\/ppg-foerderverein.de\/wp-content\/uploads\/2018\/03\/Madenburg-Vortour-290x300.jpg 290w, http:\/\/ppg-foerderverein.de\/wp-content\/uploads\/2018\/03\/Madenburg-Vortour-624x646.jpg 624w, http:\/\/ppg-foerderverein.de\/wp-content\/uploads\/2018\/03\/Madenburg-Vortour.jpg 669w\" sizes=\"auto, (max-width: 290px) 100vw, 290px\" \/><\/a><\/p>\n<p>Nov. 1981\u00a0\u00a0\u00a0\u00a0\u00a0\u00a0 Schulball im Gemeindehaus Guter Hirte Sch\u00f6nau<\/p>\n<p><strong>\u00a0<\/strong><\/p>\n<h2><span style=\"color: #0000ff;\"><strong>1982<\/strong><\/span><\/h2>\n<p>18.02.1982\u00a0\u00a0\u00a0\u00a0\u00a0 Schulfastnacht<\/p>\n<p>Mai 1982\u00a0\u00a0\u00a0\u00a0\u00a0\u00a0\u00a0 Abiturientenball des 2. Abiturjahrgangs im Kulturhaus K\u00e4fertal<\/p>\n<p>Sept. 1982\u00a0\u00a0\u00a0\u00a0\u00a0 Septembertreff<\/p>\n<p>Sept. 1982\u00a0\u00a0\u00a0\u00a0\u00a0 Herbstwanderung in der Pfalz \u2013 von der Kaltenbrunnerh\u00fctte zur Hellerh\u00fctte (Ltg. Gerhard Diel, H.D. Eichler)<\/p>\n<p>Okt. 1982\u00a0\u00a0\u00a0\u00a0\u00a0\u00a0\u00a0 Schulball im Gemeindehaus Guter Hirte Sch\u00f6nau<\/p>\n<p>1982\u00a0\u00a0\u00a0\u00a0\u00a0\u00a0\u00a0\u00a0\u00a0\u00a0\u00a0\u00a0\u00a0\u00a0\u00a0 Gr\u00fcndung der Kletter-AG (Ltg. Dieter Rapp), F\u00f6V \u00fcbernimmt die Grundausstattung in H\u00f6he von 2.500 DM<\/p>\n<p>&nbsp;<\/p>\n<h2><span style=\"color: #0000ff;\"><strong>1983<\/strong><\/span><\/h2>\n<p>10.02.1983\u00a0\u00a0\u00a0\u00a0\u00a0 Schulfastnacht<\/p>\n<p>1983\u00a0\u00a0\u00a0\u00a0\u00a0\u00a0\u00a0\u00a0\u00a0\u00a0\u00a0\u00a0\u00a0\u00a0\u00a0 <strong>neu<\/strong>: Beginn des Sch\u00fcleraustauschs mit dem Coll\u00e8ge Louis Gr\u00fcner in Roche La Moli\u00e8re \/ Frankreich (Sch\u00fcleraustausch bis 2013)<\/p>\n<p>1983\u00a0\u00a0\u00a0\u00a0\u00a0\u00a0\u00a0\u00a0\u00a0\u00a0\u00a0\u00a0\u00a0\u00a0\u00a0 Gr\u00fcndung von Tanzgruppen (Ltg. Johanna Kerbs geb. Schoch, Iris Hoffmeister, Barbara Langlet-Ruck)<\/p>\n<p>1983\u00a0\u00a0\u00a0\u00a0\u00a0\u00a0\u00a0\u00a0\u00a0\u00a0\u00a0\u00a0\u00a0\u00a0\u00a0 Dreit\u00e4giges &#8222;Mathematisches Wochende&#8220; in Adelsheim (Leitung Franz Amann, Begleitung Dr. Norbert Ruske), Zuschuss und Unterst\u00fctzung durch den F\u00f6rderverein (Helga Weber)<\/p>\n<p><a href=\"http:\/\/ppg-foerderverein.de\/wp-content\/uploads\/2018\/03\/Scan_Pic0050-a-1.jpg\"><img loading=\"lazy\" decoding=\"async\" class=\"alignnone size-medium wp-image-1952\" src=\"http:\/\/ppg-foerderverein.de\/wp-content\/uploads\/2018\/03\/Scan_Pic0050-a-1-300x204.jpg\" alt=\"\" width=\"300\" height=\"204\" srcset=\"http:\/\/ppg-foerderverein.de\/wp-content\/uploads\/2018\/03\/Scan_Pic0050-a-1-300x204.jpg 300w, http:\/\/ppg-foerderverein.de\/wp-content\/uploads\/2018\/03\/Scan_Pic0050-a-1-768x523.jpg 768w, http:\/\/ppg-foerderverein.de\/wp-content\/uploads\/2018\/03\/Scan_Pic0050-a-1-624x425.jpg 624w, http:\/\/ppg-foerderverein.de\/wp-content\/uploads\/2018\/03\/Scan_Pic0050-a-1.jpg 1018w\" sizes=\"auto, (max-width: 300px) 100vw, 300px\" \/><\/a> <a href=\"http:\/\/ppg-foerderverein.de\/wp-content\/uploads\/2018\/03\/Scan_Pic0051-a-1.jpg\"><img loading=\"lazy\" decoding=\"async\" class=\"alignnone size-medium wp-image-1953\" src=\"http:\/\/ppg-foerderverein.de\/wp-content\/uploads\/2018\/03\/Scan_Pic0051-a-1-300x205.jpg\" alt=\"\" width=\"300\" height=\"205\" srcset=\"http:\/\/ppg-foerderverein.de\/wp-content\/uploads\/2018\/03\/Scan_Pic0051-a-1-300x205.jpg 300w, http:\/\/ppg-foerderverein.de\/wp-content\/uploads\/2018\/03\/Scan_Pic0051-a-1-768x526.jpg 768w, http:\/\/ppg-foerderverein.de\/wp-content\/uploads\/2018\/03\/Scan_Pic0051-a-1-624x427.jpg 624w, http:\/\/ppg-foerderverein.de\/wp-content\/uploads\/2018\/03\/Scan_Pic0051-a-1.jpg 1014w\" sizes=\"auto, (max-width: 300px) 100vw, 300px\" \/><\/a> <a href=\"http:\/\/ppg-foerderverein.de\/wp-content\/uploads\/2018\/03\/Scan_Pic0052-a-1.jpg\"><img loading=\"lazy\" decoding=\"async\" class=\"alignnone size-medium wp-image-1954\" src=\"http:\/\/ppg-foerderverein.de\/wp-content\/uploads\/2018\/03\/Scan_Pic0052-a-1-300x206.jpg\" alt=\"\" width=\"300\" height=\"206\" srcset=\"http:\/\/ppg-foerderverein.de\/wp-content\/uploads\/2018\/03\/Scan_Pic0052-a-1-300x206.jpg 300w, http:\/\/ppg-foerderverein.de\/wp-content\/uploads\/2018\/03\/Scan_Pic0052-a-1-768x527.jpg 768w, http:\/\/ppg-foerderverein.de\/wp-content\/uploads\/2018\/03\/Scan_Pic0052-a-1-624x428.jpg 624w, http:\/\/ppg-foerderverein.de\/wp-content\/uploads\/2018\/03\/Scan_Pic0052-a-1.jpg 1018w\" sizes=\"auto, (max-width: 300px) 100vw, 300px\" \/><\/a><\/p>\n<p>Juni 1983\u00a0\u00a0\u00a0\u00a0\u00a0\u00a0\u00a0 Abiturientenball des 3. Abiturjahrgangs im Jakobus-Gemeindehaus<\/p>\n<p>Juli 1983\u00a0\u00a0\u00a0\u00a0\u00a0\u00a0\u00a0\u00a0\u00a0 PPG-Sportfest im Rhein-Neckar-Stadion, F\u00f6V \u00fcbernimmt die Bewirtung<\/p>\n<p><a href=\"http:\/\/ppg-foerderverein.de\/wp-content\/uploads\/2018\/03\/Scan_Pic0051-3.jpg\"><img loading=\"lazy\" decoding=\"async\" class=\"alignnone size-medium wp-image-1936\" src=\"http:\/\/ppg-foerderverein.de\/wp-content\/uploads\/2018\/03\/Scan_Pic0051-3-300x200.jpg\" alt=\"\" width=\"300\" height=\"200\" srcset=\"http:\/\/ppg-foerderverein.de\/wp-content\/uploads\/2018\/03\/Scan_Pic0051-3-300x200.jpg 300w, http:\/\/ppg-foerderverein.de\/wp-content\/uploads\/2018\/03\/Scan_Pic0051-3-624x416.jpg 624w, http:\/\/ppg-foerderverein.de\/wp-content\/uploads\/2018\/03\/Scan_Pic0051-3.jpg 732w\" sizes=\"auto, (max-width: 300px) 100vw, 300px\" \/><\/a> <a href=\"http:\/\/ppg-foerderverein.de\/wp-content\/uploads\/2018\/03\/Scan_Pic0053-3.jpg\"><img loading=\"lazy\" decoding=\"async\" class=\"alignnone size-medium wp-image-1938\" src=\"http:\/\/ppg-foerderverein.de\/wp-content\/uploads\/2018\/03\/Scan_Pic0053-3-300x200.jpg\" alt=\"\" width=\"300\" height=\"200\" srcset=\"http:\/\/ppg-foerderverein.de\/wp-content\/uploads\/2018\/03\/Scan_Pic0053-3-300x200.jpg 300w, http:\/\/ppg-foerderverein.de\/wp-content\/uploads\/2018\/03\/Scan_Pic0053-3.jpg 550w\" sizes=\"auto, (max-width: 300px) 100vw, 300px\" \/><\/a> <a href=\"http:\/\/ppg-foerderverein.de\/wp-content\/uploads\/2018\/03\/Scan_Pic0052-2.jpg\"><img loading=\"lazy\" decoding=\"async\" class=\"alignnone size-medium wp-image-1937\" src=\"http:\/\/ppg-foerderverein.de\/wp-content\/uploads\/2018\/03\/Scan_Pic0052-2-300x202.jpg\" alt=\"\" width=\"300\" height=\"202\" srcset=\"http:\/\/ppg-foerderverein.de\/wp-content\/uploads\/2018\/03\/Scan_Pic0052-2-300x202.jpg 300w, http:\/\/ppg-foerderverein.de\/wp-content\/uploads\/2018\/03\/Scan_Pic0052-2-768x516.jpg 768w, http:\/\/ppg-foerderverein.de\/wp-content\/uploads\/2018\/03\/Scan_Pic0052-2-624x420.jpg 624w, http:\/\/ppg-foerderverein.de\/wp-content\/uploads\/2018\/03\/Scan_Pic0052-2.jpg 855w\" sizes=\"auto, (max-width: 300px) 100vw, 300px\" \/><\/a><\/p>\n<p><a href=\"http:\/\/ppg-foerderverein.de\/wp-content\/uploads\/2018\/03\/Scan_Pic0050-3.jpg\"><img loading=\"lazy\" decoding=\"async\" class=\"alignnone size-medium wp-image-1939\" src=\"http:\/\/ppg-foerderverein.de\/wp-content\/uploads\/2018\/03\/Scan_Pic0050-3-240x300.jpg\" alt=\"\" width=\"240\" height=\"300\" srcset=\"http:\/\/ppg-foerderverein.de\/wp-content\/uploads\/2018\/03\/Scan_Pic0050-3-240x300.jpg 240w, http:\/\/ppg-foerderverein.de\/wp-content\/uploads\/2018\/03\/Scan_Pic0050-3-768x960.jpg 768w, http:\/\/ppg-foerderverein.de\/wp-content\/uploads\/2018\/03\/Scan_Pic0050-3-819x1024.jpg 819w, http:\/\/ppg-foerderverein.de\/wp-content\/uploads\/2018\/03\/Scan_Pic0050-3-624x780.jpg 624w, http:\/\/ppg-foerderverein.de\/wp-content\/uploads\/2018\/03\/Scan_Pic0050-3.jpg 1319w\" sizes=\"auto, (max-width: 240px) 100vw, 240px\" \/><\/a><\/p>\n<p>Sept. 1983\u00a0\u00a0\u00a0\u00a0\u00a0 Septembertreff<\/p>\n<p>Okt. 1983 \u00a0\u00a0\u00a0\u00a0\u00a0\u00a0 Herbstwanderung in der Pfalz \u2013 von der Villa Ludwigsh\u00f6he zur Siegfried-Schmiede (Ltg. Gerhard Diel, H.D. Eichler)<\/p>\n<p>Nov. 1983\u00a0\u00a0\u00a0\u00a0\u00a0\u00a0 Letzter Schulball im Franziskushaus Waldhof\u00a0 (Die Schulb\u00e4lle werden wegen hoher Saalmieten und Gagen sowie geringer Beteiligung eingestellt. Sie gehen zuk\u00fcnftig in den Abiturientenb\u00e4llen auf.)<\/p>\n<p>&nbsp;<\/p>\n","protected":false},"excerpt":{"rendered":"<p>Zu den mit * markierten Veranstaltungen finden Sie weitere Bilder im &#8222;Archiv Bildergalerie&#8220;. 1981 26.02.1981\u00a0\u00a0\u00a0\u00a0\u00a0 Schulfastnacht 06.06.1981\u00a0\u00a0\u00a0\u00a0\u00a0 Abiturientenball des 1. Abiturjahrgangs im Kulturhaus K\u00e4fertal mit Stargast Joy Fleming,\u00a0 (Bild: Helga Weber, Wolfgang Freundlich und Abiturientin Marion Servatius &#8211; von 1990 bis 2002 Schatzmeisterin des F\u00f6V)) Juni 1981 \u00a0 \u00a0 \u00a0 Erstes &#8222;Mathematisches Wochenende&#8220; im Rahmen [&hellip;]<\/p>\n","protected":false},"author":3,"featured_media":0,"parent":14,"menu_order":0,"comment_status":"closed","ping_status":"closed","template":"page-templates\/front-page.php","meta":{"footnotes":""},"class_list":["post-1717","page","type-page","status-publish","hentry"],"_links":{"self":[{"href":"http:\/\/ppg-foerderverein.de\/index.php?rest_route=\/wp\/v2\/pages\/1717","targetHints":{"allow":["GET"]}}],"collection":[{"href":"http:\/\/ppg-foerderverein.de\/index.php?rest_route=\/wp\/v2\/pages"}],"about":[{"href":"http:\/\/ppg-foerderverein.de\/index.php?rest_route=\/wp\/v2\/types\/page"}],"author":[{"embeddable":true,"href":"http:\/\/ppg-foerderverein.de\/index.php?rest_route=\/wp\/v2\/users\/3"}],"replies":[{"embeddable":true,"href":"http:\/\/ppg-foerderverein.de\/index.php?rest_route=%2Fwp%2Fv2%2Fcomments&post=1717"}],"version-history":[{"count":35,"href":"http:\/\/ppg-foerderverein.de\/index.php?rest_route=\/wp\/v2\/pages\/1717\/revisions"}],"predecessor-version":[{"id":2455,"href":"http:\/\/ppg-foerderverein.de\/index.php?rest_route=\/wp\/v2\/pages\/1717\/revisions\/2455"}],"up":[{"embeddable":true,"href":"http:\/\/ppg-foerderverein.de\/index.php?rest_route=\/wp\/v2\/pages\/14"}],"wp:attachment":[{"href":"http:\/\/ppg-foerderverein.de\/index.php?rest_route=%2Fwp%2Fv2%2Fmedia&parent=1717"}],"curies":[{"name":"wp","href":"https:\/\/api.w.org\/{rel}","templated":true}]}}