{"id":1338,"date":"2018-03-14T21:57:28","date_gmt":"2018-03-14T21:57:28","guid":{"rendered":"http:\/\/ppg-foerderverein.de\/?page_id=1338"},"modified":"2018-06-02T08:43:26","modified_gmt":"2018-06-02T08:43:26","slug":"2001-2010","status":"publish","type":"page","link":"http:\/\/ppg-foerderverein.de\/?page_id=1338","title":{"rendered":"2001 &#8211; 2010"},"content":{"rendered":"<hr \/>\n<p><a href=\"http:\/\/ppg-foerderverein.de\/wp-content\/uploads\/2018\/01\/2010-F\u00f6V-Herbstausflug-mit-dem-Kuckucksb\u00e4hnel.docx.pdf\">2010 F\u00f6V Herbstausflug mit dem Kuckucksb\u00e4hnel durch das Elmsteiner Tal<\/a><\/p>\n<p><a href=\"http:\/\/ppg-foerderverein.de\/wp-content\/uploads\/2018\/06\/2010-Tanzgala-beim-Schulfest.pdf\">2010 Tanzgala beim Sommerfest<\/a><\/p>\n<p><a href=\"http:\/\/ppg-foerderverein.de\/wp-content\/uploads\/2018\/05\/2010-Sommerfest.pdf\">2010 Sommerfest<\/a><\/p>\n<p><a href=\"http:\/\/ppg-foerderverein.de\/wp-content\/uploads\/2018\/05\/2010-60.-Geburtstag-Leichert.pdf\">2010 Dr. Ingo Leichert feiert 60. Geburtstag<\/a><\/p>\n<p><a href=\"http:\/\/ppg-foerderverein.de\/wp-content\/uploads\/2018\/06\/2010-Informationsabend.pdf\">2010 Informationsabend<\/a><\/p>\n<p><a href=\"http:\/\/ppg-foerderverein.de\/wp-content\/uploads\/2018\/06\/2010-Schulfastnacht.pdf\">2010 Schulfastnacht<\/a><\/p>\n<p><a href=\"http:\/\/ppg-foerderverein.de\/wp-content\/uploads\/2018\/06\/2009-Informationsabend.pdf\">2009 Informationsabend<\/a><\/p>\n<p><a href=\"http:\/\/ppg-foerderverein.de\/wp-content\/uploads\/2018\/06\/2009-Schulfastnacht.pdf\">2009 Schulfastnacht<\/a><\/p>\n<p><a href=\"http:\/\/ppg-foerderverein.de\/wp-content\/uploads\/2018\/02\/2008-Begr\u00fc\u00dfung-F\u00fcnftkl\u00e4ssler.pdf\">2008 Begr\u00fc\u00dfung der F\u00fcnftkl\u00e4ssler am ersten Schultag<\/a><\/p>\n<p><a href=\"http:\/\/ppg-foerderverein.de\/wp-content\/uploads\/2018\/01\/2007-Herbstausflug-Odenwald-Felsenmeer.docx.pdf\">2007 F\u00f6V Herbstwanderung zum Felsenmeer im Odenwald <\/a><\/p>\n<p><a href=\"http:\/\/ppg-foerderverein.de\/wp-content\/uploads\/2018\/05\/2007-Schulfest.pdf\">2007 Sommerfest<\/a><\/p>\n<p><a href=\"http:\/\/ppg-foerderverein.de\/wp-content\/uploads\/2018\/02\/2006-Sommerfest.pdf\">2006 Sommerfest, das erste Mal mit Begr\u00fc\u00dfung der k\u00fcnftigen F\u00fcnftkl\u00e4ssler<\/a><\/p>\n<p><a href=\"http:\/\/ppg-foerderverein.de\/wp-content\/uploads\/2018\/01\/2006-F\u00d6V-Ausflug-ins-Heimatmuseum-Sandhofen.pdf\">2006 F\u00d6V Kulturausflug ins Heimatmuseum Sandhofen<\/a><\/p>\n<p><a href=\"http:\/\/ppg-foerderverein.de\/wp-content\/uploads\/2018\/01\/2005-Herbstausflug-Drachenfels.pdf\">2005 F\u00f6V Herbstwanderung zum Drachenfels im Pf\u00e4lzerwald <\/a><\/p>\n<p><a href=\"http:\/\/ppg-foerderverein.de\/wp-content\/uploads\/2018\/01\/2005-Begr\u00fc\u00dfung-F\u00fcnftkl\u00e4ssler.pdf\">2005 Begr\u00fc\u00dfung der F\u00fcnftkl\u00e4ssler am ersten Schultag<\/a><\/p>\n<p><a href=\"http:\/\/ppg-foerderverein.de\/wp-content\/uploads\/2018\/01\/2005-Schulfest-.pdf\">2005 Schulfest, das erste Mal als Sommerfest<\/a><\/p>\n<p><a href=\"http:\/\/ppg-foerderverein.de\/wp-content\/uploads\/2018\/05\/2005-Stadtf\u00fchrung-Mannheimer-Unterwelt.pdf\">2005 F\u00f6V Stadtf\u00fchrung in der Mannheimer Unterwelt<\/a><\/p>\n","protected":false},"excerpt":{"rendered":"<p>2010 F\u00f6V Herbstausflug mit dem Kuckucksb\u00e4hnel durch das Elmsteiner Tal 2010 Tanzgala beim Sommerfest 2010 Sommerfest 2010 Dr. Ingo Leichert feiert 60. Geburtstag 2010 Informationsabend 2010 Schulfastnacht 2009 Informationsabend 2009 Schulfastnacht 2008 Begr\u00fc\u00dfung der F\u00fcnftkl\u00e4ssler am ersten Schultag 2007 F\u00f6V Herbstwanderung zum Felsenmeer im Odenwald 2007 Sommerfest 2006 Sommerfest, das erste Mal mit Begr\u00fc\u00dfung der [&hellip;]<\/p>\n","protected":false},"author":3,"featured_media":0,"parent":438,"menu_order":0,"comment_status":"closed","ping_status":"closed","template":"page-templates\/front-page.php","meta":{"footnotes":""},"class_list":["post-1338","page","type-page","status-publish","hentry"],"_links":{"self":[{"href":"http:\/\/ppg-foerderverein.de\/index.php?rest_route=\/wp\/v2\/pages\/1338","targetHints":{"allow":["GET"]}}],"collection":[{"href":"http:\/\/ppg-foerderverein.de\/index.php?rest_route=\/wp\/v2\/pages"}],"about":[{"href":"http:\/\/ppg-foerderverein.de\/index.php?rest_route=\/wp\/v2\/types\/page"}],"author":[{"embeddable":true,"href":"http:\/\/ppg-foerderverein.de\/index.php?rest_route=\/wp\/v2\/users\/3"}],"replies":[{"embeddable":true,"href":"http:\/\/ppg-foerderverein.de\/index.php?rest_route=%2Fwp%2Fv2%2Fcomments&post=1338"}],"version-history":[{"count":17,"href":"http:\/\/ppg-foerderverein.de\/index.php?rest_route=\/wp\/v2\/pages\/1338\/revisions"}],"predecessor-version":[{"id":2816,"href":"http:\/\/ppg-foerderverein.de\/index.php?rest_route=\/wp\/v2\/pages\/1338\/revisions\/2816"}],"up":[{"embeddable":true,"href":"http:\/\/ppg-foerderverein.de\/index.php?rest_route=\/wp\/v2\/pages\/438"}],"wp:attachment":[{"href":"http:\/\/ppg-foerderverein.de\/index.php?rest_route=%2Fwp%2Fv2%2Fmedia&parent=1338"}],"curies":[{"name":"wp","href":"https:\/\/api.w.org\/{rel}","templated":true}]}}